{"rendered_products_top":"<div id=\"js-product-list-top\" class=\"row products-selection\">\n  <div class=\"col-lg-5 hidden-sm-down total-products\">\n          <p>Hay 8 productos.<\/p>\n      <\/div>\n  <div class=\"col-lg-7\">\n    <div class=\"row sort-by-row\">\n      \n        <span class=\"col-sm-3 col-md-5 hidden-sm-down sort-by\">Ordenar por:<\/span>\n<div class=\"col-xs-12 col-sm-12 col-md-9 products-sort-order dropdown\">\n  <button\n    class=\"btn-unstyle select-title\"\n    rel=\"nofollow\"\n    data-toggle=\"dropdown\"\n    aria-label=\"Selector Ordenar por\"\n    aria-haspopup=\"true\"\n    aria-expanded=\"false\">\n    M\u00e1s nuevos    <i class=\"material-icons float-xs-right\">&#xE5C5;<\/i>\n  <\/button>\n  <div class=\"dropdown-menu\">\n          <a\n        rel=\"nofollow\"\n        href=\"https:\/\/ubikemotos.cl\/67-protecciones-piloto-calle?order=product.date_add.desc\"\n        class=\"select-list current js-search-link\"\n      >\n        M\u00e1s nuevos\n      <\/a>\n          <a\n        rel=\"nofollow\"\n        href=\"https:\/\/ubikemotos.cl\/67-protecciones-piloto-calle?order=product.random.desc\"\n        class=\"select-list js-search-link\"\n      >\n        Aleatorio\n      <\/a>\n          <a\n        rel=\"nofollow\"\n        href=\"https:\/\/ubikemotos.cl\/67-protecciones-piloto-calle?order=product.position.asc\"\n        class=\"select-list js-search-link\"\n      >\n        Relevancia\n      <\/a>\n          <a\n        rel=\"nofollow\"\n        href=\"https:\/\/ubikemotos.cl\/67-protecciones-piloto-calle?order=product.name.asc\"\n        class=\"select-list js-search-link\"\n      >\n        Nombre, A a Z\n      <\/a>\n          <a\n        rel=\"nofollow\"\n        href=\"https:\/\/ubikemotos.cl\/67-protecciones-piloto-calle?order=product.name.desc\"\n        class=\"select-list js-search-link\"\n      >\n        Nombre, Z a A\n      <\/a>\n          <a\n        rel=\"nofollow\"\n        href=\"https:\/\/ubikemotos.cl\/67-protecciones-piloto-calle?order=product.price.asc\"\n        class=\"select-list js-search-link\"\n      >\n        Menor Precio\n      <\/a>\n          <a\n        rel=\"nofollow\"\n        href=\"https:\/\/ubikemotos.cl\/67-protecciones-piloto-calle?order=product.price.desc\"\n        class=\"select-list js-search-link\"\n      >\n        Mayor Precio\n      <\/a>\n          <a\n        rel=\"nofollow\"\n        href=\"https:\/\/ubikemotos.cl\/67-protecciones-piloto-calle?order=product.quantity.desc\"\n        class=\"select-list js-search-link\"\n      >\n        Con disponibilidad\n      <\/a>\n          <a\n        rel=\"nofollow\"\n        href=\"https:\/\/ubikemotos.cl\/67-protecciones-piloto-calle?order=product.sales.desc\"\n        class=\"select-list js-search-link\"\n      >\n        M\u00e1s vendidos\n      <\/a>\n          <a\n        rel=\"nofollow\"\n        href=\"https:\/\/ubikemotos.cl\/67-protecciones-piloto-calle?order=product.sales.asc\"\n        class=\"select-list js-search-link\"\n      >\n        Lowest sales\n      <\/a>\n      <\/div>\n<\/div>\n      \n          <\/div>\n  <\/div>\n  <div class=\"col-sm-12 hidden-md-up text-sm-center showing\">\n    Mostrando 1-8 de 8 art\u00edculo(s)\n  <\/div>\n<\/div>\n","rendered_products":"<div id=\"js-product-list\">\n  \n  <script>\n  dataLayer.push({ ecommerce: null });  \/\/ Clear the previous ecommerce object.\n          dataLayer.push({\n            'ecommerce': {\n              'currencyCode': 'CLP',                       \/\/ Local currency is optional.\n              'impressions': [              {\n                'name': 'Protector Calzado Ixon',       \/\/ Name or ID is required.\n                'id': '6061240011001',\n                'price': '$12.900',\n                'brand': 'Ixon',\n                'category': 'Equipamiento',\n                'variant': 'Sin Variante',\n                'list': 'Search Results',\n                'position': '1'\n              },              {\n                'name': 'Protector Ixon Fanom Bfb2 Espalda',       \/\/ Name or ID is required.\n                'id': '604304016',\n                'price': '$56.900',\n                'brand': 'Ixon',\n                'category': 'Productos',\n                'variant': 'Sin Variante',\n                'list': 'Search Results',\n                'position': '2'\n              },              {\n                'name': 'Protector de espalda Nucleon Alpinestars KR-1 Back',       \/\/ Name or ID is required.\n                'id': '6504515',\n                'price': '$129.000',\n                'brand': 'Alpinestars',\n                'category': 'Productos',\n                'variant': 'Sin Variante',\n                'list': 'Search Results',\n                'position': '3'\n              },              {\n                'name': 'Protector de espalda Nucleon Alpinestars KR-R',       \/\/ Name or ID is required.\n                'id': '80-3610',\n                'price': '$144.900',\n                'brand': 'Alpinestars',\n                'category': 'Productos',\n                'variant': 'Sin Variante',\n                'list': 'Search Results',\n                'position': '4'\n              },              {\n                'name': 'Cuello Alpinestars Youth Neck Support',       \/\/ Name or ID is required.\n                'id': '6540118',\n                'price': '$179.000',\n                'brand': 'Alpinestars',\n                'category': 'Productos',\n                'variant': 'Sin Variante',\n                'list': 'Search Results',\n                'position': '5'\n              },              {\n                'name': 'Nucleon Alpinestars Kr Celli Transp Smk',       \/\/ Name or ID is required.\n                'id': '6503919',\n                'price': '$54.900',\n                'brand': 'Alpinestars',\n                'category': 'Productos',\n                'variant': 'Sin Variante',\n                'list': 'Search Results',\n                'position': '6'\n              },              {\n                'name': 'Nucleon Alpinestars Kr-1 Celli Smk',       \/\/ Name or ID is required.\n                'id': '6503919',\n                'price': '$64.900',\n                'brand': 'Alpinestars',\n                'category': 'Productos',\n                'variant': 'Sin Variante',\n                'list': 'Search Results',\n                'position': '7'\n              },              {\n                'name': 'Slider Ixon Race 2.0',       \/\/ Name or ID is required.\n                'id': '605304003',\n                'price': '$59.000',\n                'brand': 'Ixon',\n                'category': 'Productos',\n                'variant': 'Sin Variante',\n                'list': 'Search Results',\n                'position': '8'\n              },              ]\n            }\n          });\n  <\/script>\n  \n  <!---->\n\n<div class=\"products row\">\n            \t\n\n<script>\nfunction clickDataLayer(product_name, product_id, product_price, product_brand, product_category, product_combination, position, link) {\n  dataLayer.push({ ecommerce: null });  \/\/ Clear the previous ecommerce object.\n\n  dataLayer.push({\n    'event': 'productClick',\n    'ecommerce': {\n      'click': {\n        'actionField': {'list': 'Search Results'},      \/\/ Optional list property.\n        'products': [{\n          'name': product_name,                      \/\/ Name or ID is required.\n          'id': product_id,\n          'price': product_price,\n          'brand': product_brand,\n          'category': product_category,\n          'variant': product_combination,\n          'position': position\n         }]\n       }\n     },\n     'eventCallback': function() {\n       \/\/document.location = 'link';\n       \/\/console.log(dataLayer);\n      }\n  });\n}\n<\/script>\n\n<!--<div class=\"js-product product col-xs-6 col-xl-3\">-->\n<div class=\"product_show_grid \njs-product product \ncol-xs-6 col-sm-6 col-lg-4 col-xl-4 test\"\n>\n  \n  <article class=\"product-miniature js-product-miniature\" data-id-product=\"7585\" data-id-product-attribute=\"15969\">\n    <div class=\"thumbnail-container\">\n              <div class=\"thumbnail-top\">\n                \n                                <a href=\"https:\/\/ubikemotos.cl\/equipamiento\/7585-15969-protector-calzado-ixon#\/3-color-negro\/48-talla-tu\" class=\"thumbnail product-thumbnail has-multiple-images\">\n                  <picture class=\"image-first\">\n                    <img\n                      src=\"https:\/\/ubikemotos.cl\/29715-home_default\/protector-calzado-ixon.jpg\"\n                      alt=\"Protector Calzado Ixon\"\n                      loading=\"lazy\"\n                      width=\"250\"\n                      height=\"250\"\n                    \/>\n                  <\/picture>\n                  \n                  <!--sello cyber-black-->\n                                                                                                                                                                                                               <!--sello cyber-black-->\n                  \n\n                  \n                  <!--sello Oto\u00f1o\n                                                                                                                                                                                                               sello Oto\u00f1o-->\n                  \n                  <!--sello Invierno-->\n                                                                                                                                                                                                               <!--sello Invierno-->\n                  \n                                      <picture class=\"image-second\">\n                      <img\n                        src=\"https:\/\/ubikemotos.cl\/29716-home_default\/protector-calzado-ixon.jpg\"\n                        alt=\"Protector Calzado Ixon\"\n                        loading=\"lazy\"\n                        width=\"250\"\n                        height=\"250\"\n                      \/>\n                    <\/picture>\n                                  <\/a>\n                            \n              \n                \n                          <\/div>\n\n      <div class=\"product-description\">\n        \n                      <h2 class=\"h3 product-title\"><a href=\"https:\/\/ubikemotos.cl\/equipamiento\/7585-15969-protector-calzado-ixon#\/3-color-negro\/48-talla-tu\" content=\"https:\/\/ubikemotos.cl\/equipamiento\/7585-15969-protector-calzado-ixon#\/3-color-negro\/48-talla-tu\">Protector Calzado Ixon<\/a><\/h2>\n                  \n\n        \n                       \n                 <!---- <div class=\"brand-img\">\n                  <a href=\"https:\/\/ubikemotos.cl\/marcas\/ixon\">\n                    <img \n                      src=\"\/img\/m\/26-small_default.jpg\" \n                      alt=\"Ixon\" \n                      title=\"Ixon\" \n                      loading=\"lazy\"\n                      class=\"img img-thumbnail manufacturer-logo\"\n                    >\n                  <\/a>                \n                <\/div>-->  \n                <!--<a href=\"https:\/\/ubikemotos.cl\/marcas\/ixon\"><span style=\"font-weight:600\">Marca:<\/span> Ixon<\/a>-->\n                                \n              \n\n        \n                      <div class=\"product-price-and-shipping\">\n              \n              \n\n              <span class=\"price\" aria-label=\"Precio\">\n                                                  $12.900\n                              <\/span>\n\n              \n\n                            \n            <\/div>\n            \n                  \n\n        \n              \n        \n      <\/div>\n\n      <div class=\"vermasproductos\">\n        <a title=\"See more about Protector Calzado Ixon\" href=\"https:\/\/ubikemotos.cl\/equipamiento\/7585-15969-protector-calzado-ixon#\/3-color-negro\/48-talla-tu\" class=\"boton-agregar btn btn-primary add-to-cart\">Ver m\u00e1s\n                         <\/a>\n      <\/div>\n\n      \n    <ul class=\"product-flags js-product-flags\">\n            <\/ul>\n\n    <\/div>\n  <\/article>\n<\/div>\n\n            \t\n\n<script>\nfunction clickDataLayer(product_name, product_id, product_price, product_brand, product_category, product_combination, position, link) {\n  dataLayer.push({ ecommerce: null });  \/\/ Clear the previous ecommerce object.\n\n  dataLayer.push({\n    'event': 'productClick',\n    'ecommerce': {\n      'click': {\n        'actionField': {'list': 'Search Results'},      \/\/ Optional list property.\n        'products': [{\n          'name': product_name,                      \/\/ Name or ID is required.\n          'id': product_id,\n          'price': product_price,\n          'brand': product_brand,\n          'category': product_category,\n          'variant': product_combination,\n          'position': position\n         }]\n       }\n     },\n     'eventCallback': function() {\n       \/\/document.location = 'link';\n       \/\/console.log(dataLayer);\n      }\n  });\n}\n<\/script>\n\n<!--<div class=\"js-product product col-xs-6 col-xl-3\">-->\n<div class=\"product_show_grid \njs-product product \ncol-xs-6 col-sm-6 col-lg-4 col-xl-4 test\"\n>\n  \n  <article class=\"product-miniature js-product-miniature\" data-id-product=\"7496\" data-id-product-attribute=\"15540\">\n    <div class=\"thumbnail-container\">\n              <div class=\"thumbnail-top\">\n                \n                                <a href=\"https:\/\/ubikemotos.cl\/productos\/7496-15540-protector-ixon-fanom-bfb2-espalda#\/16-talla-md\/233-color-verde_claro\" class=\"thumbnail product-thumbnail single-image\">\n                  <picture class=\"image-first\">\n                    <img\n                      src=\"https:\/\/ubikemotos.cl\/28635-home_default\/protector-ixon-fanom-bfb2-espalda.jpg\"\n                      alt=\"Protector Ixon Fanom Bfb2 Espalda\"\n                      loading=\"lazy\"\n                      width=\"250\"\n                      height=\"250\"\n                    \/>\n                  <\/picture>\n                  \n                  <!--sello cyber-black-->\n                                                                                                                                                                                                                                                     <!--sello cyber-black-->\n                  \n\n                  \n                  <!--sello Oto\u00f1o\n                                                                                                                                                                                                                                                     sello Oto\u00f1o-->\n                  \n                  <!--sello Invierno-->\n                                                                                                                                                                                                                                                     <!--sello Invierno-->\n                  \n                                  <\/a>\n                            \n              \n                \n                          <\/div>\n\n      <div class=\"product-description\">\n        \n                      <h2 class=\"h3 product-title\"><a href=\"https:\/\/ubikemotos.cl\/productos\/7496-15540-protector-ixon-fanom-bfb2-espalda#\/16-talla-md\/233-color-verde_claro\" content=\"https:\/\/ubikemotos.cl\/productos\/7496-15540-protector-ixon-fanom-bfb2-espalda#\/16-talla-md\/233-color-verde_claro\">Protector Ixon Fanom Bfb2 Espalda<\/a><\/h2>\n                  \n\n        \n                       \n                 <!---- <div class=\"brand-img\">\n                  <a href=\"https:\/\/ubikemotos.cl\/marcas\/ixon\">\n                    <img \n                      src=\"\/img\/m\/26-small_default.jpg\" \n                      alt=\"Ixon\" \n                      title=\"Ixon\" \n                      loading=\"lazy\"\n                      class=\"img img-thumbnail manufacturer-logo\"\n                    >\n                  <\/a>                \n                <\/div>-->  \n                <!--<a href=\"https:\/\/ubikemotos.cl\/marcas\/ixon\"><span style=\"font-weight:600\">Marca:<\/span> Ixon<\/a>-->\n                                \n              \n\n        \n                      <div class=\"product-price-and-shipping\">\n              \n              \n\n              <span class=\"price\" aria-label=\"Precio\">\n                                                  $56.900\n                              <\/span>\n\n              \n\n                            \n            <\/div>\n            \n                  \n\n        \n              \n        \n      <\/div>\n\n      <div class=\"vermasproductos\">\n        <a title=\"See more about Protector Ixon Fanom Bfb2 Espalda\" href=\"https:\/\/ubikemotos.cl\/productos\/7496-15540-protector-ixon-fanom-bfb2-espalda#\/16-talla-md\/233-color-verde_claro\" class=\"boton-agregar btn btn-primary add-to-cart\">Ver m\u00e1s\n                         <\/a>\n      <\/div>\n\n      \n    <ul class=\"product-flags js-product-flags\">\n            <\/ul>\n\n    <\/div>\n  <\/article>\n<\/div>\n\n            \t\n\n<script>\nfunction clickDataLayer(product_name, product_id, product_price, product_brand, product_category, product_combination, position, link) {\n  dataLayer.push({ ecommerce: null });  \/\/ Clear the previous ecommerce object.\n\n  dataLayer.push({\n    'event': 'productClick',\n    'ecommerce': {\n      'click': {\n        'actionField': {'list': 'Search Results'},      \/\/ Optional list property.\n        'products': [{\n          'name': product_name,                      \/\/ Name or ID is required.\n          'id': product_id,\n          'price': product_price,\n          'brand': product_brand,\n          'category': product_category,\n          'variant': product_combination,\n          'position': position\n         }]\n       }\n     },\n     'eventCallback': function() {\n       \/\/document.location = 'link';\n       \/\/console.log(dataLayer);\n      }\n  });\n}\n<\/script>\n\n<!--<div class=\"js-product product col-xs-6 col-xl-3\">-->\n<div class=\"product_show_grid \njs-product product \ncol-xs-6 col-sm-6 col-lg-4 col-xl-4 test\"\n>\n  \n  <article class=\"product-miniature js-product-miniature\" data-id-product=\"5399\" data-id-product-attribute=\"7725\">\n    <div class=\"thumbnail-container\">\n              <div class=\"thumbnail-top\">\n                \n                                <a href=\"https:\/\/ubikemotos.cl\/productos\/5399-7725-protector-de-espalda-nucleon-alpinestars-kr-1-back#\/2-talla-l\/54-color-negro_rojo\" class=\"thumbnail product-thumbnail single-image\">\n                  <picture class=\"image-first\">\n                    <img\n                      src=\"https:\/\/ubikemotos.cl\/14127-home_default\/protector-de-espalda-nucleon-alpinestars-kr-1-back.jpg\"\n                      alt=\"Protector de espalda Nucleon Alpinestars KR-1 Back\"\n                      loading=\"lazy\"\n                      width=\"250\"\n                      height=\"250\"\n                    \/>\n                  <\/picture>\n                  \n                  <!--sello cyber-black-->\n                                                                                                                                                                                                                                                     <!--sello cyber-black-->\n                  \n\n                  \n                  <!--sello Oto\u00f1o\n                                                                                                                                                                                                                                                     sello Oto\u00f1o-->\n                  \n                  <!--sello Invierno-->\n                                                                                                                                                                                                                                                     <!--sello Invierno-->\n                  \n                                  <\/a>\n                            \n              \n                \n                          <\/div>\n\n      <div class=\"product-description\">\n        \n                      <h2 class=\"h3 product-title\"><a href=\"https:\/\/ubikemotos.cl\/productos\/5399-7725-protector-de-espalda-nucleon-alpinestars-kr-1-back#\/2-talla-l\/54-color-negro_rojo\" content=\"https:\/\/ubikemotos.cl\/productos\/5399-7725-protector-de-espalda-nucleon-alpinestars-kr-1-back#\/2-talla-l\/54-color-negro_rojo\">Protector de espalda Nucleon Alpinestars KR-1 Back<\/a><\/h2>\n                  \n\n        \n                       \n                 <!---- <div class=\"brand-img\">\n                  <a href=\"https:\/\/ubikemotos.cl\/marcas\/alpinestars\">\n                    <img \n                      src=\"\/img\/m\/6-small_default.jpg\" \n                      alt=\"Alpinestars\" \n                      title=\"Alpinestars\" \n                      loading=\"lazy\"\n                      class=\"img img-thumbnail manufacturer-logo\"\n                    >\n                  <\/a>                \n                <\/div>-->  \n                <!--<a href=\"https:\/\/ubikemotos.cl\/marcas\/alpinestars\"><span style=\"font-weight:600\">Marca:<\/span> Alpinestars<\/a>-->\n                                \n              \n\n        \n                      <div class=\"product-price-and-shipping\">\n              \n              \n\n              <span class=\"price\" aria-label=\"Precio\">\n                                                  $129.000\n                              <\/span>\n\n              \n\n                            \n            <\/div>\n            \n                  \n\n        \n              \n        \n      <\/div>\n\n      <div class=\"vermasproductos\">\n        <a title=\"See more about Protector de espalda Nucleon Alpinestars KR-1 Back\" href=\"https:\/\/ubikemotos.cl\/productos\/5399-7725-protector-de-espalda-nucleon-alpinestars-kr-1-back#\/2-talla-l\/54-color-negro_rojo\" class=\"boton-agregar btn btn-primary add-to-cart\">Ver m\u00e1s\n                         <\/a>\n      <\/div>\n\n      \n    <ul class=\"product-flags js-product-flags\">\n                    <li class=\"product-flag out_of_stock\"><\/li>\n            <\/ul>\n\n    <\/div>\n  <\/article>\n<\/div>\n\n            \t\n\n<script>\nfunction clickDataLayer(product_name, product_id, product_price, product_brand, product_category, product_combination, position, link) {\n  dataLayer.push({ ecommerce: null });  \/\/ Clear the previous ecommerce object.\n\n  dataLayer.push({\n    'event': 'productClick',\n    'ecommerce': {\n      'click': {\n        'actionField': {'list': 'Search Results'},      \/\/ Optional list property.\n        'products': [{\n          'name': product_name,                      \/\/ Name or ID is required.\n          'id': product_id,\n          'price': product_price,\n          'brand': product_brand,\n          'category': product_category,\n          'variant': product_combination,\n          'position': position\n         }]\n       }\n     },\n     'eventCallback': function() {\n       \/\/document.location = 'link';\n       \/\/console.log(dataLayer);\n      }\n  });\n}\n<\/script>\n\n<!--<div class=\"js-product product col-xs-6 col-xl-3\">-->\n<div class=\"product_show_grid \njs-product product \ncol-xs-6 col-sm-6 col-lg-4 col-xl-4 test\"\n>\n  \n  <article class=\"product-miniature js-product-miniature\" data-id-product=\"5400\" data-id-product-attribute=\"7723\">\n    <div class=\"thumbnail-container\">\n              <div class=\"thumbnail-top\">\n                \n                                <a href=\"https:\/\/ubikemotos.cl\/productos\/5400-7723-protector-de-espalda-nucleon-alpinestars-kr-r#\/6-talla-xl\/62-color-negro_blanco_amarillo\" class=\"thumbnail product-thumbnail single-image\">\n                  <picture class=\"image-first\">\n                    <img\n                      src=\"https:\/\/ubikemotos.cl\/14124-home_default\/protector-de-espalda-nucleon-alpinestars-kr-r.jpg\"\n                      alt=\"Protector de espalda Nucleon Alpinestars KR-R\"\n                      loading=\"lazy\"\n                      width=\"250\"\n                      height=\"250\"\n                    \/>\n                  <\/picture>\n                  \n                  <!--sello cyber-black-->\n                                                                                                                                                                                                                                                     <!--sello cyber-black-->\n                  \n\n                  \n                  <!--sello Oto\u00f1o\n                                                                                                                                                                                                                                                     sello Oto\u00f1o-->\n                  \n                  <!--sello Invierno-->\n                                                                                                                                                                                                                                                     <!--sello Invierno-->\n                  \n                                  <\/a>\n                            \n              \n                \n                          <\/div>\n\n      <div class=\"product-description\">\n        \n                      <h2 class=\"h3 product-title\"><a href=\"https:\/\/ubikemotos.cl\/productos\/5400-7723-protector-de-espalda-nucleon-alpinestars-kr-r#\/6-talla-xl\/62-color-negro_blanco_amarillo\" content=\"https:\/\/ubikemotos.cl\/productos\/5400-7723-protector-de-espalda-nucleon-alpinestars-kr-r#\/6-talla-xl\/62-color-negro_blanco_amarillo\">Protector de espalda Nucleon Alpinestars KR-R<\/a><\/h2>\n                  \n\n        \n                       \n                 <!---- <div class=\"brand-img\">\n                  <a href=\"https:\/\/ubikemotos.cl\/marcas\/alpinestars\">\n                    <img \n                      src=\"\/img\/m\/6-small_default.jpg\" \n                      alt=\"Alpinestars\" \n                      title=\"Alpinestars\" \n                      loading=\"lazy\"\n                      class=\"img img-thumbnail manufacturer-logo\"\n                    >\n                  <\/a>                \n                <\/div>-->  \n                <!--<a href=\"https:\/\/ubikemotos.cl\/marcas\/alpinestars\"><span style=\"font-weight:600\">Marca:<\/span> Alpinestars<\/a>-->\n                                \n              \n\n        \n                      <div class=\"product-price-and-shipping\">\n              \n              \n\n              <span class=\"price\" aria-label=\"Precio\">\n                                                  $144.900\n                              <\/span>\n\n              \n\n                            \n            <\/div>\n            \n                  \n\n        \n              \n        \n      <\/div>\n\n      <div class=\"vermasproductos\">\n        <a title=\"See more about Protector de espalda Nucleon Alpinestars KR-R\" href=\"https:\/\/ubikemotos.cl\/productos\/5400-7723-protector-de-espalda-nucleon-alpinestars-kr-r#\/6-talla-xl\/62-color-negro_blanco_amarillo\" class=\"boton-agregar btn btn-primary add-to-cart\">Ver m\u00e1s\n                         <\/a>\n      <\/div>\n\n      \n    <ul class=\"product-flags js-product-flags\">\n                    <li class=\"product-flag out_of_stock\"><\/li>\n            <\/ul>\n\n    <\/div>\n  <\/article>\n<\/div>\n\n            \t\n\n<script>\nfunction clickDataLayer(product_name, product_id, product_price, product_brand, product_category, product_combination, position, link) {\n  dataLayer.push({ ecommerce: null });  \/\/ Clear the previous ecommerce object.\n\n  dataLayer.push({\n    'event': 'productClick',\n    'ecommerce': {\n      'click': {\n        'actionField': {'list': 'Search Results'},      \/\/ Optional list property.\n        'products': [{\n          'name': product_name,                      \/\/ Name or ID is required.\n          'id': product_id,\n          'price': product_price,\n          'brand': product_brand,\n          'category': product_category,\n          'variant': product_combination,\n          'position': position\n         }]\n       }\n     },\n     'eventCallback': function() {\n       \/\/document.location = 'link';\n       \/\/console.log(dataLayer);\n      }\n  });\n}\n<\/script>\n\n<!--<div class=\"js-product product col-xs-6 col-xl-3\">-->\n<div class=\"product_show_grid \njs-product product \ncol-xs-6 col-sm-6 col-lg-4 col-xl-4 test\"\n>\n  \n  <article class=\"product-miniature js-product-miniature\" data-id-product=\"6111\" data-id-product-attribute=\"4851\">\n    <div class=\"thumbnail-container\">\n              <div class=\"thumbnail-top\">\n                \n                                <a href=\"https:\/\/ubikemotos.cl\/productos\/6111-4851-cuello-alpinestars-youth-neck-support#\/49-color-negro_amarillo\/158-talla-talla_unica\" class=\"thumbnail product-thumbnail has-multiple-images\">\n                  <picture class=\"image-first\">\n                    <img\n                      src=\"https:\/\/ubikemotos.cl\/9729-home_default\/cuello-alpinestars-youth-neck-support.jpg\"\n                      alt=\"Cuello Alpinestars Youth Neck Support\"\n                      loading=\"lazy\"\n                      width=\"250\"\n                      height=\"250\"\n                    \/>\n                  <\/picture>\n                  \n                  <!--sello cyber-black-->\n                                                                                                                                                                                                                                                     <!--sello cyber-black-->\n                  \n\n                  \n                  <!--sello Oto\u00f1o\n                                                                                                                                                                                                                                                     sello Oto\u00f1o-->\n                  \n                  <!--sello Invierno-->\n                                                                                                                                                                                                                                                     <!--sello Invierno-->\n                  \n                                      <picture class=\"image-second\">\n                      <img\n                        src=\"https:\/\/ubikemotos.cl\/19328-home_default\/cuello-alpinestars-youth-neck-support.jpg\"\n                        alt=\"Cuello Alpinestars Youth Neck Support\"\n                        loading=\"lazy\"\n                        width=\"250\"\n                        height=\"250\"\n                      \/>\n                    <\/picture>\n                                  <\/a>\n                            \n              \n                \n                          <\/div>\n\n      <div class=\"product-description\">\n        \n                      <h2 class=\"h3 product-title\"><a href=\"https:\/\/ubikemotos.cl\/productos\/6111-4851-cuello-alpinestars-youth-neck-support#\/49-color-negro_amarillo\/158-talla-talla_unica\" content=\"https:\/\/ubikemotos.cl\/productos\/6111-4851-cuello-alpinestars-youth-neck-support#\/49-color-negro_amarillo\/158-talla-talla_unica\">Cuello Alpinestars Youth Neck Support<\/a><\/h2>\n                  \n\n        \n                       \n                 <!---- <div class=\"brand-img\">\n                  <a href=\"https:\/\/ubikemotos.cl\/marcas\/alpinestars\">\n                    <img \n                      src=\"\/img\/m\/6-small_default.jpg\" \n                      alt=\"Alpinestars\" \n                      title=\"Alpinestars\" \n                      loading=\"lazy\"\n                      class=\"img img-thumbnail manufacturer-logo\"\n                    >\n                  <\/a>                \n                <\/div>-->  \n                <!--<a href=\"https:\/\/ubikemotos.cl\/marcas\/alpinestars\"><span style=\"font-weight:600\">Marca:<\/span> Alpinestars<\/a>-->\n                                \n              \n\n        \n                      <div class=\"product-price-and-shipping\">\n              \n              \n\n              <span class=\"price\" aria-label=\"Precio\">\n                                                  $179.000\n                              <\/span>\n\n              \n\n                            \n            <\/div>\n            \n                  \n\n        \n              \n        \n      <\/div>\n\n      <div class=\"vermasproductos\">\n        <a title=\"See more about Cuello Alpinestars Youth Neck Support\" href=\"https:\/\/ubikemotos.cl\/productos\/6111-4851-cuello-alpinestars-youth-neck-support#\/49-color-negro_amarillo\/158-talla-talla_unica\" class=\"boton-agregar btn btn-primary add-to-cart\">Ver m\u00e1s\n                         <\/a>\n      <\/div>\n\n      \n    <ul class=\"product-flags js-product-flags\">\n                    <li class=\"product-flag out_of_stock\"><\/li>\n            <\/ul>\n\n    <\/div>\n  <\/article>\n<\/div>\n\n            \t\n\n<script>\nfunction clickDataLayer(product_name, product_id, product_price, product_brand, product_category, product_combination, position, link) {\n  dataLayer.push({ ecommerce: null });  \/\/ Clear the previous ecommerce object.\n\n  dataLayer.push({\n    'event': 'productClick',\n    'ecommerce': {\n      'click': {\n        'actionField': {'list': 'Search Results'},      \/\/ Optional list property.\n        'products': [{\n          'name': product_name,                      \/\/ Name or ID is required.\n          'id': product_id,\n          'price': product_price,\n          'brand': product_brand,\n          'category': product_category,\n          'variant': product_combination,\n          'position': position\n         }]\n       }\n     },\n     'eventCallback': function() {\n       \/\/document.location = 'link';\n       \/\/console.log(dataLayer);\n      }\n  });\n}\n<\/script>\n\n<!--<div class=\"js-product product col-xs-6 col-xl-3\">-->\n<div class=\"product_show_grid \njs-product product \ncol-xs-6 col-sm-6 col-lg-4 col-xl-4 test\"\n>\n  \n  <article class=\"product-miniature js-product-miniature\" data-id-product=\"6382\" data-id-product-attribute=\"3102\">\n    <div class=\"thumbnail-container\">\n              <div class=\"thumbnail-top\">\n                \n                                <a href=\"https:\/\/ubikemotos.cl\/productos\/6382-3102-nucleon-alpinestars-kr-celli-transp-smk#\/2-talla-l\/3-color-negro\" class=\"thumbnail product-thumbnail single-image\">\n                  <picture class=\"image-first\">\n                    <img\n                      src=\"https:\/\/ubikemotos.cl\/7843-home_default\/nucleon-alpinestars-kr-celli-transp-smk.jpg\"\n                      alt=\"Nucleon Alpinestars Kr Celli Transp Smk\"\n                      loading=\"lazy\"\n                      width=\"250\"\n                      height=\"250\"\n                    \/>\n                  <\/picture>\n                  \n                  <!--sello cyber-black-->\n                                                                                                                                                                                                                                                     <!--sello cyber-black-->\n                  \n\n                  \n                  <!--sello Oto\u00f1o\n                                                                                                                                                                                                                                                     sello Oto\u00f1o-->\n                  \n                  <!--sello Invierno-->\n                                                                                                                                                                                                                                                     <!--sello Invierno-->\n                  \n                                  <\/a>\n                            \n              \n                \n                          <\/div>\n\n      <div class=\"product-description\">\n        \n                      <h2 class=\"h3 product-title\"><a href=\"https:\/\/ubikemotos.cl\/productos\/6382-3102-nucleon-alpinestars-kr-celli-transp-smk#\/2-talla-l\/3-color-negro\" content=\"https:\/\/ubikemotos.cl\/productos\/6382-3102-nucleon-alpinestars-kr-celli-transp-smk#\/2-talla-l\/3-color-negro\">Nucleon Alpinestars Kr Celli Transp Smk<\/a><\/h2>\n                  \n\n        \n                       \n                 <!---- <div class=\"brand-img\">\n                  <a href=\"https:\/\/ubikemotos.cl\/marcas\/alpinestars\">\n                    <img \n                      src=\"\/img\/m\/6-small_default.jpg\" \n                      alt=\"Alpinestars\" \n                      title=\"Alpinestars\" \n                      loading=\"lazy\"\n                      class=\"img img-thumbnail manufacturer-logo\"\n                    >\n                  <\/a>                \n                <\/div>-->  \n                <!--<a href=\"https:\/\/ubikemotos.cl\/marcas\/alpinestars\"><span style=\"font-weight:600\">Marca:<\/span> Alpinestars<\/a>-->\n                                \n              \n\n        \n                      <div class=\"product-price-and-shipping\">\n              \n              \n\n              <span class=\"price\" aria-label=\"Precio\">\n                                                  $54.900\n                              <\/span>\n\n              \n\n                            \n            <\/div>\n            \n                  \n\n        \n              \n        \n      <\/div>\n\n      <div class=\"vermasproductos\">\n        <a title=\"See more about Nucleon Alpinestars Kr Celli Transp Smk\" href=\"https:\/\/ubikemotos.cl\/productos\/6382-3102-nucleon-alpinestars-kr-celli-transp-smk#\/2-talla-l\/3-color-negro\" class=\"boton-agregar btn btn-primary add-to-cart\">Ver m\u00e1s\n                         <\/a>\n      <\/div>\n\n      \n    <ul class=\"product-flags js-product-flags\">\n            <\/ul>\n\n    <\/div>\n  <\/article>\n<\/div>\n\n            \t\n\n<script>\nfunction clickDataLayer(product_name, product_id, product_price, product_brand, product_category, product_combination, position, link) {\n  dataLayer.push({ ecommerce: null });  \/\/ Clear the previous ecommerce object.\n\n  dataLayer.push({\n    'event': 'productClick',\n    'ecommerce': {\n      'click': {\n        'actionField': {'list': 'Search Results'},      \/\/ Optional list property.\n        'products': [{\n          'name': product_name,                      \/\/ Name or ID is required.\n          'id': product_id,\n          'price': product_price,\n          'brand': product_brand,\n          'category': product_category,\n          'variant': product_combination,\n          'position': position\n         }]\n       }\n     },\n     'eventCallback': function() {\n       \/\/document.location = 'link';\n       \/\/console.log(dataLayer);\n      }\n  });\n}\n<\/script>\n\n<!--<div class=\"js-product product col-xs-6 col-xl-3\">-->\n<div class=\"product_show_grid \njs-product product \ncol-xs-6 col-sm-6 col-lg-4 col-xl-4 test\"\n>\n  \n  <article class=\"product-miniature js-product-miniature\" data-id-product=\"6383\" data-id-product-attribute=\"0\">\n    <div class=\"thumbnail-container\">\n              <div class=\"thumbnail-top\">\n                \n                                <a href=\"https:\/\/ubikemotos.cl\/productos\/6383-nucleon-alpinestars-kr-1-celli-smk\" class=\"thumbnail product-thumbnail single-image\">\n                  <picture class=\"image-first\">\n                    <img\n                      src=\"https:\/\/ubikemotos.cl\/20156-home_default\/nucleon-alpinestars-kr-1-celli-smk.jpg\"\n                      alt=\"Nucleon Alpinestars Kr-1 Celli Smk\"\n                      loading=\"lazy\"\n                      width=\"250\"\n                      height=\"250\"\n                    \/>\n                  <\/picture>\n                  \n                  <!--sello cyber-black-->\n                                                                                                                                                                                                                                                     <!--sello cyber-black-->\n                  \n\n                  \n                  <!--sello Oto\u00f1o\n                                                                                                                                                                                                                                                     sello Oto\u00f1o-->\n                  \n                  <!--sello Invierno-->\n                                                                                                                                                                                                                                                     <!--sello Invierno-->\n                  \n                                  <\/a>\n                            \n              \n                \n                          <\/div>\n\n      <div class=\"product-description\">\n        \n                      <h2 class=\"h3 product-title\"><a href=\"https:\/\/ubikemotos.cl\/productos\/6383-nucleon-alpinestars-kr-1-celli-smk\" content=\"https:\/\/ubikemotos.cl\/productos\/6383-nucleon-alpinestars-kr-1-celli-smk\">Nucleon Alpinestars Kr-1 Celli Smk<\/a><\/h2>\n                  \n\n        \n                       \n                 <!---- <div class=\"brand-img\">\n                  <a href=\"https:\/\/ubikemotos.cl\/marcas\/alpinestars\">\n                    <img \n                      src=\"\/img\/m\/6-small_default.jpg\" \n                      alt=\"Alpinestars\" \n                      title=\"Alpinestars\" \n                      loading=\"lazy\"\n                      class=\"img img-thumbnail manufacturer-logo\"\n                    >\n                  <\/a>                \n                <\/div>-->  \n                <!--<a href=\"https:\/\/ubikemotos.cl\/marcas\/alpinestars\"><span style=\"font-weight:600\">Marca:<\/span> Alpinestars<\/a>-->\n                                \n              \n\n        \n                      <div class=\"product-price-and-shipping\">\n              \n              \n\n              <span class=\"price\" aria-label=\"Precio\">\n                                                  $64.900\n                              <\/span>\n\n              \n\n                            \n            <\/div>\n            \n                  \n\n        \n              \n        \n      <\/div>\n\n      <div class=\"vermasproductos\">\n        <a title=\"See more about Nucleon Alpinestars Kr-1 Celli Smk\" href=\"https:\/\/ubikemotos.cl\/productos\/6383-nucleon-alpinestars-kr-1-celli-smk\" class=\"boton-agregar btn btn-primary add-to-cart\">Ver m\u00e1s\n                         <\/a>\n      <\/div>\n\n      \n    <ul class=\"product-flags js-product-flags\">\n                    <li class=\"product-flag out_of_stock\"><\/li>\n            <\/ul>\n\n    <\/div>\n  <\/article>\n<\/div>\n\n            \t\n\n<script>\nfunction clickDataLayer(product_name, product_id, product_price, product_brand, product_category, product_combination, position, link) {\n  dataLayer.push({ ecommerce: null });  \/\/ Clear the previous ecommerce object.\n\n  dataLayer.push({\n    'event': 'productClick',\n    'ecommerce': {\n      'click': {\n        'actionField': {'list': 'Search Results'},      \/\/ Optional list property.\n        'products': [{\n          'name': product_name,                      \/\/ Name or ID is required.\n          'id': product_id,\n          'price': product_price,\n          'brand': product_brand,\n          'category': product_category,\n          'variant': product_combination,\n          'position': position\n         }]\n       }\n     },\n     'eventCallback': function() {\n       \/\/document.location = 'link';\n       \/\/console.log(dataLayer);\n      }\n  });\n}\n<\/script>\n\n<!--<div class=\"js-product product col-xs-6 col-xl-3\">-->\n<div class=\"product_show_grid \njs-product product \ncol-xs-6 col-sm-6 col-lg-4 col-xl-4 test\"\n>\n  \n  <article class=\"product-miniature js-product-miniature\" data-id-product=\"6870\" data-id-product-attribute=\"198\">\n    <div class=\"thumbnail-container\">\n              <div class=\"thumbnail-top\">\n                \n                                <a href=\"https:\/\/ubikemotos.cl\/productos\/6870-198-slider-ixon-race-20#\/21-color-negro_blanco\/48-talla-tu\" class=\"thumbnail product-thumbnail single-image\">\n                  <picture class=\"image-first\">\n                    <img\n                      src=\"https:\/\/ubikemotos.cl\/1643-home_default\/slider-ixon-race-20.jpg\"\n                      alt=\"Slider Ixon Race 2.0\"\n                      loading=\"lazy\"\n                      width=\"250\"\n                      height=\"250\"\n                    \/>\n                  <\/picture>\n                  \n                  <!--sello cyber-black-->\n                                                                                                                                                                                                                                                     <!--sello cyber-black-->\n                  \n\n                  \n                  <!--sello Oto\u00f1o\n                                                                                                                                                                                                                                                     sello Oto\u00f1o-->\n                  \n                  <!--sello Invierno-->\n                                                                                                                                                                                                                                                     <!--sello Invierno-->\n                  \n                                  <\/a>\n                            \n              \n                \n                          <\/div>\n\n      <div class=\"product-description\">\n        \n                      <h2 class=\"h3 product-title\"><a href=\"https:\/\/ubikemotos.cl\/productos\/6870-198-slider-ixon-race-20#\/21-color-negro_blanco\/48-talla-tu\" content=\"https:\/\/ubikemotos.cl\/productos\/6870-198-slider-ixon-race-20#\/21-color-negro_blanco\/48-talla-tu\">Slider Ixon Race 2.0<\/a><\/h2>\n                  \n\n        \n                       \n                 <!---- <div class=\"brand-img\">\n                  <a href=\"https:\/\/ubikemotos.cl\/marcas\/ixon\">\n                    <img \n                      src=\"\/img\/m\/26-small_default.jpg\" \n                      alt=\"Ixon\" \n                      title=\"Ixon\" \n                      loading=\"lazy\"\n                      class=\"img img-thumbnail manufacturer-logo\"\n                    >\n                  <\/a>                \n                <\/div>-->  \n                <!--<a href=\"https:\/\/ubikemotos.cl\/marcas\/ixon\"><span style=\"font-weight:600\">Marca:<\/span> Ixon<\/a>-->\n                                \n              \n\n        \n                      <div class=\"product-price-and-shipping\">\n              \n              \n\n              <span class=\"price\" aria-label=\"Precio\">\n                                                  $59.000\n                              <\/span>\n\n              \n\n                            \n            <\/div>\n            \n                  \n\n        \n              \n        \n      <\/div>\n\n      <div class=\"vermasproductos\">\n        <a title=\"See more about Slider Ixon Race 2.0\" href=\"https:\/\/ubikemotos.cl\/productos\/6870-198-slider-ixon-race-20#\/21-color-negro_blanco\/48-talla-tu\" class=\"boton-agregar btn btn-primary add-to-cart\">Ver m\u00e1s\n                         <\/a>\n      <\/div>\n\n      \n    <ul class=\"product-flags js-product-flags\">\n            <\/ul>\n\n    <\/div>\n  <\/article>\n<\/div>\n\n    <\/div>\n <div style=\"visibility: hidden\"><span><\/span><\/div>\n  \n    <div style=\"visibility: hidden\"><span><\/span><\/div>\n    <nav class=\"pagination\">\n  <div class=\"col-md-4\">\n    \n      Mostrando 1-8 de 8 art\u00edculo(s)\n    \n  <\/div>\n\n  <div class=\"col-md-6 offset-md-2 pr-0\">\n    \n         \n  <\/div>\n\n<\/nav>\n  \n\n  <div class=\"hidden-md-up text-xs-right up\">\n    <a href=\"#header\" class=\"btn btn-secondary\">\n      Volver arriba\n      <i class=\"material-icons\">&#xE316;<\/i>\n    <\/a>\n  <\/div>\n<\/div>\n","rendered_products_bottom":"<div id=\"js-product-list-bottom\"><\/div>\n","result":{},"label":"Categor\u00eda: Protecciones","products":[{"add_to_cart_url":"https:\/\/ubikemotos.cl\/carrito?add=1&id_product=7585&id_product_attribute=15969","url":"https:\/\/ubikemotos.cl\/equipamiento\/7585-15969-protector-calzado-ixon#\/3-color-negro\/48-talla-tu","canonical_url":"https:\/\/ubikemotos.cl\/equipamiento\/7585-protector-calzado-ixon","labels":{"tax_short":"(impuestos excl.)","tax_long":"Impuestos excluidos"},"main_variants":[{"id_product_attribute":15969,"texture":"","id_product":7585,"name":"Negro","id_attribute":3,"add_to_cart_url":"https:\/\/ubikemotos.cl\/carrito?add=1&id_product=7585&id_product_attribute=15969","url":"https:\/\/ubikemotos.cl\/equipamiento\/7585-15969-protector-calzado-ixon#\/3-color-negro\/48-talla-tu","type":"color","html_color_code":"#000000"}],"id_product":7585,"price":"$12.900","unit_price":"$0","reference":"6061240011001","active":1,"description_short":"<p>Este accesorio flexible y duradero proteger&aacute; tus zapatos de las marcas dejadas por el cambio de<br \/>marchas. Este producto universal se adapta a todos los zapatos y botas, as&iacute; como a todas las tallas.<\/p>","link_rewrite":"protector-calzado-ixon","name":"Protector Calzado Ixon","manufacturer_name":"Ixon","category_name":"Equipamiento","link":"https:\/\/ubikemotos.cl\/equipamiento\/7585-protector-calzado-ixon","rate":0,"tax_name":"","cover":{"cover":1,"id_image":29715,"legend":"Protector Calzado Ixon","position":1,"bySize":{"small_default":{"url":"https:\/\/ubikemotos.cl\/29715-small_default\/protector-calzado-ixon.jpg","width":98,"height":98,"sources":{"jpg":"https:\/\/ubikemotos.cl\/29715-small_default\/protector-calzado-ixon.jpg"}},"cart_default":{"url":"https:\/\/ubikemotos.cl\/29715-cart_default\/protector-calzado-ixon.jpg","width":125,"height":125,"sources":{"jpg":"https:\/\/ubikemotos.cl\/29715-cart_default\/protector-calzado-ixon.jpg"}},"home_default":{"url":"https:\/\/ubikemotos.cl\/29715-home_default\/protector-calzado-ixon.jpg","width":250,"height":250,"sources":{"jpg":"https:\/\/ubikemotos.cl\/29715-home_default\/protector-calzado-ixon.jpg"}},"medium_default":{"url":"https:\/\/ubikemotos.cl\/29715-medium_default\/protector-calzado-ixon.jpg","width":452,"height":452,"sources":{"jpg":"https:\/\/ubikemotos.cl\/29715-medium_default\/protector-calzado-ixon.jpg"}},"large_default":{"url":"https:\/\/ubikemotos.cl\/29715-large_default\/protector-calzado-ixon.jpg","width":800,"height":800,"sources":{"jpg":"https:\/\/ubikemotos.cl\/29715-large_default\/protector-calzado-ixon.jpg"}}},"small":{"url":"https:\/\/ubikemotos.cl\/29715-small_default\/protector-calzado-ixon.jpg","width":98,"height":98,"sources":{"jpg":"https:\/\/ubikemotos.cl\/29715-small_default\/protector-calzado-ixon.jpg"}},"medium":{"url":"https:\/\/ubikemotos.cl\/29715-home_default\/protector-calzado-ixon.jpg","width":250,"height":250,"sources":{"jpg":"https:\/\/ubikemotos.cl\/29715-home_default\/protector-calzado-ixon.jpg"}},"large":{"url":"https:\/\/ubikemotos.cl\/29715-large_default\/protector-calzado-ixon.jpg","width":800,"height":800,"sources":{"jpg":"https:\/\/ubikemotos.cl\/29715-large_default\/protector-calzado-ixon.jpg"}},"associatedVariants":[15969]},"has_discount":false,"discount_type":null,"discount_percentage":null,"discount_percentage_absolute":null,"discount_amount":null,"price_amount":12900,"regular_price_amount":12900,"regular_price":"$12.900","discount_to_display":null},{"add_to_cart_url":"https:\/\/ubikemotos.cl\/carrito?add=1&id_product=7496&id_product_attribute=15540","url":"https:\/\/ubikemotos.cl\/productos\/7496-15540-protector-ixon-fanom-bfb2-espalda#\/16-talla-md\/233-color-verde_claro","canonical_url":"https:\/\/ubikemotos.cl\/productos\/7496-protector-ixon-fanom-bfb2-espalda","labels":{"tax_short":"(impuestos excl.)","tax_long":"Impuestos excluidos"},"main_variants":[{"id_product_attribute":15539,"texture":"","id_product":7496,"name":"Verde Claro","id_attribute":233,"add_to_cart_url":"https:\/\/ubikemotos.cl\/carrito?add=1&id_product=7496&id_product_attribute=15539","url":"https:\/\/ubikemotos.cl\/productos\/7496-15539-protector-ixon-fanom-bfb2-espalda#\/15-talla-lg\/233-color-verde_claro","type":"color","html_color_code":"#90EE90"}],"id_product":7496,"price":"$56.900","unit_price":"$0","reference":"604304016","active":1,"description_short":"<p>Fanom BFB2<br \/>Modelo con certificaci\u00f3n CE, tipo FB, nivel 2, T+, conforme a EN-1621-2:2014<\/p>","link_rewrite":"protector-ixon-fanom-bfb2-espalda","name":"Protector Ixon Fanom Bfb2 Espalda","manufacturer_name":"Ixon","category_name":"Productos","link":"https:\/\/ubikemotos.cl\/productos\/7496-protector-ixon-fanom-bfb2-espalda","rate":0,"tax_name":"","cover":{"cover":1,"id_image":28635,"legend":"Protector Ixon Fanom Bfb2 Espalda","position":2,"bySize":{"small_default":{"url":"https:\/\/ubikemotos.cl\/28635-small_default\/protector-ixon-fanom-bfb2-espalda.jpg","width":98,"height":98,"sources":{"jpg":"https:\/\/ubikemotos.cl\/28635-small_default\/protector-ixon-fanom-bfb2-espalda.jpg"}},"cart_default":{"url":"https:\/\/ubikemotos.cl\/28635-cart_default\/protector-ixon-fanom-bfb2-espalda.jpg","width":125,"height":125,"sources":{"jpg":"https:\/\/ubikemotos.cl\/28635-cart_default\/protector-ixon-fanom-bfb2-espalda.jpg"}},"home_default":{"url":"https:\/\/ubikemotos.cl\/28635-home_default\/protector-ixon-fanom-bfb2-espalda.jpg","width":250,"height":250,"sources":{"jpg":"https:\/\/ubikemotos.cl\/28635-home_default\/protector-ixon-fanom-bfb2-espalda.jpg"}},"medium_default":{"url":"https:\/\/ubikemotos.cl\/28635-medium_default\/protector-ixon-fanom-bfb2-espalda.jpg","width":452,"height":452,"sources":{"jpg":"https:\/\/ubikemotos.cl\/28635-medium_default\/protector-ixon-fanom-bfb2-espalda.jpg"}},"large_default":{"url":"https:\/\/ubikemotos.cl\/28635-large_default\/protector-ixon-fanom-bfb2-espalda.jpg","width":800,"height":800,"sources":{"jpg":"https:\/\/ubikemotos.cl\/28635-large_default\/protector-ixon-fanom-bfb2-espalda.jpg"}}},"small":{"url":"https:\/\/ubikemotos.cl\/28635-small_default\/protector-ixon-fanom-bfb2-espalda.jpg","width":98,"height":98,"sources":{"jpg":"https:\/\/ubikemotos.cl\/28635-small_default\/protector-ixon-fanom-bfb2-espalda.jpg"}},"medium":{"url":"https:\/\/ubikemotos.cl\/28635-home_default\/protector-ixon-fanom-bfb2-espalda.jpg","width":250,"height":250,"sources":{"jpg":"https:\/\/ubikemotos.cl\/28635-home_default\/protector-ixon-fanom-bfb2-espalda.jpg"}},"large":{"url":"https:\/\/ubikemotos.cl\/28635-large_default\/protector-ixon-fanom-bfb2-espalda.jpg","width":800,"height":800,"sources":{"jpg":"https:\/\/ubikemotos.cl\/28635-large_default\/protector-ixon-fanom-bfb2-espalda.jpg"}},"associatedVariants":[]},"has_discount":false,"discount_type":null,"discount_percentage":null,"discount_percentage_absolute":null,"discount_amount":null,"price_amount":56900,"regular_price_amount":56900,"regular_price":"$56.900","discount_to_display":null},{"add_to_cart_url":null,"url":"https:\/\/ubikemotos.cl\/productos\/5399-7725-protector-de-espalda-nucleon-alpinestars-kr-1-back#\/2-talla-l\/54-color-negro_rojo","canonical_url":"https:\/\/ubikemotos.cl\/productos\/5399-protector-de-espalda-nucleon-alpinestars-kr-1-back","labels":{"tax_short":"(impuestos excl.)","tax_long":"Impuestos excluidos"},"main_variants":[{"id_product_attribute":7724,"texture":"\/img\/co\/54.jpg","id_product":5399,"name":"Negro, Rojo","id_attribute":54,"add_to_cart_url":"https:\/\/ubikemotos.cl\/carrito?add=1&id_product=5399&id_product_attribute=7724","url":"https:\/\/ubikemotos.cl\/productos\/5399-7724-protector-de-espalda-nucleon-alpinestars-kr-1-back#\/4-talla-m\/54-color-negro_rojo","type":"color","html_color_code":""}],"id_product":5399,"price":"$129.000","unit_price":"$0","reference":"6504515","active":1,"description_short":"<p>Protector de espalda Alpinestars Nucleon KR-1 Negro \/ Blanco. Ergon&oacute;micamente dise&ntilde;ado, el protector Nucleon KR-1 est&aacute; confeccionado en pl&aacute;stico duro y espuma viscoel&aacute;stica con memoria para ofrecer m&aacute;xima seguridad y rendimiento. Dispone de tirantes regulables y faja lumbar para ofrecer una excelente sujeci&oacute;n. El Nucleon KR-1 es ideal para una conducci&oacute;n deportiva y destaca por ser muy ventilado<\/p> <p>&nbsp;<\/p> <p>Ha obtenido la homologaci&oacute;n CE nivel 2 de acuerdo a la normativa EN1621-2:2014.<\/p>","link_rewrite":"protector-de-espalda-nucleon-alpinestars-kr-1-back","name":"Protector de espalda Nucleon Alpinestars KR-1 Back","manufacturer_name":"Alpinestars","category_name":"Productos","link":"https:\/\/ubikemotos.cl\/productos\/5399-protector-de-espalda-nucleon-alpinestars-kr-1-back","rate":0,"tax_name":"","cover":{"cover":1,"id_image":14127,"legend":"Protector de espalda Nucleon Alpinestars KR-1 Back","position":1,"bySize":{"small_default":{"url":"https:\/\/ubikemotos.cl\/14127-small_default\/protector-de-espalda-nucleon-alpinestars-kr-1-back.jpg","width":98,"height":98,"sources":{"jpg":"https:\/\/ubikemotos.cl\/14127-small_default\/protector-de-espalda-nucleon-alpinestars-kr-1-back.jpg"}},"cart_default":{"url":"https:\/\/ubikemotos.cl\/14127-cart_default\/protector-de-espalda-nucleon-alpinestars-kr-1-back.jpg","width":125,"height":125,"sources":{"jpg":"https:\/\/ubikemotos.cl\/14127-cart_default\/protector-de-espalda-nucleon-alpinestars-kr-1-back.jpg"}},"home_default":{"url":"https:\/\/ubikemotos.cl\/14127-home_default\/protector-de-espalda-nucleon-alpinestars-kr-1-back.jpg","width":250,"height":250,"sources":{"jpg":"https:\/\/ubikemotos.cl\/14127-home_default\/protector-de-espalda-nucleon-alpinestars-kr-1-back.jpg"}},"medium_default":{"url":"https:\/\/ubikemotos.cl\/14127-medium_default\/protector-de-espalda-nucleon-alpinestars-kr-1-back.jpg","width":452,"height":452,"sources":{"jpg":"https:\/\/ubikemotos.cl\/14127-medium_default\/protector-de-espalda-nucleon-alpinestars-kr-1-back.jpg"}},"large_default":{"url":"https:\/\/ubikemotos.cl\/14127-large_default\/protector-de-espalda-nucleon-alpinestars-kr-1-back.jpg","width":800,"height":800,"sources":{"jpg":"https:\/\/ubikemotos.cl\/14127-large_default\/protector-de-espalda-nucleon-alpinestars-kr-1-back.jpg"}}},"small":{"url":"https:\/\/ubikemotos.cl\/14127-small_default\/protector-de-espalda-nucleon-alpinestars-kr-1-back.jpg","width":98,"height":98,"sources":{"jpg":"https:\/\/ubikemotos.cl\/14127-small_default\/protector-de-espalda-nucleon-alpinestars-kr-1-back.jpg"}},"medium":{"url":"https:\/\/ubikemotos.cl\/14127-home_default\/protector-de-espalda-nucleon-alpinestars-kr-1-back.jpg","width":250,"height":250,"sources":{"jpg":"https:\/\/ubikemotos.cl\/14127-home_default\/protector-de-espalda-nucleon-alpinestars-kr-1-back.jpg"}},"large":{"url":"https:\/\/ubikemotos.cl\/14127-large_default\/protector-de-espalda-nucleon-alpinestars-kr-1-back.jpg","width":800,"height":800,"sources":{"jpg":"https:\/\/ubikemotos.cl\/14127-large_default\/protector-de-espalda-nucleon-alpinestars-kr-1-back.jpg"}},"associatedVariants":[7724]},"has_discount":false,"discount_type":null,"discount_percentage":null,"discount_percentage_absolute":null,"discount_amount":null,"price_amount":129000,"regular_price_amount":129000,"regular_price":"$129.000","discount_to_display":null},{"add_to_cart_url":null,"url":"https:\/\/ubikemotos.cl\/productos\/5400-7723-protector-de-espalda-nucleon-alpinestars-kr-r#\/6-talla-xl\/62-color-negro_blanco_amarillo","canonical_url":"https:\/\/ubikemotos.cl\/productos\/5400-protector-de-espalda-nucleon-alpinestars-kr-r","labels":{"tax_short":"(impuestos excl.)","tax_long":"Impuestos excluidos"},"main_variants":[{"id_product_attribute":7721,"texture":"\/img\/co\/62.jpg","id_product":5400,"name":"Negro, Blanco, Amarillo","id_attribute":62,"add_to_cart_url":"https:\/\/ubikemotos.cl\/carrito?add=1&id_product=5400&id_product_attribute=7721","url":"https:\/\/ubikemotos.cl\/productos\/5400-7721-protector-de-espalda-nucleon-alpinestars-kr-r#\/4-talla-m\/62-color-negro_blanco_amarillo","type":"color","html_color_code":""}],"id_product":5400,"price":"$144.900","unit_price":"$0","reference":"80-3610","active":1,"description_short":"<p>Protector de espalda Alpinestars Nucleon KR-R. Ergon&oacute;micamente dise&ntilde;ado, el Nucleon KR-R est&aacute; confeccionado en combinaci&oacute;n de espuma viscoel&aacute;stica y pl&aacute;stico duro para ofrecer un excelente confort y rendimiento. Es flexible, ligero y transpirable. Dispone de sistema snap-on para fijar el protector a la chaqueta y faja lumbar en malla para mayor transpirabilidad y sujeci&oacute;n.<\/p> <p>&nbsp;<\/p> <p>Ha obtenido la homologaci&oacute;n CE nivel 2 de acuerdo a la normativa EN1621-2:2014.<\/p>","link_rewrite":"protector-de-espalda-nucleon-alpinestars-kr-r","name":"Protector de espalda Nucleon Alpinestars KR-R","manufacturer_name":"Alpinestars","category_name":"Productos","link":"https:\/\/ubikemotos.cl\/productos\/5400-protector-de-espalda-nucleon-alpinestars-kr-r","rate":0,"tax_name":"","cover":{"cover":1,"id_image":14124,"legend":"Protector de espalda Nucleon Alpinestars KR-R","position":1,"bySize":{"small_default":{"url":"https:\/\/ubikemotos.cl\/14124-small_default\/protector-de-espalda-nucleon-alpinestars-kr-r.jpg","width":98,"height":98,"sources":{"jpg":"https:\/\/ubikemotos.cl\/14124-small_default\/protector-de-espalda-nucleon-alpinestars-kr-r.jpg"}},"cart_default":{"url":"https:\/\/ubikemotos.cl\/14124-cart_default\/protector-de-espalda-nucleon-alpinestars-kr-r.jpg","width":125,"height":125,"sources":{"jpg":"https:\/\/ubikemotos.cl\/14124-cart_default\/protector-de-espalda-nucleon-alpinestars-kr-r.jpg"}},"home_default":{"url":"https:\/\/ubikemotos.cl\/14124-home_default\/protector-de-espalda-nucleon-alpinestars-kr-r.jpg","width":250,"height":250,"sources":{"jpg":"https:\/\/ubikemotos.cl\/14124-home_default\/protector-de-espalda-nucleon-alpinestars-kr-r.jpg"}},"medium_default":{"url":"https:\/\/ubikemotos.cl\/14124-medium_default\/protector-de-espalda-nucleon-alpinestars-kr-r.jpg","width":452,"height":452,"sources":{"jpg":"https:\/\/ubikemotos.cl\/14124-medium_default\/protector-de-espalda-nucleon-alpinestars-kr-r.jpg"}},"large_default":{"url":"https:\/\/ubikemotos.cl\/14124-large_default\/protector-de-espalda-nucleon-alpinestars-kr-r.jpg","width":800,"height":800,"sources":{"jpg":"https:\/\/ubikemotos.cl\/14124-large_default\/protector-de-espalda-nucleon-alpinestars-kr-r.jpg"}}},"small":{"url":"https:\/\/ubikemotos.cl\/14124-small_default\/protector-de-espalda-nucleon-alpinestars-kr-r.jpg","width":98,"height":98,"sources":{"jpg":"https:\/\/ubikemotos.cl\/14124-small_default\/protector-de-espalda-nucleon-alpinestars-kr-r.jpg"}},"medium":{"url":"https:\/\/ubikemotos.cl\/14124-home_default\/protector-de-espalda-nucleon-alpinestars-kr-r.jpg","width":250,"height":250,"sources":{"jpg":"https:\/\/ubikemotos.cl\/14124-home_default\/protector-de-espalda-nucleon-alpinestars-kr-r.jpg"}},"large":{"url":"https:\/\/ubikemotos.cl\/14124-large_default\/protector-de-espalda-nucleon-alpinestars-kr-r.jpg","width":800,"height":800,"sources":{"jpg":"https:\/\/ubikemotos.cl\/14124-large_default\/protector-de-espalda-nucleon-alpinestars-kr-r.jpg"}},"associatedVariants":[7721]},"has_discount":false,"discount_type":null,"discount_percentage":null,"discount_percentage_absolute":null,"discount_amount":null,"price_amount":144900,"regular_price_amount":144900,"regular_price":"$144.900","discount_to_display":null},{"add_to_cart_url":null,"url":"https:\/\/ubikemotos.cl\/productos\/6111-4851-cuello-alpinestars-youth-neck-support#\/49-color-negro_amarillo\/158-talla-talla_unica","canonical_url":"https:\/\/ubikemotos.cl\/productos\/6111-cuello-alpinestars-youth-neck-support","labels":{"tax_short":"(impuestos excl.)","tax_long":"Impuestos excluidos"},"main_variants":[{"id_product_attribute":4851,"texture":"\/img\/co\/49.jpg","id_product":6111,"name":"Negro, Amarillo","id_attribute":49,"add_to_cart_url":"https:\/\/ubikemotos.cl\/carrito?add=1&id_product=6111&id_product_attribute=4851","url":"https:\/\/ubikemotos.cl\/productos\/6111-4851-cuello-alpinestars-youth-neck-support#\/49-color-negro_amarillo\/158-talla-talla_unica","type":"color","html_color_code":""}],"id_product":6111,"price":"$179.000","unit_price":"$0","reference":"6540118","active":1,"description_short":"<p>Dise\u00f1ado y desarrollado para un ajuste que es espec\u00edfico para la anatom\u00eda de un conductor joven. Bastidor construido a partir de compuesto de pol\u00edmero inyectado que ha sido probado en gran medida en su desempe\u00f1o en un rango de superficie de carretera y temperaturas variables. El marco ha sido dise\u00f1ado ergon\u00f3micamente para promover el contacto con el casco durante el impacto, incluido el borde de soporte trasero que se ajusta m\u00e1s cerca del cuerpo y el t\u00f3rax levantado para evitar lesiones de flexi\u00f3n y flexi\u00f3n, lo que proporciona una superficie s\u00f3lida que canaliza instant\u00e1neamente la energ\u00eda de impacto da\u00f1ina y compresiva lejos del cuello y en el soporte. El perfil anat\u00f3mico de Frame favorece el contacto positivo del casco.<\/p>","link_rewrite":"cuello-alpinestars-youth-neck-support","name":"Cuello Alpinestars Youth Neck Support","manufacturer_name":"Alpinestars","category_name":"Productos","link":"https:\/\/ubikemotos.cl\/productos\/6111-cuello-alpinestars-youth-neck-support","rate":0,"tax_name":"","cover":{"cover":1,"id_image":9729,"legend":"Cuello Alpinestars Youth Neck Support","position":1,"bySize":{"small_default":{"url":"https:\/\/ubikemotos.cl\/9729-small_default\/cuello-alpinestars-youth-neck-support.jpg","width":98,"height":98,"sources":{"jpg":"https:\/\/ubikemotos.cl\/9729-small_default\/cuello-alpinestars-youth-neck-support.jpg"}},"cart_default":{"url":"https:\/\/ubikemotos.cl\/9729-cart_default\/cuello-alpinestars-youth-neck-support.jpg","width":125,"height":125,"sources":{"jpg":"https:\/\/ubikemotos.cl\/9729-cart_default\/cuello-alpinestars-youth-neck-support.jpg"}},"home_default":{"url":"https:\/\/ubikemotos.cl\/9729-home_default\/cuello-alpinestars-youth-neck-support.jpg","width":250,"height":250,"sources":{"jpg":"https:\/\/ubikemotos.cl\/9729-home_default\/cuello-alpinestars-youth-neck-support.jpg"}},"medium_default":{"url":"https:\/\/ubikemotos.cl\/9729-medium_default\/cuello-alpinestars-youth-neck-support.jpg","width":452,"height":452,"sources":{"jpg":"https:\/\/ubikemotos.cl\/9729-medium_default\/cuello-alpinestars-youth-neck-support.jpg"}},"large_default":{"url":"https:\/\/ubikemotos.cl\/9729-large_default\/cuello-alpinestars-youth-neck-support.jpg","width":800,"height":800,"sources":{"jpg":"https:\/\/ubikemotos.cl\/9729-large_default\/cuello-alpinestars-youth-neck-support.jpg"}}},"small":{"url":"https:\/\/ubikemotos.cl\/9729-small_default\/cuello-alpinestars-youth-neck-support.jpg","width":98,"height":98,"sources":{"jpg":"https:\/\/ubikemotos.cl\/9729-small_default\/cuello-alpinestars-youth-neck-support.jpg"}},"medium":{"url":"https:\/\/ubikemotos.cl\/9729-home_default\/cuello-alpinestars-youth-neck-support.jpg","width":250,"height":250,"sources":{"jpg":"https:\/\/ubikemotos.cl\/9729-home_default\/cuello-alpinestars-youth-neck-support.jpg"}},"large":{"url":"https:\/\/ubikemotos.cl\/9729-large_default\/cuello-alpinestars-youth-neck-support.jpg","width":800,"height":800,"sources":{"jpg":"https:\/\/ubikemotos.cl\/9729-large_default\/cuello-alpinestars-youth-neck-support.jpg"}},"associatedVariants":[]},"has_discount":false,"discount_type":null,"discount_percentage":null,"discount_percentage_absolute":null,"discount_amount":null,"price_amount":179000,"regular_price_amount":179000,"regular_price":"$179.000","discount_to_display":null},{"add_to_cart_url":"https:\/\/ubikemotos.cl\/carrito?add=1&id_product=6382&id_product_attribute=3102","url":"https:\/\/ubikemotos.cl\/productos\/6382-3102-nucleon-alpinestars-kr-celli-transp-smk#\/2-talla-l\/3-color-negro","canonical_url":"https:\/\/ubikemotos.cl\/productos\/6382-nucleon-alpinestars-kr-celli-transp-smk","labels":{"tax_short":"(impuestos excl.)","tax_long":"Impuestos excluidos"},"main_variants":[{"id_product_attribute":3103,"texture":"","id_product":6382,"name":"Negro","id_attribute":3,"add_to_cart_url":"https:\/\/ubikemotos.cl\/carrito?add=1&id_product=6382&id_product_attribute=3103","url":"https:\/\/ubikemotos.cl\/productos\/6382-3103-nucleon-alpinestars-kr-celli-transp-smk#\/3-color-negro\/5-talla-s","type":"color","html_color_code":"#000000"},{"id_product_attribute":3099,"texture":"","id_product":6382,"name":"Rojo","id_attribute":20,"add_to_cart_url":"https:\/\/ubikemotos.cl\/carrito?add=1&id_product=6382&id_product_attribute=3099","url":"https:\/\/ubikemotos.cl\/productos\/6382-3099-nucleon-alpinestars-kr-celli-transp-smk#\/5-talla-s\/20-color-rojo","type":"color","html_color_code":"#FF0000"}],"id_product":6382,"price":"$54.900","unit_price":"$0","reference":"6503919","active":1,"description_short":"<p>El refuerzo extremadamente ligero Nucleon KR-1 CELLi cuenta con una carcasa trasera articulada para mayor flexibilidad y ajuste de conducci\u00f3n, adem\u00e1s de un dise\u00f1o avanzado de microestructura de celdas para una absorci\u00f3n eficiente de la energ\u00eda de impacto y altos niveles de circulaci\u00f3n del aire.<\/p>","link_rewrite":"nucleon-alpinestars-kr-celli-transp-smk","name":"Nucleon Alpinestars Kr Celli Transp Smk","manufacturer_name":"Alpinestars","category_name":"Productos","link":"https:\/\/ubikemotos.cl\/productos\/6382-nucleon-alpinestars-kr-celli-transp-smk","rate":0,"tax_name":"","cover":{"cover":1,"id_image":7843,"legend":"Nucleon Alpinestars Kr Celli Transp Smk","position":1,"bySize":{"small_default":{"url":"https:\/\/ubikemotos.cl\/7843-small_default\/nucleon-alpinestars-kr-celli-transp-smk.jpg","width":98,"height":98,"sources":{"jpg":"https:\/\/ubikemotos.cl\/7843-small_default\/nucleon-alpinestars-kr-celli-transp-smk.jpg"}},"cart_default":{"url":"https:\/\/ubikemotos.cl\/7843-cart_default\/nucleon-alpinestars-kr-celli-transp-smk.jpg","width":125,"height":125,"sources":{"jpg":"https:\/\/ubikemotos.cl\/7843-cart_default\/nucleon-alpinestars-kr-celli-transp-smk.jpg"}},"home_default":{"url":"https:\/\/ubikemotos.cl\/7843-home_default\/nucleon-alpinestars-kr-celli-transp-smk.jpg","width":250,"height":250,"sources":{"jpg":"https:\/\/ubikemotos.cl\/7843-home_default\/nucleon-alpinestars-kr-celli-transp-smk.jpg"}},"medium_default":{"url":"https:\/\/ubikemotos.cl\/7843-medium_default\/nucleon-alpinestars-kr-celli-transp-smk.jpg","width":452,"height":452,"sources":{"jpg":"https:\/\/ubikemotos.cl\/7843-medium_default\/nucleon-alpinestars-kr-celli-transp-smk.jpg"}},"large_default":{"url":"https:\/\/ubikemotos.cl\/7843-large_default\/nucleon-alpinestars-kr-celli-transp-smk.jpg","width":800,"height":800,"sources":{"jpg":"https:\/\/ubikemotos.cl\/7843-large_default\/nucleon-alpinestars-kr-celli-transp-smk.jpg"}}},"small":{"url":"https:\/\/ubikemotos.cl\/7843-small_default\/nucleon-alpinestars-kr-celli-transp-smk.jpg","width":98,"height":98,"sources":{"jpg":"https:\/\/ubikemotos.cl\/7843-small_default\/nucleon-alpinestars-kr-celli-transp-smk.jpg"}},"medium":{"url":"https:\/\/ubikemotos.cl\/7843-home_default\/nucleon-alpinestars-kr-celli-transp-smk.jpg","width":250,"height":250,"sources":{"jpg":"https:\/\/ubikemotos.cl\/7843-home_default\/nucleon-alpinestars-kr-celli-transp-smk.jpg"}},"large":{"url":"https:\/\/ubikemotos.cl\/7843-large_default\/nucleon-alpinestars-kr-celli-transp-smk.jpg","width":800,"height":800,"sources":{"jpg":"https:\/\/ubikemotos.cl\/7843-large_default\/nucleon-alpinestars-kr-celli-transp-smk.jpg"}},"associatedVariants":[3102]},"has_discount":false,"discount_type":null,"discount_percentage":null,"discount_percentage_absolute":null,"discount_amount":null,"price_amount":54900,"regular_price_amount":54900,"regular_price":"$54.900","discount_to_display":null},{"add_to_cart_url":null,"url":"https:\/\/ubikemotos.cl\/productos\/6383-nucleon-alpinestars-kr-1-celli-smk","canonical_url":"https:\/\/ubikemotos.cl\/productos\/6383-nucleon-alpinestars-kr-1-celli-smk","labels":{"tax_short":"(impuestos excl.)","tax_long":"Impuestos excluidos"},"main_variants":[],"id_product":6383,"price":"$64.900","unit_price":"$0","reference":"6503919","active":1,"description_short":"<p>El refuerzo extremadamente ligero Nucleon KR-1 CELLi cuenta con una carcasa trasera articulada para mayor flexibilidad y ajuste de conducci\u00f3n, adem\u00e1s de un dise\u00f1o avanzado de microestructura de celdas para una absorci\u00f3n eficiente de la energ\u00eda de impacto y altos niveles de circulaci\u00f3n del aire.<\/p>","link_rewrite":"nucleon-alpinestars-kr-1-celli-smk","name":"Nucleon Alpinestars Kr-1 Celli Smk","manufacturer_name":"Alpinestars","category_name":"Productos","link":"https:\/\/ubikemotos.cl\/productos\/6383-nucleon-alpinestars-kr-1-celli-smk","rate":0,"tax_name":"","cover":{"cover":1,"id_image":20156,"legend":"Nucleon Alpinestars Kr-1 Celli Smk","position":1,"bySize":{"small_default":{"url":"https:\/\/ubikemotos.cl\/20156-small_default\/nucleon-alpinestars-kr-1-celli-smk.jpg","width":98,"height":98,"sources":{"jpg":"https:\/\/ubikemotos.cl\/20156-small_default\/nucleon-alpinestars-kr-1-celli-smk.jpg"}},"cart_default":{"url":"https:\/\/ubikemotos.cl\/20156-cart_default\/nucleon-alpinestars-kr-1-celli-smk.jpg","width":125,"height":125,"sources":{"jpg":"https:\/\/ubikemotos.cl\/20156-cart_default\/nucleon-alpinestars-kr-1-celli-smk.jpg"}},"home_default":{"url":"https:\/\/ubikemotos.cl\/20156-home_default\/nucleon-alpinestars-kr-1-celli-smk.jpg","width":250,"height":250,"sources":{"jpg":"https:\/\/ubikemotos.cl\/20156-home_default\/nucleon-alpinestars-kr-1-celli-smk.jpg"}},"medium_default":{"url":"https:\/\/ubikemotos.cl\/20156-medium_default\/nucleon-alpinestars-kr-1-celli-smk.jpg","width":452,"height":452,"sources":{"jpg":"https:\/\/ubikemotos.cl\/20156-medium_default\/nucleon-alpinestars-kr-1-celli-smk.jpg"}},"large_default":{"url":"https:\/\/ubikemotos.cl\/20156-large_default\/nucleon-alpinestars-kr-1-celli-smk.jpg","width":800,"height":800,"sources":{"jpg":"https:\/\/ubikemotos.cl\/20156-large_default\/nucleon-alpinestars-kr-1-celli-smk.jpg"}}},"small":{"url":"https:\/\/ubikemotos.cl\/20156-small_default\/nucleon-alpinestars-kr-1-celli-smk.jpg","width":98,"height":98,"sources":{"jpg":"https:\/\/ubikemotos.cl\/20156-small_default\/nucleon-alpinestars-kr-1-celli-smk.jpg"}},"medium":{"url":"https:\/\/ubikemotos.cl\/20156-home_default\/nucleon-alpinestars-kr-1-celli-smk.jpg","width":250,"height":250,"sources":{"jpg":"https:\/\/ubikemotos.cl\/20156-home_default\/nucleon-alpinestars-kr-1-celli-smk.jpg"}},"large":{"url":"https:\/\/ubikemotos.cl\/20156-large_default\/nucleon-alpinestars-kr-1-celli-smk.jpg","width":800,"height":800,"sources":{"jpg":"https:\/\/ubikemotos.cl\/20156-large_default\/nucleon-alpinestars-kr-1-celli-smk.jpg"}},"associatedVariants":[]},"has_discount":false,"discount_type":null,"discount_percentage":null,"discount_percentage_absolute":null,"discount_amount":null,"price_amount":64900,"regular_price_amount":64900,"regular_price":"$64.900","discount_to_display":null},{"add_to_cart_url":"https:\/\/ubikemotos.cl\/carrito?add=1&id_product=6870&id_product_attribute=198","url":"https:\/\/ubikemotos.cl\/productos\/6870-198-slider-ixon-race-20#\/21-color-negro_blanco\/48-talla-tu","canonical_url":"https:\/\/ubikemotos.cl\/productos\/6870-slider-ixon-race-20","labels":{"tax_short":"(impuestos excl.)","tax_long":"Impuestos excluidos"},"main_variants":[{"id_product_attribute":197,"texture":"","id_product":6870,"name":"Negro","id_attribute":3,"add_to_cart_url":"https:\/\/ubikemotos.cl\/carrito?add=1&id_product=6870&id_product_attribute=197","url":"https:\/\/ubikemotos.cl\/productos\/6870-197-slider-ixon-race-20#\/3-color-negro\/48-talla-tu","type":"color","html_color_code":"#000000"},{"id_product_attribute":198,"texture":"\/img\/co\/21.jpg","id_product":6870,"name":"Negro, Blanco","id_attribute":21,"add_to_cart_url":"https:\/\/ubikemotos.cl\/carrito?add=1&id_product=6870&id_product_attribute=198","url":"https:\/\/ubikemotos.cl\/productos\/6870-198-slider-ixon-race-20#\/21-color-negro_blanco\/48-talla-tu","type":"color","html_color_code":""}],"id_product":6870,"price":"$59.000","unit_price":"$0","reference":"605304003","active":1,"description_short":"<p>El Race Slider es un protector extra\u00edble que significa que puedes correr con tranquilidad en la pista y quit\u00e1rtelo cuando salgas a la carretera. Formas elegantes para un estilo de carrera serio dise\u00f1ado para darte lo mejor. El control deslizante Sport viene en tres colores para combinar con su estilo elegante y combinar con cualquier traje de carrera. El velcro superfuerte te permite montar con tranquilidad.<\/p>","link_rewrite":"slider-ixon-race-20","name":"Slider Ixon Race 2.0","manufacturer_name":"Ixon","category_name":"Productos","link":"https:\/\/ubikemotos.cl\/productos\/6870-slider-ixon-race-20","rate":0,"tax_name":"","cover":{"cover":1,"id_image":1643,"legend":"Slider Ixon Race 2.0","position":1,"bySize":{"small_default":{"url":"https:\/\/ubikemotos.cl\/1643-small_default\/slider-ixon-race-20.jpg","width":98,"height":98,"sources":{"jpg":"https:\/\/ubikemotos.cl\/1643-small_default\/slider-ixon-race-20.jpg"}},"cart_default":{"url":"https:\/\/ubikemotos.cl\/1643-cart_default\/slider-ixon-race-20.jpg","width":125,"height":125,"sources":{"jpg":"https:\/\/ubikemotos.cl\/1643-cart_default\/slider-ixon-race-20.jpg"}},"home_default":{"url":"https:\/\/ubikemotos.cl\/1643-home_default\/slider-ixon-race-20.jpg","width":250,"height":250,"sources":{"jpg":"https:\/\/ubikemotos.cl\/1643-home_default\/slider-ixon-race-20.jpg"}},"medium_default":{"url":"https:\/\/ubikemotos.cl\/1643-medium_default\/slider-ixon-race-20.jpg","width":452,"height":452,"sources":{"jpg":"https:\/\/ubikemotos.cl\/1643-medium_default\/slider-ixon-race-20.jpg"}},"large_default":{"url":"https:\/\/ubikemotos.cl\/1643-large_default\/slider-ixon-race-20.jpg","width":800,"height":800,"sources":{"jpg":"https:\/\/ubikemotos.cl\/1643-large_default\/slider-ixon-race-20.jpg"}}},"small":{"url":"https:\/\/ubikemotos.cl\/1643-small_default\/slider-ixon-race-20.jpg","width":98,"height":98,"sources":{"jpg":"https:\/\/ubikemotos.cl\/1643-small_default\/slider-ixon-race-20.jpg"}},"medium":{"url":"https:\/\/ubikemotos.cl\/1643-home_default\/slider-ixon-race-20.jpg","width":250,"height":250,"sources":{"jpg":"https:\/\/ubikemotos.cl\/1643-home_default\/slider-ixon-race-20.jpg"}},"large":{"url":"https:\/\/ubikemotos.cl\/1643-large_default\/slider-ixon-race-20.jpg","width":800,"height":800,"sources":{"jpg":"https:\/\/ubikemotos.cl\/1643-large_default\/slider-ixon-race-20.jpg"}},"associatedVariants":[197]},"has_discount":false,"discount_type":null,"discount_percentage":null,"discount_percentage_absolute":null,"discount_amount":null,"price_amount":59000,"regular_price_amount":59000,"regular_price":"$59.000","discount_to_display":null}],"sort_orders":[{"entity":"product","field":"date_add","direction":"desc","label":"M\u00e1s nuevos","urlParameter":"product.date_add.desc","current":true,"url":"https:\/\/ubikemotos.cl\/67-protecciones-piloto-calle?order=product.date_add.desc"},{"entity":"product","field":"random","direction":"desc","label":"Aleatorio","urlParameter":"product.random.desc","current":false,"url":"https:\/\/ubikemotos.cl\/67-protecciones-piloto-calle?order=product.random.desc"},{"entity":"product","field":"position","direction":"asc","label":"Relevancia","urlParameter":"product.position.asc","current":false,"url":"https:\/\/ubikemotos.cl\/67-protecciones-piloto-calle?order=product.position.asc"},{"entity":"product","field":"name","direction":"asc","label":"Nombre, A a Z","urlParameter":"product.name.asc","current":false,"url":"https:\/\/ubikemotos.cl\/67-protecciones-piloto-calle?order=product.name.asc"},{"entity":"product","field":"name","direction":"desc","label":"Nombre, Z a A","urlParameter":"product.name.desc","current":false,"url":"https:\/\/ubikemotos.cl\/67-protecciones-piloto-calle?order=product.name.desc"},{"entity":"product","field":"price","direction":"asc","label":"Menor Precio","urlParameter":"product.price.asc","current":false,"url":"https:\/\/ubikemotos.cl\/67-protecciones-piloto-calle?order=product.price.asc"},{"entity":"product","field":"price","direction":"desc","label":"Mayor Precio","urlParameter":"product.price.desc","current":false,"url":"https:\/\/ubikemotos.cl\/67-protecciones-piloto-calle?order=product.price.desc"},{"entity":"product","field":"quantity","direction":"desc","label":"Con disponibilidad","urlParameter":"product.quantity.desc","current":false,"url":"https:\/\/ubikemotos.cl\/67-protecciones-piloto-calle?order=product.quantity.desc"},{"entity":"product","field":"sales","direction":"desc","label":"M\u00e1s vendidos","urlParameter":"product.sales.desc","current":false,"url":"https:\/\/ubikemotos.cl\/67-protecciones-piloto-calle?order=product.sales.desc"},{"entity":"product","field":"sales","direction":"asc","label":"Lowest sales","urlParameter":"product.sales.asc","current":false,"url":"https:\/\/ubikemotos.cl\/67-protecciones-piloto-calle?order=product.sales.asc"}],"sort_selected":"M\u00e1s nuevos","pagination":{"total_items":8,"items_shown_from":1,"items_shown_to":8,"current_page":1,"pages_count":1,"pages":{"1":{"type":"page","page":1,"clickable":false,"current":true,"url":"https:\/\/ubikemotos.cl\/67-protecciones-piloto-calle"}},"should_be_displayed":false},"rendered_facets":"","rendered_active_filters":"","js_enabled":true,"current_url":"https:\/\/ubikemotos.cl\/67-protecciones-piloto-calle","rendered_products_header":"<div id=\"js-product-list-header\">\n            <div class=\"block-category card card-block\">\n            <h1 class=\"h1\">Protecciones<\/h1>\n            <div class=\"block-category-inner\">\n                                            <\/div>\n        <\/div>\n    <\/div>\n","rendered_products_footer":"<div id=\"js-product-list-footer\">\n    <\/div>\n"}