{"rendered_products_top":"<div id=\"js-product-list-top\" class=\"row products-selection\">\n  <div class=\"col-lg-5 hidden-sm-down total-products\">\n          <p>Hay 33 productos.<\/p>\n      <\/div>\n  <div class=\"col-lg-7\">\n    <div class=\"row sort-by-row\">\n      \n        <span class=\"col-sm-3 col-md-5 hidden-sm-down sort-by\">Ordenar por:<\/span>\n<div class=\"col-xs-12 col-sm-12 col-md-9 products-sort-order dropdown\">\n  <button\n    class=\"btn-unstyle select-title\"\n    rel=\"nofollow\"\n    data-toggle=\"dropdown\"\n    aria-label=\"Selector Ordenar por\"\n    aria-haspopup=\"true\"\n    aria-expanded=\"false\">\n    M\u00e1s nuevos    <i class=\"material-icons float-xs-right\">&#xE5C5;<\/i>\n  <\/button>\n  <div class=\"dropdown-menu\">\n          <a\n        rel=\"nofollow\"\n        href=\"https:\/\/ubikemotos.cl\/39-accesorios-piloto-offroad?order=product.date_add.desc\"\n        class=\"select-list current js-search-link\"\n      >\n        M\u00e1s nuevos\n      <\/a>\n          <a\n        rel=\"nofollow\"\n        href=\"https:\/\/ubikemotos.cl\/39-accesorios-piloto-offroad?order=product.random.desc\"\n        class=\"select-list js-search-link\"\n      >\n        Aleatorio\n      <\/a>\n          <a\n        rel=\"nofollow\"\n        href=\"https:\/\/ubikemotos.cl\/39-accesorios-piloto-offroad?order=product.position.asc\"\n        class=\"select-list js-search-link\"\n      >\n        Relevancia\n      <\/a>\n          <a\n        rel=\"nofollow\"\n        href=\"https:\/\/ubikemotos.cl\/39-accesorios-piloto-offroad?order=product.name.asc\"\n        class=\"select-list js-search-link\"\n      >\n        Nombre, A a Z\n      <\/a>\n          <a\n        rel=\"nofollow\"\n        href=\"https:\/\/ubikemotos.cl\/39-accesorios-piloto-offroad?order=product.name.desc\"\n        class=\"select-list js-search-link\"\n      >\n        Nombre, Z a A\n      <\/a>\n          <a\n        rel=\"nofollow\"\n        href=\"https:\/\/ubikemotos.cl\/39-accesorios-piloto-offroad?order=product.price.asc\"\n        class=\"select-list js-search-link\"\n      >\n        Menor Precio\n      <\/a>\n          <a\n        rel=\"nofollow\"\n        href=\"https:\/\/ubikemotos.cl\/39-accesorios-piloto-offroad?order=product.price.desc\"\n        class=\"select-list js-search-link\"\n      >\n        Mayor Precio\n      <\/a>\n          <a\n        rel=\"nofollow\"\n        href=\"https:\/\/ubikemotos.cl\/39-accesorios-piloto-offroad?order=product.quantity.desc\"\n        class=\"select-list js-search-link\"\n      >\n        Con disponibilidad\n      <\/a>\n          <a\n        rel=\"nofollow\"\n        href=\"https:\/\/ubikemotos.cl\/39-accesorios-piloto-offroad?order=product.sales.desc\"\n        class=\"select-list js-search-link\"\n      >\n        M\u00e1s vendidos\n      <\/a>\n          <a\n        rel=\"nofollow\"\n        href=\"https:\/\/ubikemotos.cl\/39-accesorios-piloto-offroad?order=product.sales.asc\"\n        class=\"select-list js-search-link\"\n      >\n        Lowest sales\n      <\/a>\n      <\/div>\n<\/div>\n      \n          <\/div>\n  <\/div>\n  <div class=\"col-sm-12 hidden-md-up text-sm-center showing\">\n    Mostrando 1-24 de 33 art\u00edculo(s)\n  <\/div>\n<\/div>\n","rendered_products":"<div id=\"js-product-list\">\n  \n  <script>\n  dataLayer.push({ ecommerce: null });  \/\/ Clear the previous ecommerce object.\n          dataLayer.push({\n            'ecommerce': {\n              'currencyCode': 'CLP',                       \/\/ Local currency is optional.\n              'impressions': [              {\n                'name': 'Balaclava Ixon Airblock Hood',       \/\/ Name or ID is required.\n                'id': '4001010041001',\n                'price': '$49.000',\n                'brand': 'Ixon',\n                'category': 'Equipamiento',\n                'variant': 'Sin Variante',\n                'list': 'Search Results',\n                'position': '1'\n              },              {\n                'name': 'Balaclava Ixon Thermal Hood 2',       \/\/ Name or ID is required.\n                'id': '4001010051001',\n                'price': '$42.000',\n                'brand': 'Ixon',\n                'category': 'Equipamiento',\n                'variant': 'Sin Variante',\n                'list': 'Search Results',\n                'position': '2'\n              },              {\n                'name': 'Calceta Sidi Mud Trail',       \/\/ Name or ID is required.\n                'id': '8017732599360',\n                'price': '$75.000',\n                'brand': 'Sidi',\n                'category': 'Equipamiento',\n                'variant': 'Sin Variante',\n                'list': 'Search Results',\n                'position': '3'\n              },              {\n                'name': 'Calceta Sidi Off Sprint',       \/\/ Name or ID is required.\n                'id': '8017732599223',\n                'price': '$19.900',\n                'brand': 'Sidi',\n                'category': 'Equipamiento',\n                'variant': 'Sin Variante',\n                'list': 'Search Results',\n                'position': '4'\n              },              {\n                'name': 'Calceta Sidi Woops',       \/\/ Name or ID is required.\n                'id': '8017732599445',\n                'price': '$19.900',\n                'brand': 'Sidi',\n                'category': 'Equipamiento',\n                'variant': 'Sin Variante',\n                'list': 'Search Results',\n                'position': '5'\n              },              {\n                'name': 'Mica Antiparra 4 Pines',       \/\/ Name or ID is required.\n                'id': '55-055X',\n                'price': '$84.900',\n                'brand': 'Alpinestars',\n                'category': 'Productos',\n                'variant': 'Sin Variante',\n                'list': 'Search Results',\n                'position': '6'\n              },              {\n                'name': 'Mica Antiparra 8 Pines (Ni\u00f1o)',       \/\/ Name or ID is required.\n                'id': '55-0564',\n                'price': '$4.500',\n                'brand': 'MSR',\n                'category': 'Productos',\n                'variant': 'Sin Variante',\n                'list': 'Search Results',\n                'position': '7'\n              },              {\n                'name': 'Mica Antiparra Answer Apex',       \/\/ Name or ID is required.\n                'id': '55-0561',\n                'price': '$6.900',\n                'brand': 'Answer Syncron',\n                'category': 'Productos',\n                'variant': 'Sin Variante',\n                'list': 'Search Results',\n                'position': '8'\n              },              {\n                'name': 'Mica Antiparra Progrip 3111 (Ni\u00f1o)',       \/\/ Name or ID is required.\n                'id': '3111CLEAR',\n                'price': '$10.900',\n                'brand': 'Progrip',\n                'category': 'Productos',\n                'variant': 'Sin Variante',\n                'list': 'Search Results',\n                'position': '9'\n              },              {\n                'name': 'Mica Antiparra Progrip 3121 (Ni\u00f1o)',       \/\/ Name or ID is required.\n                'id': '3121SMOKE',\n                'price': '$10.900',\n                'brand': 'Progrip',\n                'category': 'Productos',\n                'variant': 'Sin Variante',\n                'list': 'Search Results',\n                'position': '10'\n              },              {\n                'name': 'Mica Antiparra 100%',       \/\/ Name or ID is required.\n                'id': '51002-002-02',\n                'price': '$16.900',\n                'brand': '',\n                'category': 'Productos',\n                'variant': 'Sin Variante',\n                'list': 'Search Results',\n                'position': '11'\n              },              {\n                'name': 'Mica Antiparra 100%',       \/\/ Name or ID is required.\n                'id': '51001-010-02',\n                'price': '$10.900',\n                'brand': '',\n                'category': 'Productos',\n                'variant': 'Sin Variante',\n                'list': 'Search Results',\n                'position': '12'\n              },              {\n                'name': 'Mica Antiparra 100%',       \/\/ Name or ID is required.\n                'id': '51002-003-02',\n                'price': '$16.900',\n                'brand': '',\n                'category': 'Productos',\n                'variant': 'Sin Variante',\n                'list': 'Search Results',\n                'position': '13'\n              },              {\n                'name': 'Mica Antiparra 100%',       \/\/ Name or ID is required.\n                'id': '51002-009-02',\n                'price': '$16.900',\n                'brand': '',\n                'category': 'Productos',\n                'variant': 'Sin Variante',\n                'list': 'Search Results',\n                'position': '14'\n              },              {\n                'name': 'Cinturon Alpinestars Ageless Web',       \/\/ Name or ID is required.\n                'id': '1019-93300',\n                'price': '$17.900',\n                'brand': 'Alpinestars',\n                'category': 'Productos',\n                'variant': 'Sin Variante',\n                'list': 'Search Results',\n                'position': '15'\n              },              {\n                'name': 'Mica Antiparra Progrip (Azul)',       \/\/ Name or ID is required.\n                'id': '17-0912',\n                'price': '$26.900',\n                'brand': 'Progrip',\n                'category': 'Productos',\n                'variant': 'Sin Variante',\n                'list': 'Search Results',\n                'position': '16'\n              },              {\n                'name': 'Mica Antiparra Progrip (Amarillo)',       \/\/ Name or ID is required.\n                'id': '17-0987',\n                'price': '$26.900',\n                'brand': 'Progrip',\n                'category': 'Productos',\n                'variant': 'Sin Variante',\n                'list': 'Search Results',\n                'position': '17'\n              },              {\n                'name': 'Mica Antiparra Progrip (Rojo)',       \/\/ Name or ID is required.\n                'id': '17-1012',\n                'price': '$26.900',\n                'brand': 'Progrip',\n                'category': 'Productos',\n                'variant': 'Sin Variante',\n                'list': 'Search Results',\n                'position': '18'\n              },              {\n                'name': 'Mica Antiparra Progrip (Naranjo)',       \/\/ Name or ID is required.\n                'id': '17-1013',\n                'price': '$26.900',\n                'brand': 'Progrip',\n                'category': 'Productos',\n                'variant': 'Sin Variante',\n                'list': 'Search Results',\n                'position': '19'\n              },              {\n                'name': 'Mica Antiparra Progrip (Plata)',       \/\/ Name or ID is required.\n                'id': '17-1014',\n                'price': '$26.900',\n                'brand': 'Progrip',\n                'category': 'Productos',\n                'variant': 'Sin Variante',\n                'list': 'Search Results',\n                'position': '20'\n              },              {\n                'name': 'Mica Antiparra Progrip (Transparente)',       \/\/ Name or ID is required.\n                'id': '17-8090',\n                'price': '$17.900',\n                'brand': 'Progrip',\n                'category': 'Productos',\n                'variant': 'Sin Variante',\n                'list': 'Search Results',\n                'position': '21'\n              },              {\n                'name': 'Vicera Alpinestars S-M10\/S-M8 Solid (Rojo)',       \/\/ Name or ID is required.\n                'id': '8981219-3000',\n                'price': '$79.900',\n                'brand': 'Alpinestars',\n                'category': 'Productos',\n                'variant': 'Sin Variante',\n                'list': 'Search Results',\n                'position': '22'\n              },              {\n                'name': 'Vicera Alpinestars S-M10\/S-M8 Solid (Naranjo)',       \/\/ Name or ID is required.\n                'id': '8981219-4000',\n                'price': '$79.900',\n                'brand': 'Alpinestars',\n                'category': 'Productos',\n                'variant': 'Sin Variante',\n                'list': 'Search Results',\n                'position': '23'\n              },              {\n                'name': 'Vicera Alpinestars S-M8 Deus Ex Machina',       \/\/ Name or ID is required.\n                'id': '8982020-2180',\n                'price': '$79.900',\n                'brand': 'Alpinestars',\n                'category': 'Productos',\n                'variant': 'Sin Variante',\n                'list': 'Search Results',\n                'position': '24'\n              },              ]\n            }\n          });\n  <\/script>\n  \n  <!---->\n\n<div class=\"products row\">\n            \t\n\n<script>\nfunction clickDataLayer(product_name, product_id, product_price, product_brand, product_category, product_combination, position, link) {\n  dataLayer.push({ ecommerce: null });  \/\/ Clear the previous ecommerce object.\n\n  dataLayer.push({\n    'event': 'productClick',\n    'ecommerce': {\n      'click': {\n        'actionField': {'list': 'Search Results'},      \/\/ Optional list property.\n        'products': [{\n          'name': product_name,                      \/\/ Name or ID is required.\n          'id': product_id,\n          'price': product_price,\n          'brand': product_brand,\n          'category': product_category,\n          'variant': product_combination,\n          'position': position\n         }]\n       }\n     },\n     'eventCallback': function() {\n       \/\/document.location = 'link';\n       \/\/console.log(dataLayer);\n      }\n  });\n}\n<\/script>\n\n<!--<div class=\"js-product product col-xs-6 col-xl-3\">-->\n<div class=\"product_show_grid \njs-product product \ncol-xs-6 col-sm-6 col-lg-4 col-xl-4 test\"\n>\n  \n  <article class=\"product-miniature js-product-miniature\" data-id-product=\"7562\" data-id-product-attribute=\"15883\">\n    <div class=\"thumbnail-container\">\n              <div class=\"thumbnail-top\">\n                \n                                <a href=\"https:\/\/ubikemotos.cl\/equipamiento\/7562-15883-balaclava-ixon-airblock-hood#\/3-color-negro\/1509-talla-lg_xl\" class=\"thumbnail product-thumbnail single-image\">\n                  <picture class=\"image-first\">\n                    <img\n                      src=\"https:\/\/ubikemotos.cl\/29521-home_default\/balaclava-ixon-airblock-hood.jpg\"\n                      alt=\"Balaclava Ixon Airblock Hood\"\n                      loading=\"lazy\"\n                      width=\"250\"\n                      height=\"250\"\n                    \/>\n                  <\/picture>\n                  \n                  <!--sello cyber-black-->\n                                                                                                                                                                                                                                       <div class=\"category-badge\" style=\"position: absolute; bottom: 10px; right: 10px; z-index: 2;\">\n                        <img src=\"\/img\/cms\/webp\/Cyber2026\/sello-cyber-ubike.webp\" class=\"badge-icon\" alt=\"Cyber Ubike\">\n                      <\/div>\n                                        <!--sello cyber-black-->\n                  \n\n                  \n                  <!--sello Oto\u00f1o\n                                                                                                                                                                                                                                                                                                                                 sello Oto\u00f1o-->\n                  \n                  <!--sello Invierno-->\n                                                                                                                                                                                                                                                                                                                                 <!--sello Invierno-->\n                  \n                                  <\/a>\n                            \n              \n                \n                          <\/div>\n\n      <div class=\"product-description\">\n        \n                      <h2 class=\"h3 product-title\"><a href=\"https:\/\/ubikemotos.cl\/equipamiento\/7562-15883-balaclava-ixon-airblock-hood#\/3-color-negro\/1509-talla-lg_xl\" content=\"https:\/\/ubikemotos.cl\/equipamiento\/7562-15883-balaclava-ixon-airblock-hood#\/3-color-negro\/1509-talla-lg_xl\">Balaclava Ixon Airblock Hood<\/a><\/h2>\n                  \n\n        \n                       \n                 <!---- <div class=\"brand-img\">\n                  <a href=\"https:\/\/ubikemotos.cl\/marcas\/ixon\">\n                    <img \n                      src=\"\/img\/m\/26-small_default.jpg\" \n                      alt=\"Ixon\" \n                      title=\"Ixon\" \n                      loading=\"lazy\"\n                      class=\"img img-thumbnail manufacturer-logo\"\n                    >\n                  <\/a>                \n                <\/div>-->  \n                <!--<a href=\"https:\/\/ubikemotos.cl\/marcas\/ixon\"><span style=\"font-weight:600\">Marca:<\/span> Ixon<\/a>-->\n                                \n              \n\n        \n                      <div class=\"product-price-and-shipping\">\n              \n              \n\n              <span class=\"price\" aria-label=\"Precio\">\n                                                  $49.000\n                              <\/span>\n\n              \n\n                            \n            <\/div>\n            \n                  \n\n        \n              \n        \n      <\/div>\n\n      <div class=\"vermasproductos\">\n        <a title=\"See more about Balaclava Ixon Airblock Hood\" href=\"https:\/\/ubikemotos.cl\/equipamiento\/7562-15883-balaclava-ixon-airblock-hood#\/3-color-negro\/1509-talla-lg_xl\" class=\"boton-agregar btn btn-primary add-to-cart\">Ver m\u00e1s\n                         <\/a>\n      <\/div>\n\n      \n    <ul class=\"product-flags js-product-flags\">\n            <\/ul>\n\n    <\/div>\n  <\/article>\n<\/div>\n\n            \t\n\n<script>\nfunction clickDataLayer(product_name, product_id, product_price, product_brand, product_category, product_combination, position, link) {\n  dataLayer.push({ ecommerce: null });  \/\/ Clear the previous ecommerce object.\n\n  dataLayer.push({\n    'event': 'productClick',\n    'ecommerce': {\n      'click': {\n        'actionField': {'list': 'Search Results'},      \/\/ Optional list property.\n        'products': [{\n          'name': product_name,                      \/\/ Name or ID is required.\n          'id': product_id,\n          'price': product_price,\n          'brand': product_brand,\n          'category': product_category,\n          'variant': product_combination,\n          'position': position\n         }]\n       }\n     },\n     'eventCallback': function() {\n       \/\/document.location = 'link';\n       \/\/console.log(dataLayer);\n      }\n  });\n}\n<\/script>\n\n<!--<div class=\"js-product product col-xs-6 col-xl-3\">-->\n<div class=\"product_show_grid \njs-product product \ncol-xs-6 col-sm-6 col-lg-4 col-xl-4 test\"\n>\n  \n  <article class=\"product-miniature js-product-miniature\" data-id-product=\"7563\" data-id-product-attribute=\"15885\">\n    <div class=\"thumbnail-container\">\n              <div class=\"thumbnail-top\">\n                \n                                <a href=\"https:\/\/ubikemotos.cl\/equipamiento\/7563-15885-balaclava-ixon-thermal-hood-2#\/3-color-negro\/1509-talla-lg_xl\" class=\"thumbnail product-thumbnail single-image\">\n                  <picture class=\"image-first\">\n                    <img\n                      src=\"https:\/\/ubikemotos.cl\/29523-home_default\/balaclava-ixon-thermal-hood-2.jpg\"\n                      alt=\"Balaclava Ixon Thermal Hood 2\"\n                      loading=\"lazy\"\n                      width=\"250\"\n                      height=\"250\"\n                    \/>\n                  <\/picture>\n                  \n                  <!--sello cyber-black-->\n                                                                                                                                                                                                                                       <div class=\"category-badge\" style=\"position: absolute; bottom: 10px; right: 10px; z-index: 2;\">\n                        <img src=\"\/img\/cms\/webp\/Cyber2026\/sello-cyber-ubike.webp\" class=\"badge-icon\" alt=\"Cyber Ubike\">\n                      <\/div>\n                                        <!--sello cyber-black-->\n                  \n\n                  \n                  <!--sello Oto\u00f1o\n                                                                                                                                                                                                                                                                                                                                 sello Oto\u00f1o-->\n                  \n                  <!--sello Invierno-->\n                                                                                                                                                                                                                                                                                                                                 <!--sello Invierno-->\n                  \n                                  <\/a>\n                            \n              \n                \n                          <\/div>\n\n      <div class=\"product-description\">\n        \n                      <h2 class=\"h3 product-title\"><a href=\"https:\/\/ubikemotos.cl\/equipamiento\/7563-15885-balaclava-ixon-thermal-hood-2#\/3-color-negro\/1509-talla-lg_xl\" content=\"https:\/\/ubikemotos.cl\/equipamiento\/7563-15885-balaclava-ixon-thermal-hood-2#\/3-color-negro\/1509-talla-lg_xl\">Balaclava Ixon Thermal Hood 2<\/a><\/h2>\n                  \n\n        \n                       \n                 <!---- <div class=\"brand-img\">\n                  <a href=\"https:\/\/ubikemotos.cl\/marcas\/ixon\">\n                    <img \n                      src=\"\/img\/m\/26-small_default.jpg\" \n                      alt=\"Ixon\" \n                      title=\"Ixon\" \n                      loading=\"lazy\"\n                      class=\"img img-thumbnail manufacturer-logo\"\n                    >\n                  <\/a>                \n                <\/div>-->  \n                <!--<a href=\"https:\/\/ubikemotos.cl\/marcas\/ixon\"><span style=\"font-weight:600\">Marca:<\/span> Ixon<\/a>-->\n                                \n              \n\n        \n                      <div class=\"product-price-and-shipping\">\n              \n              \n\n              <span class=\"price\" aria-label=\"Precio\">\n                                                  $42.000\n                              <\/span>\n\n              \n\n                            \n            <\/div>\n            \n                  \n\n        \n              \n        \n      <\/div>\n\n      <div class=\"vermasproductos\">\n        <a title=\"See more about Balaclava Ixon Thermal Hood 2\" href=\"https:\/\/ubikemotos.cl\/equipamiento\/7563-15885-balaclava-ixon-thermal-hood-2#\/3-color-negro\/1509-talla-lg_xl\" class=\"boton-agregar btn btn-primary add-to-cart\">Ver m\u00e1s\n                         <\/a>\n      <\/div>\n\n      \n    <ul class=\"product-flags js-product-flags\">\n            <\/ul>\n\n    <\/div>\n  <\/article>\n<\/div>\n\n            \t\n\n<script>\nfunction clickDataLayer(product_name, product_id, product_price, product_brand, product_category, product_combination, position, link) {\n  dataLayer.push({ ecommerce: null });  \/\/ Clear the previous ecommerce object.\n\n  dataLayer.push({\n    'event': 'productClick',\n    'ecommerce': {\n      'click': {\n        'actionField': {'list': 'Search Results'},      \/\/ Optional list property.\n        'products': [{\n          'name': product_name,                      \/\/ Name or ID is required.\n          'id': product_id,\n          'price': product_price,\n          'brand': product_brand,\n          'category': product_category,\n          'variant': product_combination,\n          'position': position\n         }]\n       }\n     },\n     'eventCallback': function() {\n       \/\/document.location = 'link';\n       \/\/console.log(dataLayer);\n      }\n  });\n}\n<\/script>\n\n<!--<div class=\"js-product product col-xs-6 col-xl-3\">-->\n<div class=\"product_show_grid \njs-product product \ncol-xs-6 col-sm-6 col-lg-4 col-xl-4 test\"\n>\n  \n  <article class=\"product-miniature js-product-miniature\" data-id-product=\"7181\" data-id-product-attribute=\"14261\">\n    <div class=\"thumbnail-container\">\n              <div class=\"thumbnail-top\">\n                \n                                <a href=\"https:\/\/ubikemotos.cl\/equipamiento\/7181-14261-calceta-sidi-mud-trail#\/61-color-negro_verde\/1082-talla-37_42\" class=\"thumbnail product-thumbnail single-image\">\n                  <picture class=\"image-first\">\n                    <img\n                      src=\"https:\/\/ubikemotos.cl\/23997-home_default\/calceta-sidi-mud-trail.jpg\"\n                      alt=\"Calceta Sidi Mud Trail\"\n                      loading=\"lazy\"\n                      width=\"250\"\n                      height=\"250\"\n                    \/>\n                  <\/picture>\n                  \n                  <!--sello cyber-black-->\n                                                                                                                                                                                                                                       <div class=\"category-badge\" style=\"position: absolute; bottom: 10px; right: 10px; z-index: 2;\">\n                        <img src=\"\/img\/cms\/webp\/Cyber2026\/sello-cyber-ubike.webp\" class=\"badge-icon\" alt=\"Cyber Ubike\">\n                      <\/div>\n                                        <!--sello cyber-black-->\n                  \n\n                  \n                  <!--sello Oto\u00f1o\n                                                                                                                                                                                                                                                                                                                                 sello Oto\u00f1o-->\n                  \n                  <!--sello Invierno-->\n                                                                                                                                                                                                                                                                                                                                 <!--sello Invierno-->\n                  \n                                  <\/a>\n                            \n              \n                \n                          <\/div>\n\n      <div class=\"product-description\">\n        \n                      <h2 class=\"h3 product-title\"><a href=\"https:\/\/ubikemotos.cl\/equipamiento\/7181-14261-calceta-sidi-mud-trail#\/61-color-negro_verde\/1082-talla-37_42\" content=\"https:\/\/ubikemotos.cl\/equipamiento\/7181-14261-calceta-sidi-mud-trail#\/61-color-negro_verde\/1082-talla-37_42\">Calceta Sidi Mud Trail<\/a><\/h2>\n                  \n\n        \n                       \n                 <!---- <div class=\"brand-img\">\n                  <a href=\"https:\/\/ubikemotos.cl\/marcas\/sidi\">\n                    <img \n                      src=\"\/img\/m\/28-small_default.jpg\" \n                      alt=\"Sidi\" \n                      title=\"Sidi\" \n                      loading=\"lazy\"\n                      class=\"img img-thumbnail manufacturer-logo\"\n                    >\n                  <\/a>                \n                <\/div>-->  \n                <!--<a href=\"https:\/\/ubikemotos.cl\/marcas\/sidi\"><span style=\"font-weight:600\">Marca:<\/span> Sidi<\/a>-->\n                                \n              \n\n        \n                      <div class=\"product-price-and-shipping\">\n              \n              \n\n              <span class=\"price\" aria-label=\"Precio\">\n                                                  $75.000\n                              <\/span>\n\n              \n\n                            \n            <\/div>\n            \n                  \n\n        \n              \n        \n      <\/div>\n\n      <div class=\"vermasproductos\">\n        <a title=\"See more about Calceta Sidi Mud Trail\" href=\"https:\/\/ubikemotos.cl\/equipamiento\/7181-14261-calceta-sidi-mud-trail#\/61-color-negro_verde\/1082-talla-37_42\" class=\"boton-agregar btn btn-primary add-to-cart\">Ver m\u00e1s\n                         <\/a>\n      <\/div>\n\n      \n    <ul class=\"product-flags js-product-flags\">\n            <\/ul>\n\n    <\/div>\n  <\/article>\n<\/div>\n\n            \t\n\n<script>\nfunction clickDataLayer(product_name, product_id, product_price, product_brand, product_category, product_combination, position, link) {\n  dataLayer.push({ ecommerce: null });  \/\/ Clear the previous ecommerce object.\n\n  dataLayer.push({\n    'event': 'productClick',\n    'ecommerce': {\n      'click': {\n        'actionField': {'list': 'Search Results'},      \/\/ Optional list property.\n        'products': [{\n          'name': product_name,                      \/\/ Name or ID is required.\n          'id': product_id,\n          'price': product_price,\n          'brand': product_brand,\n          'category': product_category,\n          'variant': product_combination,\n          'position': position\n         }]\n       }\n     },\n     'eventCallback': function() {\n       \/\/document.location = 'link';\n       \/\/console.log(dataLayer);\n      }\n  });\n}\n<\/script>\n\n<!--<div class=\"js-product product col-xs-6 col-xl-3\">-->\n<div class=\"product_show_grid \njs-product product \ncol-xs-6 col-sm-6 col-lg-4 col-xl-4 test\"\n>\n  \n  <article class=\"product-miniature js-product-miniature\" data-id-product=\"7182\" data-id-product-attribute=\"14267\">\n    <div class=\"thumbnail-container\">\n              <div class=\"thumbnail-top\">\n                \n                                <a href=\"https:\/\/ubikemotos.cl\/equipamiento\/7182-14267-calceta-sidi-off-sprint#\/38-color-amarillo_negro\/1082-talla-37_42\" class=\"thumbnail product-thumbnail has-multiple-images\">\n                  <picture class=\"image-first\">\n                    <img\n                      src=\"https:\/\/ubikemotos.cl\/23999-home_default\/calceta-sidi-off-sprint.jpg\"\n                      alt=\"Calceta Sidi Off Sprint\"\n                      loading=\"lazy\"\n                      width=\"250\"\n                      height=\"250\"\n                    \/>\n                  <\/picture>\n                  \n                  <!--sello cyber-black-->\n                                                                                                                                                                                                                                       <div class=\"category-badge\" style=\"position: absolute; bottom: 10px; right: 10px; z-index: 2;\">\n                        <img src=\"\/img\/cms\/webp\/Cyber2026\/sello-cyber-ubike.webp\" class=\"badge-icon\" alt=\"Cyber Ubike\">\n                      <\/div>\n                                        <!--sello cyber-black-->\n                  \n\n                  \n                  <!--sello Oto\u00f1o\n                                                                                                                                                                                                                                                                                                                                 sello Oto\u00f1o-->\n                  \n                  <!--sello Invierno-->\n                                                                                                                                                                                                                                                                                                                                 <!--sello Invierno-->\n                  \n                                      <picture class=\"image-second\">\n                      <img\n                        src=\"https:\/\/ubikemotos.cl\/24010-home_default\/calceta-sidi-off-sprint.jpg\"\n                        alt=\"Calceta Sidi Off Sprint\"\n                        loading=\"lazy\"\n                        width=\"250\"\n                        height=\"250\"\n                      \/>\n                    <\/picture>\n                                  <\/a>\n                            \n              \n                \n                          <\/div>\n\n      <div class=\"product-description\">\n        \n                      <h2 class=\"h3 product-title\"><a href=\"https:\/\/ubikemotos.cl\/equipamiento\/7182-14267-calceta-sidi-off-sprint#\/38-color-amarillo_negro\/1082-talla-37_42\" content=\"https:\/\/ubikemotos.cl\/equipamiento\/7182-14267-calceta-sidi-off-sprint#\/38-color-amarillo_negro\/1082-talla-37_42\">Calceta Sidi Off Sprint<\/a><\/h2>\n                  \n\n        \n                       \n                 <!---- <div class=\"brand-img\">\n                  <a href=\"https:\/\/ubikemotos.cl\/marcas\/sidi\">\n                    <img \n                      src=\"\/img\/m\/28-small_default.jpg\" \n                      alt=\"Sidi\" \n                      title=\"Sidi\" \n                      loading=\"lazy\"\n                      class=\"img img-thumbnail manufacturer-logo\"\n                    >\n                  <\/a>                \n                <\/div>-->  \n                <!--<a href=\"https:\/\/ubikemotos.cl\/marcas\/sidi\"><span style=\"font-weight:600\">Marca:<\/span> Sidi<\/a>-->\n                                \n              \n\n        \n                      <div class=\"product-price-and-shipping\">\n              \n              \n\n              <span class=\"price\" aria-label=\"Precio\">\n                                                  $19.900\n                              <\/span>\n\n              \n\n                            \n            <\/div>\n            \n                  \n\n        \n              \n        \n      <\/div>\n\n      <div class=\"vermasproductos\">\n        <a title=\"See more about Calceta Sidi Off Sprint\" href=\"https:\/\/ubikemotos.cl\/equipamiento\/7182-14267-calceta-sidi-off-sprint#\/38-color-amarillo_negro\/1082-talla-37_42\" class=\"boton-agregar btn btn-primary add-to-cart\">Ver m\u00e1s\n                         <\/a>\n      <\/div>\n\n      \n    <ul class=\"product-flags js-product-flags\">\n            <\/ul>\n\n    <\/div>\n  <\/article>\n<\/div>\n\n            \t\n\n<script>\nfunction clickDataLayer(product_name, product_id, product_price, product_brand, product_category, product_combination, position, link) {\n  dataLayer.push({ ecommerce: null });  \/\/ Clear the previous ecommerce object.\n\n  dataLayer.push({\n    'event': 'productClick',\n    'ecommerce': {\n      'click': {\n        'actionField': {'list': 'Search Results'},      \/\/ Optional list property.\n        'products': [{\n          'name': product_name,                      \/\/ Name or ID is required.\n          'id': product_id,\n          'price': product_price,\n          'brand': product_brand,\n          'category': product_category,\n          'variant': product_combination,\n          'position': position\n         }]\n       }\n     },\n     'eventCallback': function() {\n       \/\/document.location = 'link';\n       \/\/console.log(dataLayer);\n      }\n  });\n}\n<\/script>\n\n<!--<div class=\"js-product product col-xs-6 col-xl-3\">-->\n<div class=\"product_show_grid \njs-product product \ncol-xs-6 col-sm-6 col-lg-4 col-xl-4 test\"\n>\n  \n  <article class=\"product-miniature js-product-miniature\" data-id-product=\"7183\" data-id-product-attribute=\"14271\">\n    <div class=\"thumbnail-container\">\n              <div class=\"thumbnail-top\">\n                \n                                <a href=\"https:\/\/ubikemotos.cl\/equipamiento\/7183-14271-calceta-sidi-woops#\/54-color-negro_rojo\/1082-talla-37_42\" class=\"thumbnail product-thumbnail has-multiple-images\">\n                  <picture class=\"image-first\">\n                    <img\n                      src=\"https:\/\/ubikemotos.cl\/24013-home_default\/calceta-sidi-woops.jpg\"\n                      alt=\"Calceta Sidi Woops\"\n                      loading=\"lazy\"\n                      width=\"250\"\n                      height=\"250\"\n                    \/>\n                  <\/picture>\n                  \n                  <!--sello cyber-black-->\n                                                                                                                                                                                                                                       <div class=\"category-badge\" style=\"position: absolute; bottom: 10px; right: 10px; z-index: 2;\">\n                        <img src=\"\/img\/cms\/webp\/Cyber2026\/sello-cyber-ubike.webp\" class=\"badge-icon\" alt=\"Cyber Ubike\">\n                      <\/div>\n                                        <!--sello cyber-black-->\n                  \n\n                  \n                  <!--sello Oto\u00f1o\n                                                                                                                                                                                                                                                                                                                                 sello Oto\u00f1o-->\n                  \n                  <!--sello Invierno-->\n                                                                                                                                                                                                                                                                                                                                 <!--sello Invierno-->\n                  \n                                      <picture class=\"image-second\">\n                      <img\n                        src=\"https:\/\/ubikemotos.cl\/24018-home_default\/calceta-sidi-woops.jpg\"\n                        alt=\"Calceta Sidi Woops\"\n                        loading=\"lazy\"\n                        width=\"250\"\n                        height=\"250\"\n                      \/>\n                    <\/picture>\n                                  <\/a>\n                            \n              \n                \n                          <\/div>\n\n      <div class=\"product-description\">\n        \n                      <h2 class=\"h3 product-title\"><a href=\"https:\/\/ubikemotos.cl\/equipamiento\/7183-14271-calceta-sidi-woops#\/54-color-negro_rojo\/1082-talla-37_42\" content=\"https:\/\/ubikemotos.cl\/equipamiento\/7183-14271-calceta-sidi-woops#\/54-color-negro_rojo\/1082-talla-37_42\">Calceta Sidi Woops<\/a><\/h2>\n                  \n\n        \n                       \n                 <!---- <div class=\"brand-img\">\n                  <a href=\"https:\/\/ubikemotos.cl\/marcas\/sidi\">\n                    <img \n                      src=\"\/img\/m\/28-small_default.jpg\" \n                      alt=\"Sidi\" \n                      title=\"Sidi\" \n                      loading=\"lazy\"\n                      class=\"img img-thumbnail manufacturer-logo\"\n                    >\n                  <\/a>                \n                <\/div>-->  \n                <!--<a href=\"https:\/\/ubikemotos.cl\/marcas\/sidi\"><span style=\"font-weight:600\">Marca:<\/span> Sidi<\/a>-->\n                                \n              \n\n        \n                      <div class=\"product-price-and-shipping\">\n              \n              \n\n              <span class=\"price\" aria-label=\"Precio\">\n                                                  $19.900\n                              <\/span>\n\n              \n\n                            \n            <\/div>\n            \n                  \n\n        \n              \n        \n      <\/div>\n\n      <div class=\"vermasproductos\">\n        <a title=\"See more about Calceta Sidi Woops\" href=\"https:\/\/ubikemotos.cl\/equipamiento\/7183-14271-calceta-sidi-woops#\/54-color-negro_rojo\/1082-talla-37_42\" class=\"boton-agregar btn btn-primary add-to-cart\">Ver m\u00e1s\n                         <\/a>\n      <\/div>\n\n      \n    <ul class=\"product-flags js-product-flags\">\n            <\/ul>\n\n    <\/div>\n  <\/article>\n<\/div>\n\n            \t\n\n<script>\nfunction clickDataLayer(product_name, product_id, product_price, product_brand, product_category, product_combination, position, link) {\n  dataLayer.push({ ecommerce: null });  \/\/ Clear the previous ecommerce object.\n\n  dataLayer.push({\n    'event': 'productClick',\n    'ecommerce': {\n      'click': {\n        'actionField': {'list': 'Search Results'},      \/\/ Optional list property.\n        'products': [{\n          'name': product_name,                      \/\/ Name or ID is required.\n          'id': product_id,\n          'price': product_price,\n          'brand': product_brand,\n          'category': product_category,\n          'variant': product_combination,\n          'position': position\n         }]\n       }\n     },\n     'eventCallback': function() {\n       \/\/document.location = 'link';\n       \/\/console.log(dataLayer);\n      }\n  });\n}\n<\/script>\n\n<!--<div class=\"js-product product col-xs-6 col-xl-3\">-->\n<div class=\"product_show_grid \njs-product product \ncol-xs-6 col-sm-6 col-lg-4 col-xl-4 test\"\n>\n  \n  <article class=\"product-miniature js-product-miniature\" data-id-product=\"1766\" data-id-product-attribute=\"11246\">\n    <div class=\"thumbnail-container\">\n              <div class=\"thumbnail-top\">\n                \n                                <a href=\"https:\/\/ubikemotos.cl\/productos\/1766-11246-mica-antiparra-4-pines#\/17-color-gris\/158-talla-talla_unica\" class=\"thumbnail product-thumbnail single-image\">\n                  <picture class=\"image-first\">\n                    <img\n                      src=\"https:\/\/ubikemotos.cl\/18742-home_default\/mica-antiparra-4-pines.jpg\"\n                      alt=\"Mica Antiparra 4 Pines\"\n                      loading=\"lazy\"\n                      width=\"250\"\n                      height=\"250\"\n                    \/>\n                  <\/picture>\n                  \n                  <!--sello cyber-black-->\n                                                                                                                                                                                                                                                     <!--sello cyber-black-->\n                  \n\n                  \n                  <!--sello Oto\u00f1o\n                                                                                                                                                                                                                                                     sello Oto\u00f1o-->\n                  \n                  <!--sello Invierno-->\n                                                                                                                                                                                                                                                     <!--sello Invierno-->\n                  \n                                  <\/a>\n                            \n              \n                \n                          <\/div>\n\n      <div class=\"product-description\">\n        \n                      <h2 class=\"h3 product-title\"><a href=\"https:\/\/ubikemotos.cl\/productos\/1766-11246-mica-antiparra-4-pines#\/17-color-gris\/158-talla-talla_unica\" content=\"https:\/\/ubikemotos.cl\/productos\/1766-11246-mica-antiparra-4-pines#\/17-color-gris\/158-talla-talla_unica\">Mica Antiparra 4 Pines<\/a><\/h2>\n                  \n\n        \n                       \n                 <!---- <div class=\"brand-img\">\n                  <a href=\"https:\/\/ubikemotos.cl\/marcas\/alpinestars\">\n                    <img \n                      src=\"\/img\/m\/6-small_default.jpg\" \n                      alt=\"Alpinestars\" \n                      title=\"Alpinestars\" \n                      loading=\"lazy\"\n                      class=\"img img-thumbnail manufacturer-logo\"\n                    >\n                  <\/a>                \n                <\/div>-->  \n                <!--<a href=\"https:\/\/ubikemotos.cl\/marcas\/alpinestars\"><span style=\"font-weight:600\">Marca:<\/span> Alpinestars<\/a>-->\n                                \n              \n\n        \n                      <div class=\"product-price-and-shipping\">\n              \n              \n\n              <span class=\"price\" aria-label=\"Precio\">\n                                                  $84.900\n                              <\/span>\n\n              \n\n                            \n            <\/div>\n            \n                  \n\n        \n              \n        \n      <\/div>\n\n      <div class=\"vermasproductos\">\n        <a title=\"See more about Mica Antiparra 4 Pines\" href=\"https:\/\/ubikemotos.cl\/productos\/1766-11246-mica-antiparra-4-pines#\/17-color-gris\/158-talla-talla_unica\" class=\"boton-agregar btn btn-primary add-to-cart\">Ver m\u00e1s\n                         <\/a>\n      <\/div>\n\n      \n    <ul class=\"product-flags js-product-flags\">\n            <\/ul>\n\n    <\/div>\n  <\/article>\n<\/div>\n\n            \t\n\n<script>\nfunction clickDataLayer(product_name, product_id, product_price, product_brand, product_category, product_combination, position, link) {\n  dataLayer.push({ ecommerce: null });  \/\/ Clear the previous ecommerce object.\n\n  dataLayer.push({\n    'event': 'productClick',\n    'ecommerce': {\n      'click': {\n        'actionField': {'list': 'Search Results'},      \/\/ Optional list property.\n        'products': [{\n          'name': product_name,                      \/\/ Name or ID is required.\n          'id': product_id,\n          'price': product_price,\n          'brand': product_brand,\n          'category': product_category,\n          'variant': product_combination,\n          'position': position\n         }]\n       }\n     },\n     'eventCallback': function() {\n       \/\/document.location = 'link';\n       \/\/console.log(dataLayer);\n      }\n  });\n}\n<\/script>\n\n<!--<div class=\"js-product product col-xs-6 col-xl-3\">-->\n<div class=\"product_show_grid \njs-product product \ncol-xs-6 col-sm-6 col-lg-4 col-xl-4 test\"\n>\n  \n  <article class=\"product-miniature js-product-miniature\" data-id-product=\"1772\" data-id-product-attribute=\"11244\">\n    <div class=\"thumbnail-container\">\n              <div class=\"thumbnail-top\">\n                \n                                <a href=\"https:\/\/ubikemotos.cl\/productos\/1772-11244-mica-antiparra-8-pines-nino#\/17-color-gris\/158-talla-talla_unica\" class=\"thumbnail product-thumbnail single-image\">\n                  <picture class=\"image-first\">\n                    <img\n                      src=\"https:\/\/ubikemotos.cl\/18740-home_default\/mica-antiparra-8-pines-nino.jpg\"\n                      alt=\"Mica Antiparra 8 Pines (Ni\u00f1o)\"\n                      loading=\"lazy\"\n                      width=\"250\"\n                      height=\"250\"\n                    \/>\n                  <\/picture>\n                  \n                  <!--sello cyber-black-->\n                                                                                                                                                                                                                                                     <!--sello cyber-black-->\n                  \n\n                  \n                  <!--sello Oto\u00f1o\n                                                                                                                                                                                                                                                     sello Oto\u00f1o-->\n                  \n                  <!--sello Invierno-->\n                                                                                                                                                                                                                                                     <!--sello Invierno-->\n                  \n                                  <\/a>\n                            \n              \n                \n                          <\/div>\n\n      <div class=\"product-description\">\n        \n                      <h2 class=\"h3 product-title\"><a href=\"https:\/\/ubikemotos.cl\/productos\/1772-11244-mica-antiparra-8-pines-nino#\/17-color-gris\/158-talla-talla_unica\" content=\"https:\/\/ubikemotos.cl\/productos\/1772-11244-mica-antiparra-8-pines-nino#\/17-color-gris\/158-talla-talla_unica\">Mica Antiparra 8 Pines (Ni\u00f1o)<\/a><\/h2>\n                  \n\n        \n                       \n                 <!---- <div class=\"brand-img\">\n                  <a href=\"https:\/\/ubikemotos.cl\/marcas\/msr\">\n                    <img \n                      src=\"\/img\/m\/39-small_default.jpg\" \n                      alt=\"MSR\" \n                      title=\"MSR\" \n                      loading=\"lazy\"\n                      class=\"img img-thumbnail manufacturer-logo\"\n                    >\n                  <\/a>                \n                <\/div>-->  \n                <!--<a href=\"https:\/\/ubikemotos.cl\/marcas\/msr\"><span style=\"font-weight:600\">Marca:<\/span> MSR<\/a>-->\n                                \n              \n\n        \n                      <div class=\"product-price-and-shipping\">\n              \n              \n\n              <span class=\"price\" aria-label=\"Precio\">\n                                                  $4.500\n                              <\/span>\n\n              \n\n                            \n            <\/div>\n            \n                  \n\n        \n              \n        \n      <\/div>\n\n      <div class=\"vermasproductos\">\n        <a title=\"See more about Mica Antiparra 8 Pines (Ni\u00f1o)\" href=\"https:\/\/ubikemotos.cl\/productos\/1772-11244-mica-antiparra-8-pines-nino#\/17-color-gris\/158-talla-talla_unica\" class=\"boton-agregar btn btn-primary add-to-cart\">Ver m\u00e1s\n                         <\/a>\n      <\/div>\n\n      \n    <ul class=\"product-flags js-product-flags\">\n            <\/ul>\n\n    <\/div>\n  <\/article>\n<\/div>\n\n            \t\n\n<script>\nfunction clickDataLayer(product_name, product_id, product_price, product_brand, product_category, product_combination, position, link) {\n  dataLayer.push({ ecommerce: null });  \/\/ Clear the previous ecommerce object.\n\n  dataLayer.push({\n    'event': 'productClick',\n    'ecommerce': {\n      'click': {\n        'actionField': {'list': 'Search Results'},      \/\/ Optional list property.\n        'products': [{\n          'name': product_name,                      \/\/ Name or ID is required.\n          'id': product_id,\n          'price': product_price,\n          'brand': product_brand,\n          'category': product_category,\n          'variant': product_combination,\n          'position': position\n         }]\n       }\n     },\n     'eventCallback': function() {\n       \/\/document.location = 'link';\n       \/\/console.log(dataLayer);\n      }\n  });\n}\n<\/script>\n\n<!--<div class=\"js-product product col-xs-6 col-xl-3\">-->\n<div class=\"product_show_grid \njs-product product \ncol-xs-6 col-sm-6 col-lg-4 col-xl-4 test\"\n>\n  \n  <article class=\"product-miniature js-product-miniature\" data-id-product=\"1773\" data-id-product-attribute=\"11242\">\n    <div class=\"thumbnail-container\">\n              <div class=\"thumbnail-top\">\n                \n                                <a href=\"https:\/\/ubikemotos.cl\/productos\/1773-11242-mica-antiparra-answer-apex#\/17-color-gris\/158-talla-talla_unica\" class=\"thumbnail product-thumbnail single-image\">\n                  <picture class=\"image-first\">\n                    <img\n                      src=\"https:\/\/ubikemotos.cl\/18738-home_default\/mica-antiparra-answer-apex.jpg\"\n                      alt=\"Mica Antiparra Answer Apex\"\n                      loading=\"lazy\"\n                      width=\"250\"\n                      height=\"250\"\n                    \/>\n                  <\/picture>\n                  \n                  <!--sello cyber-black-->\n                                                                                                                                                                                                                                                     <!--sello cyber-black-->\n                  \n\n                  \n                  <!--sello Oto\u00f1o\n                                                                                                                                                                                                                                                     sello Oto\u00f1o-->\n                  \n                  <!--sello Invierno-->\n                                                                                                                                                                                                                                                     <!--sello Invierno-->\n                  \n                                  <\/a>\n                            \n              \n                \n                          <\/div>\n\n      <div class=\"product-description\">\n        \n                      <h2 class=\"h3 product-title\"><a href=\"https:\/\/ubikemotos.cl\/productos\/1773-11242-mica-antiparra-answer-apex#\/17-color-gris\/158-talla-talla_unica\" content=\"https:\/\/ubikemotos.cl\/productos\/1773-11242-mica-antiparra-answer-apex#\/17-color-gris\/158-talla-talla_unica\">Mica Antiparra Answer Apex<\/a><\/h2>\n                  \n\n        \n                       \n                 <!---- <div class=\"brand-img\">\n                  <a href=\"https:\/\/ubikemotos.cl\/marcas\/answer-syncron\">\n                    <img \n                      src=\"\/img\/m\/40-small_default.jpg\" \n                      alt=\"Answer Syncron\" \n                      title=\"Answer Syncron\" \n                      loading=\"lazy\"\n                      class=\"img img-thumbnail manufacturer-logo\"\n                    >\n                  <\/a>                \n                <\/div>-->  \n                <!--<a href=\"https:\/\/ubikemotos.cl\/marcas\/answer-syncron\"><span style=\"font-weight:600\">Marca:<\/span> Answer Syncron<\/a>-->\n                                \n              \n\n        \n                      <div class=\"product-price-and-shipping\">\n              \n              \n\n              <span class=\"price\" aria-label=\"Precio\">\n                                                  $6.900\n                              <\/span>\n\n              \n\n                            \n            <\/div>\n            \n                  \n\n        \n              \n        \n      <\/div>\n\n      <div class=\"vermasproductos\">\n        <a title=\"See more about Mica Antiparra Answer Apex\" href=\"https:\/\/ubikemotos.cl\/productos\/1773-11242-mica-antiparra-answer-apex#\/17-color-gris\/158-talla-talla_unica\" class=\"boton-agregar btn btn-primary add-to-cart\">Ver m\u00e1s\n                         <\/a>\n      <\/div>\n\n      \n    <ul class=\"product-flags js-product-flags\">\n            <\/ul>\n\n    <\/div>\n  <\/article>\n<\/div>\n\n            \t\n\n<script>\nfunction clickDataLayer(product_name, product_id, product_price, product_brand, product_category, product_combination, position, link) {\n  dataLayer.push({ ecommerce: null });  \/\/ Clear the previous ecommerce object.\n\n  dataLayer.push({\n    'event': 'productClick',\n    'ecommerce': {\n      'click': {\n        'actionField': {'list': 'Search Results'},      \/\/ Optional list property.\n        'products': [{\n          'name': product_name,                      \/\/ Name or ID is required.\n          'id': product_id,\n          'price': product_price,\n          'brand': product_brand,\n          'category': product_category,\n          'variant': product_combination,\n          'position': position\n         }]\n       }\n     },\n     'eventCallback': function() {\n       \/\/document.location = 'link';\n       \/\/console.log(dataLayer);\n      }\n  });\n}\n<\/script>\n\n<!--<div class=\"js-product product col-xs-6 col-xl-3\">-->\n<div class=\"product_show_grid \njs-product product \ncol-xs-6 col-sm-6 col-lg-4 col-xl-4 test\"\n>\n  \n  <article class=\"product-miniature js-product-miniature\" data-id-product=\"1775\" data-id-product-attribute=\"11241\">\n    <div class=\"thumbnail-container\">\n              <div class=\"thumbnail-top\">\n                \n                                <a href=\"https:\/\/ubikemotos.cl\/productos\/1775-11241-mica-antiparra-progrip-3111-nino#\/158-talla-talla_unica\/411-color-transparente\" class=\"thumbnail product-thumbnail single-image\">\n                  <picture class=\"image-first\">\n                    <img\n                      src=\"https:\/\/ubikemotos.cl\/18737-home_default\/mica-antiparra-progrip-3111-nino.jpg\"\n                      alt=\"Mica Antiparra Progrip 3111 (Ni\u00f1o)\"\n                      loading=\"lazy\"\n                      width=\"250\"\n                      height=\"250\"\n                    \/>\n                  <\/picture>\n                  \n                  <!--sello cyber-black-->\n                                                                                                                                                                                                                                                     <!--sello cyber-black-->\n                  \n\n                  \n                  <!--sello Oto\u00f1o\n                                                                                                                                                                                                                                                     sello Oto\u00f1o-->\n                  \n                  <!--sello Invierno-->\n                                                                                                                                                                                                                                                     <!--sello Invierno-->\n                  \n                                  <\/a>\n                            \n              \n                \n                          <\/div>\n\n      <div class=\"product-description\">\n        \n                      <h2 class=\"h3 product-title\"><a href=\"https:\/\/ubikemotos.cl\/productos\/1775-11241-mica-antiparra-progrip-3111-nino#\/158-talla-talla_unica\/411-color-transparente\" content=\"https:\/\/ubikemotos.cl\/productos\/1775-11241-mica-antiparra-progrip-3111-nino#\/158-talla-talla_unica\/411-color-transparente\">Mica Antiparra Progrip 3111 (Ni\u00f1o)<\/a><\/h2>\n                  \n\n        \n                       \n                 <!---- <div class=\"brand-img\">\n                  <a href=\"https:\/\/ubikemotos.cl\/marcas\/progrip\">\n                    <img \n                      src=\"\/img\/m\/24-small_default.jpg\" \n                      alt=\"Progrip\" \n                      title=\"Progrip\" \n                      loading=\"lazy\"\n                      class=\"img img-thumbnail manufacturer-logo\"\n                    >\n                  <\/a>                \n                <\/div>-->  \n                <!--<a href=\"https:\/\/ubikemotos.cl\/marcas\/progrip\"><span style=\"font-weight:600\">Marca:<\/span> Progrip<\/a>-->\n                                \n              \n\n        \n                      <div class=\"product-price-and-shipping\">\n              \n              \n\n              <span class=\"price\" aria-label=\"Precio\">\n                                                  $10.900\n                              <\/span>\n\n              \n\n                            \n            <\/div>\n            \n                  \n\n        \n              \n        \n      <\/div>\n\n      <div class=\"vermasproductos\">\n        <a title=\"See more about Mica Antiparra Progrip 3111 (Ni\u00f1o)\" href=\"https:\/\/ubikemotos.cl\/productos\/1775-11241-mica-antiparra-progrip-3111-nino#\/158-talla-talla_unica\/411-color-transparente\" class=\"boton-agregar btn btn-primary add-to-cart\">Ver m\u00e1s\n                         <\/a>\n      <\/div>\n\n      \n    <ul class=\"product-flags js-product-flags\">\n            <\/ul>\n\n    <\/div>\n  <\/article>\n<\/div>\n\n            \t\n\n<script>\nfunction clickDataLayer(product_name, product_id, product_price, product_brand, product_category, product_combination, position, link) {\n  dataLayer.push({ ecommerce: null });  \/\/ Clear the previous ecommerce object.\n\n  dataLayer.push({\n    'event': 'productClick',\n    'ecommerce': {\n      'click': {\n        'actionField': {'list': 'Search Results'},      \/\/ Optional list property.\n        'products': [{\n          'name': product_name,                      \/\/ Name or ID is required.\n          'id': product_id,\n          'price': product_price,\n          'brand': product_brand,\n          'category': product_category,\n          'variant': product_combination,\n          'position': position\n         }]\n       }\n     },\n     'eventCallback': function() {\n       \/\/document.location = 'link';\n       \/\/console.log(dataLayer);\n      }\n  });\n}\n<\/script>\n\n<!--<div class=\"js-product product col-xs-6 col-xl-3\">-->\n<div class=\"product_show_grid \njs-product product \ncol-xs-6 col-sm-6 col-lg-4 col-xl-4 test\"\n>\n  \n  <article class=\"product-miniature js-product-miniature\" data-id-product=\"1776\" data-id-product-attribute=\"11240\">\n    <div class=\"thumbnail-container\">\n              <div class=\"thumbnail-top\">\n                \n                                <a href=\"https:\/\/ubikemotos.cl\/productos\/1776-11240-mica-antiparra-progrip-3121-nino#\/17-color-gris\/158-talla-talla_unica\" class=\"thumbnail product-thumbnail single-image\">\n                  <picture class=\"image-first\">\n                    <img\n                      src=\"https:\/\/ubikemotos.cl\/18736-home_default\/mica-antiparra-progrip-3121-nino.jpg\"\n                      alt=\"Mica Antiparra Progrip 3121 (Ni\u00f1o)\"\n                      loading=\"lazy\"\n                      width=\"250\"\n                      height=\"250\"\n                    \/>\n                  <\/picture>\n                  \n                  <!--sello cyber-black-->\n                                                                                                                                                                                                                                                     <!--sello cyber-black-->\n                  \n\n                  \n                  <!--sello Oto\u00f1o\n                                                                                                                                                                                                                                                     sello Oto\u00f1o-->\n                  \n                  <!--sello Invierno-->\n                                                                                                                                                                                                                                                     <!--sello Invierno-->\n                  \n                                  <\/a>\n                            \n              \n                \n                          <\/div>\n\n      <div class=\"product-description\">\n        \n                      <h2 class=\"h3 product-title\"><a href=\"https:\/\/ubikemotos.cl\/productos\/1776-11240-mica-antiparra-progrip-3121-nino#\/17-color-gris\/158-talla-talla_unica\" content=\"https:\/\/ubikemotos.cl\/productos\/1776-11240-mica-antiparra-progrip-3121-nino#\/17-color-gris\/158-talla-talla_unica\">Mica Antiparra Progrip 3121 (Ni\u00f1o)<\/a><\/h2>\n                  \n\n        \n                       \n                 <!---- <div class=\"brand-img\">\n                  <a href=\"https:\/\/ubikemotos.cl\/marcas\/progrip\">\n                    <img \n                      src=\"\/img\/m\/24-small_default.jpg\" \n                      alt=\"Progrip\" \n                      title=\"Progrip\" \n                      loading=\"lazy\"\n                      class=\"img img-thumbnail manufacturer-logo\"\n                    >\n                  <\/a>                \n                <\/div>-->  \n                <!--<a href=\"https:\/\/ubikemotos.cl\/marcas\/progrip\"><span style=\"font-weight:600\">Marca:<\/span> Progrip<\/a>-->\n                                \n              \n\n        \n                      <div class=\"product-price-and-shipping\">\n              \n              \n\n              <span class=\"price\" aria-label=\"Precio\">\n                                                  $10.900\n                              <\/span>\n\n              \n\n                            \n            <\/div>\n            \n                  \n\n        \n              \n        \n      <\/div>\n\n      <div class=\"vermasproductos\">\n        <a title=\"See more about Mica Antiparra Progrip 3121 (Ni\u00f1o)\" href=\"https:\/\/ubikemotos.cl\/productos\/1776-11240-mica-antiparra-progrip-3121-nino#\/17-color-gris\/158-talla-talla_unica\" class=\"boton-agregar btn btn-primary add-to-cart\">Ver m\u00e1s\n                         <\/a>\n      <\/div>\n\n      \n    <ul class=\"product-flags js-product-flags\">\n            <\/ul>\n\n    <\/div>\n  <\/article>\n<\/div>\n\n            \t\n\n<script>\nfunction clickDataLayer(product_name, product_id, product_price, product_brand, product_category, product_combination, position, link) {\n  dataLayer.push({ ecommerce: null });  \/\/ Clear the previous ecommerce object.\n\n  dataLayer.push({\n    'event': 'productClick',\n    'ecommerce': {\n      'click': {\n        'actionField': {'list': 'Search Results'},      \/\/ Optional list property.\n        'products': [{\n          'name': product_name,                      \/\/ Name or ID is required.\n          'id': product_id,\n          'price': product_price,\n          'brand': product_brand,\n          'category': product_category,\n          'variant': product_combination,\n          'position': position\n         }]\n       }\n     },\n     'eventCallback': function() {\n       \/\/document.location = 'link';\n       \/\/console.log(dataLayer);\n      }\n  });\n}\n<\/script>\n\n<!--<div class=\"js-product product col-xs-6 col-xl-3\">-->\n<div class=\"product_show_grid \njs-product product \ncol-xs-6 col-sm-6 col-lg-4 col-xl-4 test\"\n>\n  \n  <article class=\"product-miniature js-product-miniature\" data-id-product=\"2030\" data-id-product-attribute=\"11137\">\n    <div class=\"thumbnail-container\">\n              <div class=\"thumbnail-top\">\n                \n                                <a href=\"https:\/\/ubikemotos.cl\/productos\/2030-11137-mica-antiparra-100#\/9-color-azul\/158-talla-talla_unica\" class=\"thumbnail product-thumbnail single-image\">\n                  <picture class=\"image-first\">\n                    <img\n                      src=\"https:\/\/ubikemotos.cl\/18558-home_default\/mica-antiparra-100.jpg\"\n                      alt=\"Mica Antiparra 100%\"\n                      loading=\"lazy\"\n                      width=\"250\"\n                      height=\"250\"\n                    \/>\n                  <\/picture>\n                  \n                  <!--sello cyber-black-->\n                                                                                                                                                                                                                                                     <!--sello cyber-black-->\n                  \n\n                  \n                  <!--sello Oto\u00f1o\n                                                                                                                                                                                                                                                     sello Oto\u00f1o-->\n                  \n                  <!--sello Invierno-->\n                                                                                                                                                                                                                                                     <!--sello Invierno-->\n                  \n                                  <\/a>\n                            \n              \n                \n                          <\/div>\n\n      <div class=\"product-description\">\n        \n                      <h2 class=\"h3 product-title\"><a href=\"https:\/\/ubikemotos.cl\/productos\/2030-11137-mica-antiparra-100#\/9-color-azul\/158-talla-talla_unica\" content=\"https:\/\/ubikemotos.cl\/productos\/2030-11137-mica-antiparra-100#\/9-color-azul\/158-talla-talla_unica\">Mica Antiparra 100%<\/a><\/h2>\n                  \n\n        \n                                \n              \n\n        \n                      <div class=\"product-price-and-shipping\">\n              \n              \n\n              <span class=\"price\" aria-label=\"Precio\">\n                                                  $16.900\n                              <\/span>\n\n              \n\n                            \n            <\/div>\n            \n                  \n\n        \n              \n        \n      <\/div>\n\n      <div class=\"vermasproductos\">\n        <a title=\"See more about Mica Antiparra 100%\" href=\"https:\/\/ubikemotos.cl\/productos\/2030-11137-mica-antiparra-100#\/9-color-azul\/158-talla-talla_unica\" class=\"boton-agregar btn btn-primary add-to-cart\">Ver m\u00e1s\n                         <\/a>\n      <\/div>\n\n      \n    <ul class=\"product-flags js-product-flags\">\n                    <li class=\"product-flag out_of_stock\"><\/li>\n            <\/ul>\n\n    <\/div>\n  <\/article>\n<\/div>\n\n            \t\n\n<script>\nfunction clickDataLayer(product_name, product_id, product_price, product_brand, product_category, product_combination, position, link) {\n  dataLayer.push({ ecommerce: null });  \/\/ Clear the previous ecommerce object.\n\n  dataLayer.push({\n    'event': 'productClick',\n    'ecommerce': {\n      'click': {\n        'actionField': {'list': 'Search Results'},      \/\/ Optional list property.\n        'products': [{\n          'name': product_name,                      \/\/ Name or ID is required.\n          'id': product_id,\n          'price': product_price,\n          'brand': product_brand,\n          'category': product_category,\n          'variant': product_combination,\n          'position': position\n         }]\n       }\n     },\n     'eventCallback': function() {\n       \/\/document.location = 'link';\n       \/\/console.log(dataLayer);\n      }\n  });\n}\n<\/script>\n\n<!--<div class=\"js-product product col-xs-6 col-xl-3\">-->\n<div class=\"product_show_grid \njs-product product \ncol-xs-6 col-sm-6 col-lg-4 col-xl-4 test\"\n>\n  \n  <article class=\"product-miniature js-product-miniature\" data-id-product=\"2031\" data-id-product-attribute=\"11136\">\n    <div class=\"thumbnail-container\">\n              <div class=\"thumbnail-top\">\n                \n                                <a href=\"https:\/\/ubikemotos.cl\/productos\/2031-11136-mica-antiparra-100#\/158-talla-talla_unica\/411-color-transparente\" class=\"thumbnail product-thumbnail single-image\">\n                  <picture class=\"image-first\">\n                    <img\n                      src=\"https:\/\/ubikemotos.cl\/18557-home_default\/mica-antiparra-100.jpg\"\n                      alt=\"Mica Antiparra 100%\"\n                      loading=\"lazy\"\n                      width=\"250\"\n                      height=\"250\"\n                    \/>\n                  <\/picture>\n                  \n                  <!--sello cyber-black-->\n                                                                                                                                                                                                                                                     <!--sello cyber-black-->\n                  \n\n                  \n                  <!--sello Oto\u00f1o\n                                                                                                                                                                                                                                                     sello Oto\u00f1o-->\n                  \n                  <!--sello Invierno-->\n                                                                                                                                                                                                                                                     <!--sello Invierno-->\n                  \n                                  <\/a>\n                            \n              \n                \n                          <\/div>\n\n      <div class=\"product-description\">\n        \n                      <h2 class=\"h3 product-title\"><a href=\"https:\/\/ubikemotos.cl\/productos\/2031-11136-mica-antiparra-100#\/158-talla-talla_unica\/411-color-transparente\" content=\"https:\/\/ubikemotos.cl\/productos\/2031-11136-mica-antiparra-100#\/158-talla-talla_unica\/411-color-transparente\">Mica Antiparra 100%<\/a><\/h2>\n                  \n\n        \n                                \n              \n\n        \n                      <div class=\"product-price-and-shipping\">\n              \n              \n\n              <span class=\"price\" aria-label=\"Precio\">\n                                                  $10.900\n                              <\/span>\n\n              \n\n                            \n            <\/div>\n            \n                  \n\n        \n              \n        \n      <\/div>\n\n      <div class=\"vermasproductos\">\n        <a title=\"See more about Mica Antiparra 100%\" href=\"https:\/\/ubikemotos.cl\/productos\/2031-11136-mica-antiparra-100#\/158-talla-talla_unica\/411-color-transparente\" class=\"boton-agregar btn btn-primary add-to-cart\">Ver m\u00e1s\n                         <\/a>\n      <\/div>\n\n      \n    <ul class=\"product-flags js-product-flags\">\n                    <li class=\"product-flag out_of_stock\"><\/li>\n            <\/ul>\n\n    <\/div>\n  <\/article>\n<\/div>\n\n            \t\n\n<script>\nfunction clickDataLayer(product_name, product_id, product_price, product_brand, product_category, product_combination, position, link) {\n  dataLayer.push({ ecommerce: null });  \/\/ Clear the previous ecommerce object.\n\n  dataLayer.push({\n    'event': 'productClick',\n    'ecommerce': {\n      'click': {\n        'actionField': {'list': 'Search Results'},      \/\/ Optional list property.\n        'products': [{\n          'name': product_name,                      \/\/ Name or ID is required.\n          'id': product_id,\n          'price': product_price,\n          'brand': product_brand,\n          'category': product_category,\n          'variant': product_combination,\n          'position': position\n         }]\n       }\n     },\n     'eventCallback': function() {\n       \/\/document.location = 'link';\n       \/\/console.log(dataLayer);\n      }\n  });\n}\n<\/script>\n\n<!--<div class=\"js-product product col-xs-6 col-xl-3\">-->\n<div class=\"product_show_grid \njs-product product \ncol-xs-6 col-sm-6 col-lg-4 col-xl-4 test\"\n>\n  \n  <article class=\"product-miniature js-product-miniature\" data-id-product=\"2032\" data-id-product-attribute=\"11135\">\n    <div class=\"thumbnail-container\">\n              <div class=\"thumbnail-top\">\n                \n                                <a href=\"https:\/\/ubikemotos.cl\/productos\/2032-11135-mica-antiparra-100#\/20-color-rojo\/158-talla-talla_unica\" class=\"thumbnail product-thumbnail single-image\">\n                  <picture class=\"image-first\">\n                    <img\n                      src=\"https:\/\/ubikemotos.cl\/18556-home_default\/mica-antiparra-100.jpg\"\n                      alt=\"Mica Antiparra 100%\"\n                      loading=\"lazy\"\n                      width=\"250\"\n                      height=\"250\"\n                    \/>\n                  <\/picture>\n                  \n                  <!--sello cyber-black-->\n                                                                                                                                                                                                                                                     <!--sello cyber-black-->\n                  \n\n                  \n                  <!--sello Oto\u00f1o\n                                                                                                                                                                                                                                                     sello Oto\u00f1o-->\n                  \n                  <!--sello Invierno-->\n                                                                                                                                                                                                                                                     <!--sello Invierno-->\n                  \n                                  <\/a>\n                            \n              \n                \n                          <\/div>\n\n      <div class=\"product-description\">\n        \n                      <h2 class=\"h3 product-title\"><a href=\"https:\/\/ubikemotos.cl\/productos\/2032-11135-mica-antiparra-100#\/20-color-rojo\/158-talla-talla_unica\" content=\"https:\/\/ubikemotos.cl\/productos\/2032-11135-mica-antiparra-100#\/20-color-rojo\/158-talla-talla_unica\">Mica Antiparra 100%<\/a><\/h2>\n                  \n\n        \n                                \n              \n\n        \n                      <div class=\"product-price-and-shipping\">\n              \n              \n\n              <span class=\"price\" aria-label=\"Precio\">\n                                                  $16.900\n                              <\/span>\n\n              \n\n                            \n            <\/div>\n            \n                  \n\n        \n              \n        \n      <\/div>\n\n      <div class=\"vermasproductos\">\n        <a title=\"See more about Mica Antiparra 100%\" href=\"https:\/\/ubikemotos.cl\/productos\/2032-11135-mica-antiparra-100#\/20-color-rojo\/158-talla-talla_unica\" class=\"boton-agregar btn btn-primary add-to-cart\">Ver m\u00e1s\n                         <\/a>\n      <\/div>\n\n      \n    <ul class=\"product-flags js-product-flags\">\n                    <li class=\"product-flag out_of_stock\"><\/li>\n            <\/ul>\n\n    <\/div>\n  <\/article>\n<\/div>\n\n            \t\n\n<script>\nfunction clickDataLayer(product_name, product_id, product_price, product_brand, product_category, product_combination, position, link) {\n  dataLayer.push({ ecommerce: null });  \/\/ Clear the previous ecommerce object.\n\n  dataLayer.push({\n    'event': 'productClick',\n    'ecommerce': {\n      'click': {\n        'actionField': {'list': 'Search Results'},      \/\/ Optional list property.\n        'products': [{\n          'name': product_name,                      \/\/ Name or ID is required.\n          'id': product_id,\n          'price': product_price,\n          'brand': product_brand,\n          'category': product_category,\n          'variant': product_combination,\n          'position': position\n         }]\n       }\n     },\n     'eventCallback': function() {\n       \/\/document.location = 'link';\n       \/\/console.log(dataLayer);\n      }\n  });\n}\n<\/script>\n\n<!--<div class=\"js-product product col-xs-6 col-xl-3\">-->\n<div class=\"product_show_grid \njs-product product \ncol-xs-6 col-sm-6 col-lg-4 col-xl-4 test\"\n>\n  \n  <article class=\"product-miniature js-product-miniature\" data-id-product=\"2033\" data-id-product-attribute=\"11134\">\n    <div class=\"thumbnail-container\">\n              <div class=\"thumbnail-top\">\n                \n                                <a href=\"https:\/\/ubikemotos.cl\/productos\/2033-11134-mica-antiparra-100#\/158-talla-talla_unica\/538-color-dorado\" class=\"thumbnail product-thumbnail single-image\">\n                  <picture class=\"image-first\">\n                    <img\n                      src=\"https:\/\/ubikemotos.cl\/18555-home_default\/mica-antiparra-100.jpg\"\n                      alt=\"Mica Antiparra 100%\"\n                      loading=\"lazy\"\n                      width=\"250\"\n                      height=\"250\"\n                    \/>\n                  <\/picture>\n                  \n                  <!--sello cyber-black-->\n                                                                                                                                                                                                                                                     <!--sello cyber-black-->\n                  \n\n                  \n                  <!--sello Oto\u00f1o\n                                                                                                                                                                                                                                                     sello Oto\u00f1o-->\n                  \n                  <!--sello Invierno-->\n                                                                                                                                                                                                                                                     <!--sello Invierno-->\n                  \n                                  <\/a>\n                            \n              \n                \n                          <\/div>\n\n      <div class=\"product-description\">\n        \n                      <h2 class=\"h3 product-title\"><a href=\"https:\/\/ubikemotos.cl\/productos\/2033-11134-mica-antiparra-100#\/158-talla-talla_unica\/538-color-dorado\" content=\"https:\/\/ubikemotos.cl\/productos\/2033-11134-mica-antiparra-100#\/158-talla-talla_unica\/538-color-dorado\">Mica Antiparra 100%<\/a><\/h2>\n                  \n\n        \n                                \n              \n\n        \n                      <div class=\"product-price-and-shipping\">\n              \n              \n\n              <span class=\"price\" aria-label=\"Precio\">\n                                                  $16.900\n                              <\/span>\n\n              \n\n                            \n            <\/div>\n            \n                  \n\n        \n              \n        \n      <\/div>\n\n      <div class=\"vermasproductos\">\n        <a title=\"See more about Mica Antiparra 100%\" href=\"https:\/\/ubikemotos.cl\/productos\/2033-11134-mica-antiparra-100#\/158-talla-talla_unica\/538-color-dorado\" class=\"boton-agregar btn btn-primary add-to-cart\">Ver m\u00e1s\n                         <\/a>\n      <\/div>\n\n      \n    <ul class=\"product-flags js-product-flags\">\n                    <li class=\"product-flag out_of_stock\"><\/li>\n            <\/ul>\n\n    <\/div>\n  <\/article>\n<\/div>\n\n            \t\n\n<script>\nfunction clickDataLayer(product_name, product_id, product_price, product_brand, product_category, product_combination, position, link) {\n  dataLayer.push({ ecommerce: null });  \/\/ Clear the previous ecommerce object.\n\n  dataLayer.push({\n    'event': 'productClick',\n    'ecommerce': {\n      'click': {\n        'actionField': {'list': 'Search Results'},      \/\/ Optional list property.\n        'products': [{\n          'name': product_name,                      \/\/ Name or ID is required.\n          'id': product_id,\n          'price': product_price,\n          'brand': product_brand,\n          'category': product_category,\n          'variant': product_combination,\n          'position': position\n         }]\n       }\n     },\n     'eventCallback': function() {\n       \/\/document.location = 'link';\n       \/\/console.log(dataLayer);\n      }\n  });\n}\n<\/script>\n\n<!--<div class=\"js-product product col-xs-6 col-xl-3\">-->\n<div class=\"product_show_grid \njs-product product \ncol-xs-6 col-sm-6 col-lg-4 col-xl-4 test\"\n>\n  \n  <article class=\"product-miniature js-product-miniature\" data-id-product=\"3378\" data-id-product-attribute=\"9660\">\n    <div class=\"thumbnail-container\">\n              <div class=\"thumbnail-top\">\n                \n                                <a href=\"https:\/\/ubikemotos.cl\/productos\/3378-9660-cinturon-alpinestars-ageless-web#\/158-talla-talla_unica\/473-color-negro_verde_militar\" class=\"thumbnail product-thumbnail single-image\">\n                  <picture class=\"image-first\">\n                    <img\n                      src=\"https:\/\/ubikemotos.cl\/16884-home_default\/cinturon-alpinestars-ageless-web.jpg\"\n                      alt=\"Cinturon Alpinestars Ageless Web\"\n                      loading=\"lazy\"\n                      width=\"250\"\n                      height=\"250\"\n                    \/>\n                  <\/picture>\n                  \n                  <!--sello cyber-black-->\n                                                                                                                                                                                                                                                                             <div class=\"category-badge\" style=\"position: absolute; bottom: 10px; right: 10px; z-index: 2;\">\n                        <img src=\"\/img\/cms\/webp\/Cyber2026\/sello-cyber-ubike.webp\" class=\"badge-icon\" alt=\"Cyber Ubike\">\n                      <\/div>\n                                        <!--sello cyber-black-->\n                  \n\n                  \n                  <!--sello Oto\u00f1o\n                                                                                                                                                                                                                                                                                                                                                                       sello Oto\u00f1o-->\n                  \n                  <!--sello Invierno-->\n                                                                                                                                                                                                                                                                                                                                                                       <!--sello Invierno-->\n                  \n                                  <\/a>\n                            \n              \n                \n                          <\/div>\n\n      <div class=\"product-description\">\n        \n                      <h2 class=\"h3 product-title\"><a href=\"https:\/\/ubikemotos.cl\/productos\/3378-9660-cinturon-alpinestars-ageless-web#\/158-talla-talla_unica\/473-color-negro_verde_militar\" content=\"https:\/\/ubikemotos.cl\/productos\/3378-9660-cinturon-alpinestars-ageless-web#\/158-talla-talla_unica\/473-color-negro_verde_militar\">Cinturon Alpinestars Ageless Web<\/a><\/h2>\n                  \n\n        \n                       \n                 <!---- <div class=\"brand-img\">\n                  <a href=\"https:\/\/ubikemotos.cl\/marcas\/alpinestars\">\n                    <img \n                      src=\"\/img\/m\/6-small_default.jpg\" \n                      alt=\"Alpinestars\" \n                      title=\"Alpinestars\" \n                      loading=\"lazy\"\n                      class=\"img img-thumbnail manufacturer-logo\"\n                    >\n                  <\/a>                \n                <\/div>-->  \n                <!--<a href=\"https:\/\/ubikemotos.cl\/marcas\/alpinestars\"><span style=\"font-weight:600\">Marca:<\/span> Alpinestars<\/a>-->\n                                \n              \n\n        \n                      <div class=\"product-price-and-shipping\">\n              \n              \n\n              <span class=\"price\" aria-label=\"Precio\">\n                                                  $17.900\n                              <\/span>\n\n              \n\n                            \n            <\/div>\n            \n                  \n\n        \n              \n        \n      <\/div>\n\n      <div class=\"vermasproductos\">\n        <a title=\"See more about Cinturon Alpinestars Ageless Web\" href=\"https:\/\/ubikemotos.cl\/productos\/3378-9660-cinturon-alpinestars-ageless-web#\/158-talla-talla_unica\/473-color-negro_verde_militar\" class=\"boton-agregar btn btn-primary add-to-cart\">Ver m\u00e1s\n                         <\/a>\n      <\/div>\n\n      \n    <ul class=\"product-flags js-product-flags\">\n            <\/ul>\n\n    <\/div>\n  <\/article>\n<\/div>\n\n            \t\n\n<script>\nfunction clickDataLayer(product_name, product_id, product_price, product_brand, product_category, product_combination, position, link) {\n  dataLayer.push({ ecommerce: null });  \/\/ Clear the previous ecommerce object.\n\n  dataLayer.push({\n    'event': 'productClick',\n    'ecommerce': {\n      'click': {\n        'actionField': {'list': 'Search Results'},      \/\/ Optional list property.\n        'products': [{\n          'name': product_name,                      \/\/ Name or ID is required.\n          'id': product_id,\n          'price': product_price,\n          'brand': product_brand,\n          'category': product_category,\n          'variant': product_combination,\n          'position': position\n         }]\n       }\n     },\n     'eventCallback': function() {\n       \/\/document.location = 'link';\n       \/\/console.log(dataLayer);\n      }\n  });\n}\n<\/script>\n\n<!--<div class=\"js-product product col-xs-6 col-xl-3\">-->\n<div class=\"product_show_grid \njs-product product \ncol-xs-6 col-sm-6 col-lg-4 col-xl-4 test\"\n>\n  \n  <article class=\"product-miniature js-product-miniature\" data-id-product=\"4558\" data-id-product-attribute=\"8674\">\n    <div class=\"thumbnail-container\">\n              <div class=\"thumbnail-top\">\n                \n                                <a href=\"https:\/\/ubikemotos.cl\/productos\/4558-8674-mica-antiparra-progrip-azul#\/9-color-azul\/158-talla-talla_unica\" class=\"thumbnail product-thumbnail single-image\">\n                  <picture class=\"image-first\">\n                    <img\n                      src=\"https:\/\/ubikemotos.cl\/15425-home_default\/mica-antiparra-progrip-azul.jpg\"\n                      alt=\"Mica Antiparra Progrip (Azul)\"\n                      loading=\"lazy\"\n                      width=\"250\"\n                      height=\"250\"\n                    \/>\n                  <\/picture>\n                  \n                  <!--sello cyber-black-->\n                                                                                                                                                                                                                                                     <!--sello cyber-black-->\n                  \n\n                  \n                  <!--sello Oto\u00f1o\n                                                                                                                                                                                                                                                     sello Oto\u00f1o-->\n                  \n                  <!--sello Invierno-->\n                                                                                                                                                                                                                                                     <!--sello Invierno-->\n                  \n                                  <\/a>\n                            \n              \n                \n                          <\/div>\n\n      <div class=\"product-description\">\n        \n                      <h2 class=\"h3 product-title\"><a href=\"https:\/\/ubikemotos.cl\/productos\/4558-8674-mica-antiparra-progrip-azul#\/9-color-azul\/158-talla-talla_unica\" content=\"https:\/\/ubikemotos.cl\/productos\/4558-8674-mica-antiparra-progrip-azul#\/9-color-azul\/158-talla-talla_unica\">Mica Antiparra Progrip (Azul)<\/a><\/h2>\n                  \n\n        \n                       \n                 <!---- <div class=\"brand-img\">\n                  <a href=\"https:\/\/ubikemotos.cl\/marcas\/progrip\">\n                    <img \n                      src=\"\/img\/m\/24-small_default.jpg\" \n                      alt=\"Progrip\" \n                      title=\"Progrip\" \n                      loading=\"lazy\"\n                      class=\"img img-thumbnail manufacturer-logo\"\n                    >\n                  <\/a>                \n                <\/div>-->  \n                <!--<a href=\"https:\/\/ubikemotos.cl\/marcas\/progrip\"><span style=\"font-weight:600\">Marca:<\/span> Progrip<\/a>-->\n                                \n              \n\n        \n                      <div class=\"product-price-and-shipping\">\n              \n              \n\n              <span class=\"price\" aria-label=\"Precio\">\n                                                  $26.900\n                              <\/span>\n\n              \n\n                            \n            <\/div>\n            \n                  \n\n        \n              \n        \n      <\/div>\n\n      <div class=\"vermasproductos\">\n        <a title=\"See more about Mica Antiparra Progrip (Azul)\" href=\"https:\/\/ubikemotos.cl\/productos\/4558-8674-mica-antiparra-progrip-azul#\/9-color-azul\/158-talla-talla_unica\" class=\"boton-agregar btn btn-primary add-to-cart\">Ver m\u00e1s\n                         <\/a>\n      <\/div>\n\n      \n    <ul class=\"product-flags js-product-flags\">\n            <\/ul>\n\n    <\/div>\n  <\/article>\n<\/div>\n\n            \t\n\n<script>\nfunction clickDataLayer(product_name, product_id, product_price, product_brand, product_category, product_combination, position, link) {\n  dataLayer.push({ ecommerce: null });  \/\/ Clear the previous ecommerce object.\n\n  dataLayer.push({\n    'event': 'productClick',\n    'ecommerce': {\n      'click': {\n        'actionField': {'list': 'Search Results'},      \/\/ Optional list property.\n        'products': [{\n          'name': product_name,                      \/\/ Name or ID is required.\n          'id': product_id,\n          'price': product_price,\n          'brand': product_brand,\n          'category': product_category,\n          'variant': product_combination,\n          'position': position\n         }]\n       }\n     },\n     'eventCallback': function() {\n       \/\/document.location = 'link';\n       \/\/console.log(dataLayer);\n      }\n  });\n}\n<\/script>\n\n<!--<div class=\"js-product product col-xs-6 col-xl-3\">-->\n<div class=\"product_show_grid \njs-product product \ncol-xs-6 col-sm-6 col-lg-4 col-xl-4 test\"\n>\n  \n  <article class=\"product-miniature js-product-miniature\" data-id-product=\"4559\" data-id-product-attribute=\"8673\">\n    <div class=\"thumbnail-container\">\n              <div class=\"thumbnail-top\">\n                \n                                <a href=\"https:\/\/ubikemotos.cl\/productos\/4559-8673-mica-antiparra-progrip-amarillo#\/74-color-amarillo\/158-talla-talla_unica\" class=\"thumbnail product-thumbnail single-image\">\n                  <picture class=\"image-first\">\n                    <img\n                      src=\"https:\/\/ubikemotos.cl\/15424-home_default\/mica-antiparra-progrip-amarillo.jpg\"\n                      alt=\"Mica Antiparra Progrip (Amarillo)\"\n                      loading=\"lazy\"\n                      width=\"250\"\n                      height=\"250\"\n                    \/>\n                  <\/picture>\n                  \n                  <!--sello cyber-black-->\n                                                                                                                                                                                                                                                     <!--sello cyber-black-->\n                  \n\n                  \n                  <!--sello Oto\u00f1o\n                                                                                                                                                                                                                                                     sello Oto\u00f1o-->\n                  \n                  <!--sello Invierno-->\n                                                                                                                                                                                                                                                     <!--sello Invierno-->\n                  \n                                  <\/a>\n                            \n              \n                \n                          <\/div>\n\n      <div class=\"product-description\">\n        \n                      <h2 class=\"h3 product-title\"><a href=\"https:\/\/ubikemotos.cl\/productos\/4559-8673-mica-antiparra-progrip-amarillo#\/74-color-amarillo\/158-talla-talla_unica\" content=\"https:\/\/ubikemotos.cl\/productos\/4559-8673-mica-antiparra-progrip-amarillo#\/74-color-amarillo\/158-talla-talla_unica\">Mica Antiparra Progrip (Amarillo)<\/a><\/h2>\n                  \n\n        \n                       \n                 <!---- <div class=\"brand-img\">\n                  <a href=\"https:\/\/ubikemotos.cl\/marcas\/progrip\">\n                    <img \n                      src=\"\/img\/m\/24-small_default.jpg\" \n                      alt=\"Progrip\" \n                      title=\"Progrip\" \n                      loading=\"lazy\"\n                      class=\"img img-thumbnail manufacturer-logo\"\n                    >\n                  <\/a>                \n                <\/div>-->  \n                <!--<a href=\"https:\/\/ubikemotos.cl\/marcas\/progrip\"><span style=\"font-weight:600\">Marca:<\/span> Progrip<\/a>-->\n                                \n              \n\n        \n                      <div class=\"product-price-and-shipping\">\n              \n              \n\n              <span class=\"price\" aria-label=\"Precio\">\n                                                  $26.900\n                              <\/span>\n\n              \n\n                            \n            <\/div>\n            \n                  \n\n        \n              \n        \n      <\/div>\n\n      <div class=\"vermasproductos\">\n        <a title=\"See more about Mica Antiparra Progrip (Amarillo)\" href=\"https:\/\/ubikemotos.cl\/productos\/4559-8673-mica-antiparra-progrip-amarillo#\/74-color-amarillo\/158-talla-talla_unica\" class=\"boton-agregar btn btn-primary add-to-cart\">Ver m\u00e1s\n                         <\/a>\n      <\/div>\n\n      \n    <ul class=\"product-flags js-product-flags\">\n            <\/ul>\n\n    <\/div>\n  <\/article>\n<\/div>\n\n            \t\n\n<script>\nfunction clickDataLayer(product_name, product_id, product_price, product_brand, product_category, product_combination, position, link) {\n  dataLayer.push({ ecommerce: null });  \/\/ Clear the previous ecommerce object.\n\n  dataLayer.push({\n    'event': 'productClick',\n    'ecommerce': {\n      'click': {\n        'actionField': {'list': 'Search Results'},      \/\/ Optional list property.\n        'products': [{\n          'name': product_name,                      \/\/ Name or ID is required.\n          'id': product_id,\n          'price': product_price,\n          'brand': product_brand,\n          'category': product_category,\n          'variant': product_combination,\n          'position': position\n         }]\n       }\n     },\n     'eventCallback': function() {\n       \/\/document.location = 'link';\n       \/\/console.log(dataLayer);\n      }\n  });\n}\n<\/script>\n\n<!--<div class=\"js-product product col-xs-6 col-xl-3\">-->\n<div class=\"product_show_grid \njs-product product \ncol-xs-6 col-sm-6 col-lg-4 col-xl-4 test\"\n>\n  \n  <article class=\"product-miniature js-product-miniature\" data-id-product=\"4560\" data-id-product-attribute=\"8672\">\n    <div class=\"thumbnail-container\">\n              <div class=\"thumbnail-top\">\n                \n                                <a href=\"https:\/\/ubikemotos.cl\/productos\/4560-8672-mica-antiparra-progrip-rojo#\/20-color-rojo\/158-talla-talla_unica\" class=\"thumbnail product-thumbnail single-image\">\n                  <picture class=\"image-first\">\n                    <img\n                      src=\"https:\/\/ubikemotos.cl\/15423-home_default\/mica-antiparra-progrip-rojo.jpg\"\n                      alt=\"Mica Antiparra Progrip (Rojo)\"\n                      loading=\"lazy\"\n                      width=\"250\"\n                      height=\"250\"\n                    \/>\n                  <\/picture>\n                  \n                  <!--sello cyber-black-->\n                                                                                                                                                                                                                                                     <!--sello cyber-black-->\n                  \n\n                  \n                  <!--sello Oto\u00f1o\n                                                                                                                                                                                                                                                     sello Oto\u00f1o-->\n                  \n                  <!--sello Invierno-->\n                                                                                                                                                                                                                                                     <!--sello Invierno-->\n                  \n                                  <\/a>\n                            \n              \n                \n                          <\/div>\n\n      <div class=\"product-description\">\n        \n                      <h2 class=\"h3 product-title\"><a href=\"https:\/\/ubikemotos.cl\/productos\/4560-8672-mica-antiparra-progrip-rojo#\/20-color-rojo\/158-talla-talla_unica\" content=\"https:\/\/ubikemotos.cl\/productos\/4560-8672-mica-antiparra-progrip-rojo#\/20-color-rojo\/158-talla-talla_unica\">Mica Antiparra Progrip (Rojo)<\/a><\/h2>\n                  \n\n        \n                       \n                 <!---- <div class=\"brand-img\">\n                  <a href=\"https:\/\/ubikemotos.cl\/marcas\/progrip\">\n                    <img \n                      src=\"\/img\/m\/24-small_default.jpg\" \n                      alt=\"Progrip\" \n                      title=\"Progrip\" \n                      loading=\"lazy\"\n                      class=\"img img-thumbnail manufacturer-logo\"\n                    >\n                  <\/a>                \n                <\/div>-->  \n                <!--<a href=\"https:\/\/ubikemotos.cl\/marcas\/progrip\"><span style=\"font-weight:600\">Marca:<\/span> Progrip<\/a>-->\n                                \n              \n\n        \n                      <div class=\"product-price-and-shipping\">\n              \n              \n\n              <span class=\"price\" aria-label=\"Precio\">\n                                                  $26.900\n                              <\/span>\n\n              \n\n                            \n            <\/div>\n            \n                  \n\n        \n              \n        \n      <\/div>\n\n      <div class=\"vermasproductos\">\n        <a title=\"See more about Mica Antiparra Progrip (Rojo)\" href=\"https:\/\/ubikemotos.cl\/productos\/4560-8672-mica-antiparra-progrip-rojo#\/20-color-rojo\/158-talla-talla_unica\" class=\"boton-agregar btn btn-primary add-to-cart\">Ver m\u00e1s\n                         <\/a>\n      <\/div>\n\n      \n    <ul class=\"product-flags js-product-flags\">\n            <\/ul>\n\n    <\/div>\n  <\/article>\n<\/div>\n\n            \t\n\n<script>\nfunction clickDataLayer(product_name, product_id, product_price, product_brand, product_category, product_combination, position, link) {\n  dataLayer.push({ ecommerce: null });  \/\/ Clear the previous ecommerce object.\n\n  dataLayer.push({\n    'event': 'productClick',\n    'ecommerce': {\n      'click': {\n        'actionField': {'list': 'Search Results'},      \/\/ Optional list property.\n        'products': [{\n          'name': product_name,                      \/\/ Name or ID is required.\n          'id': product_id,\n          'price': product_price,\n          'brand': product_brand,\n          'category': product_category,\n          'variant': product_combination,\n          'position': position\n         }]\n       }\n     },\n     'eventCallback': function() {\n       \/\/document.location = 'link';\n       \/\/console.log(dataLayer);\n      }\n  });\n}\n<\/script>\n\n<!--<div class=\"js-product product col-xs-6 col-xl-3\">-->\n<div class=\"product_show_grid \njs-product product \ncol-xs-6 col-sm-6 col-lg-4 col-xl-4 test\"\n>\n  \n  <article class=\"product-miniature js-product-miniature\" data-id-product=\"4561\" data-id-product-attribute=\"8671\">\n    <div class=\"thumbnail-container\">\n              <div class=\"thumbnail-top\">\n                \n                                <a href=\"https:\/\/ubikemotos.cl\/productos\/4561-8671-mica-antiparra-progrip-naranjo#\/75-color-naranjo\/158-talla-talla_unica\" class=\"thumbnail product-thumbnail single-image\">\n                  <picture class=\"image-first\">\n                    <img\n                      src=\"https:\/\/ubikemotos.cl\/15422-home_default\/mica-antiparra-progrip-naranjo.jpg\"\n                      alt=\"Mica Antiparra Progrip (Naranjo)\"\n                      loading=\"lazy\"\n                      width=\"250\"\n                      height=\"250\"\n                    \/>\n                  <\/picture>\n                  \n                  <!--sello cyber-black-->\n                                                                                                                                                                                                                                                     <!--sello cyber-black-->\n                  \n\n                  \n                  <!--sello Oto\u00f1o\n                                                                                                                                                                                                                                                     sello Oto\u00f1o-->\n                  \n                  <!--sello Invierno-->\n                                                                                                                                                                                                                                                     <!--sello Invierno-->\n                  \n                                  <\/a>\n                            \n              \n                \n                          <\/div>\n\n      <div class=\"product-description\">\n        \n                      <h2 class=\"h3 product-title\"><a href=\"https:\/\/ubikemotos.cl\/productos\/4561-8671-mica-antiparra-progrip-naranjo#\/75-color-naranjo\/158-talla-talla_unica\" content=\"https:\/\/ubikemotos.cl\/productos\/4561-8671-mica-antiparra-progrip-naranjo#\/75-color-naranjo\/158-talla-talla_unica\">Mica Antiparra Progrip (Naranjo)<\/a><\/h2>\n                  \n\n        \n                       \n                 <!---- <div class=\"brand-img\">\n                  <a href=\"https:\/\/ubikemotos.cl\/marcas\/progrip\">\n                    <img \n                      src=\"\/img\/m\/24-small_default.jpg\" \n                      alt=\"Progrip\" \n                      title=\"Progrip\" \n                      loading=\"lazy\"\n                      class=\"img img-thumbnail manufacturer-logo\"\n                    >\n                  <\/a>                \n                <\/div>-->  \n                <!--<a href=\"https:\/\/ubikemotos.cl\/marcas\/progrip\"><span style=\"font-weight:600\">Marca:<\/span> Progrip<\/a>-->\n                                \n              \n\n        \n                      <div class=\"product-price-and-shipping\">\n              \n              \n\n              <span class=\"price\" aria-label=\"Precio\">\n                                                  $26.900\n                              <\/span>\n\n              \n\n                            \n            <\/div>\n            \n                  \n\n        \n              \n        \n      <\/div>\n\n      <div class=\"vermasproductos\">\n        <a title=\"See more about Mica Antiparra Progrip (Naranjo)\" href=\"https:\/\/ubikemotos.cl\/productos\/4561-8671-mica-antiparra-progrip-naranjo#\/75-color-naranjo\/158-talla-talla_unica\" class=\"boton-agregar btn btn-primary add-to-cart\">Ver m\u00e1s\n                         <\/a>\n      <\/div>\n\n      \n    <ul class=\"product-flags js-product-flags\">\n            <\/ul>\n\n    <\/div>\n  <\/article>\n<\/div>\n\n            \t\n\n<script>\nfunction clickDataLayer(product_name, product_id, product_price, product_brand, product_category, product_combination, position, link) {\n  dataLayer.push({ ecommerce: null });  \/\/ Clear the previous ecommerce object.\n\n  dataLayer.push({\n    'event': 'productClick',\n    'ecommerce': {\n      'click': {\n        'actionField': {'list': 'Search Results'},      \/\/ Optional list property.\n        'products': [{\n          'name': product_name,                      \/\/ Name or ID is required.\n          'id': product_id,\n          'price': product_price,\n          'brand': product_brand,\n          'category': product_category,\n          'variant': product_combination,\n          'position': position\n         }]\n       }\n     },\n     'eventCallback': function() {\n       \/\/document.location = 'link';\n       \/\/console.log(dataLayer);\n      }\n  });\n}\n<\/script>\n\n<!--<div class=\"js-product product col-xs-6 col-xl-3\">-->\n<div class=\"product_show_grid \njs-product product \ncol-xs-6 col-sm-6 col-lg-4 col-xl-4 test\"\n>\n  \n  <article class=\"product-miniature js-product-miniature\" data-id-product=\"4562\" data-id-product-attribute=\"8670\">\n    <div class=\"thumbnail-container\">\n              <div class=\"thumbnail-top\">\n                \n                                <a href=\"https:\/\/ubikemotos.cl\/productos\/4562-8670-mica-antiparra-progrip-plata#\/17-color-gris\/158-talla-talla_unica\" class=\"thumbnail product-thumbnail single-image\">\n                  <picture class=\"image-first\">\n                    <img\n                      src=\"https:\/\/ubikemotos.cl\/15421-home_default\/mica-antiparra-progrip-plata.jpg\"\n                      alt=\"Mica Antiparra Progrip (Plata)\"\n                      loading=\"lazy\"\n                      width=\"250\"\n                      height=\"250\"\n                    \/>\n                  <\/picture>\n                  \n                  <!--sello cyber-black-->\n                                                                                                                                                                                                                                                     <!--sello cyber-black-->\n                  \n\n                  \n                  <!--sello Oto\u00f1o\n                                                                                                                                                                                                                                                     sello Oto\u00f1o-->\n                  \n                  <!--sello Invierno-->\n                                                                                                                                                                                                                                                     <!--sello Invierno-->\n                  \n                                  <\/a>\n                            \n              \n                \n                          <\/div>\n\n      <div class=\"product-description\">\n        \n                      <h2 class=\"h3 product-title\"><a href=\"https:\/\/ubikemotos.cl\/productos\/4562-8670-mica-antiparra-progrip-plata#\/17-color-gris\/158-talla-talla_unica\" content=\"https:\/\/ubikemotos.cl\/productos\/4562-8670-mica-antiparra-progrip-plata#\/17-color-gris\/158-talla-talla_unica\">Mica Antiparra Progrip (Plata)<\/a><\/h2>\n                  \n\n        \n                       \n                 <!---- <div class=\"brand-img\">\n                  <a href=\"https:\/\/ubikemotos.cl\/marcas\/progrip\">\n                    <img \n                      src=\"\/img\/m\/24-small_default.jpg\" \n                      alt=\"Progrip\" \n                      title=\"Progrip\" \n                      loading=\"lazy\"\n                      class=\"img img-thumbnail manufacturer-logo\"\n                    >\n                  <\/a>                \n                <\/div>-->  \n                <!--<a href=\"https:\/\/ubikemotos.cl\/marcas\/progrip\"><span style=\"font-weight:600\">Marca:<\/span> Progrip<\/a>-->\n                                \n              \n\n        \n                      <div class=\"product-price-and-shipping\">\n              \n              \n\n              <span class=\"price\" aria-label=\"Precio\">\n                                                  $26.900\n                              <\/span>\n\n              \n\n                            \n            <\/div>\n            \n                  \n\n        \n              \n        \n      <\/div>\n\n      <div class=\"vermasproductos\">\n        <a title=\"See more about Mica Antiparra Progrip (Plata)\" href=\"https:\/\/ubikemotos.cl\/productos\/4562-8670-mica-antiparra-progrip-plata#\/17-color-gris\/158-talla-talla_unica\" class=\"boton-agregar btn btn-primary add-to-cart\">Ver m\u00e1s\n                         <\/a>\n      <\/div>\n\n      \n    <ul class=\"product-flags js-product-flags\">\n            <\/ul>\n\n    <\/div>\n  <\/article>\n<\/div>\n\n            \t\n\n<script>\nfunction clickDataLayer(product_name, product_id, product_price, product_brand, product_category, product_combination, position, link) {\n  dataLayer.push({ ecommerce: null });  \/\/ Clear the previous ecommerce object.\n\n  dataLayer.push({\n    'event': 'productClick',\n    'ecommerce': {\n      'click': {\n        'actionField': {'list': 'Search Results'},      \/\/ Optional list property.\n        'products': [{\n          'name': product_name,                      \/\/ Name or ID is required.\n          'id': product_id,\n          'price': product_price,\n          'brand': product_brand,\n          'category': product_category,\n          'variant': product_combination,\n          'position': position\n         }]\n       }\n     },\n     'eventCallback': function() {\n       \/\/document.location = 'link';\n       \/\/console.log(dataLayer);\n      }\n  });\n}\n<\/script>\n\n<!--<div class=\"js-product product col-xs-6 col-xl-3\">-->\n<div class=\"product_show_grid \njs-product product \ncol-xs-6 col-sm-6 col-lg-4 col-xl-4 test\"\n>\n  \n  <article class=\"product-miniature js-product-miniature\" data-id-product=\"4563\" data-id-product-attribute=\"8669\">\n    <div class=\"thumbnail-container\">\n              <div class=\"thumbnail-top\">\n                \n                                <a href=\"https:\/\/ubikemotos.cl\/productos\/4563-8669-mica-antiparra-progrip-transparente#\/158-talla-talla_unica\/411-color-transparente\" class=\"thumbnail product-thumbnail single-image\">\n                  <picture class=\"image-first\">\n                    <img\n                      src=\"https:\/\/ubikemotos.cl\/15420-home_default\/mica-antiparra-progrip-transparente.jpg\"\n                      alt=\"Mica Antiparra Progrip (Transparente)\"\n                      loading=\"lazy\"\n                      width=\"250\"\n                      height=\"250\"\n                    \/>\n                  <\/picture>\n                  \n                  <!--sello cyber-black-->\n                                                                                                                                                                                                                                                     <!--sello cyber-black-->\n                  \n\n                  \n                  <!--sello Oto\u00f1o\n                                                                                                                                                                                                                                                     sello Oto\u00f1o-->\n                  \n                  <!--sello Invierno-->\n                                                                                                                                                                                                                                                     <!--sello Invierno-->\n                  \n                                  <\/a>\n                            \n              \n                \n                          <\/div>\n\n      <div class=\"product-description\">\n        \n                      <h2 class=\"h3 product-title\"><a href=\"https:\/\/ubikemotos.cl\/productos\/4563-8669-mica-antiparra-progrip-transparente#\/158-talla-talla_unica\/411-color-transparente\" content=\"https:\/\/ubikemotos.cl\/productos\/4563-8669-mica-antiparra-progrip-transparente#\/158-talla-talla_unica\/411-color-transparente\">Mica Antiparra Progrip (Transparente)<\/a><\/h2>\n                  \n\n        \n                       \n                 <!---- <div class=\"brand-img\">\n                  <a href=\"https:\/\/ubikemotos.cl\/marcas\/progrip\">\n                    <img \n                      src=\"\/img\/m\/24-small_default.jpg\" \n                      alt=\"Progrip\" \n                      title=\"Progrip\" \n                      loading=\"lazy\"\n                      class=\"img img-thumbnail manufacturer-logo\"\n                    >\n                  <\/a>                \n                <\/div>-->  \n                <!--<a href=\"https:\/\/ubikemotos.cl\/marcas\/progrip\"><span style=\"font-weight:600\">Marca:<\/span> Progrip<\/a>-->\n                                \n              \n\n        \n                      <div class=\"product-price-and-shipping\">\n              \n              \n\n              <span class=\"price\" aria-label=\"Precio\">\n                                                  $17.900\n                              <\/span>\n\n              \n\n                            \n            <\/div>\n            \n                  \n\n        \n              \n        \n      <\/div>\n\n      <div class=\"vermasproductos\">\n        <a title=\"See more about Mica Antiparra Progrip (Transparente)\" href=\"https:\/\/ubikemotos.cl\/productos\/4563-8669-mica-antiparra-progrip-transparente#\/158-talla-talla_unica\/411-color-transparente\" class=\"boton-agregar btn btn-primary add-to-cart\">Ver m\u00e1s\n                         <\/a>\n      <\/div>\n\n      \n    <ul class=\"product-flags js-product-flags\">\n                    <li class=\"product-flag out_of_stock\"><\/li>\n            <\/ul>\n\n    <\/div>\n  <\/article>\n<\/div>\n\n            \t\n\n<script>\nfunction clickDataLayer(product_name, product_id, product_price, product_brand, product_category, product_combination, position, link) {\n  dataLayer.push({ ecommerce: null });  \/\/ Clear the previous ecommerce object.\n\n  dataLayer.push({\n    'event': 'productClick',\n    'ecommerce': {\n      'click': {\n        'actionField': {'list': 'Search Results'},      \/\/ Optional list property.\n        'products': [{\n          'name': product_name,                      \/\/ Name or ID is required.\n          'id': product_id,\n          'price': product_price,\n          'brand': product_brand,\n          'category': product_category,\n          'variant': product_combination,\n          'position': position\n         }]\n       }\n     },\n     'eventCallback': function() {\n       \/\/document.location = 'link';\n       \/\/console.log(dataLayer);\n      }\n  });\n}\n<\/script>\n\n<!--<div class=\"js-product product col-xs-6 col-xl-3\">-->\n<div class=\"product_show_grid \njs-product product \ncol-xs-6 col-sm-6 col-lg-4 col-xl-4 test\"\n>\n  \n  <article class=\"product-miniature js-product-miniature\" data-id-product=\"5046\" data-id-product-attribute=\"8331\">\n    <div class=\"thumbnail-container\">\n              <div class=\"thumbnail-top\">\n                \n                                <a href=\"https:\/\/ubikemotos.cl\/productos\/5046-8331-vicera-alpinestars-s-m10-s-m8-solid-rojo#\/20-color-rojo\/158-talla-talla_unica\" class=\"thumbnail product-thumbnail single-image\">\n                  <picture class=\"image-first\">\n                    <img\n                      src=\"https:\/\/ubikemotos.cl\/15098-home_default\/vicera-alpinestars-s-m10-s-m8-solid-rojo.jpg\"\n                      alt=\"Vicera Alpinestars S-M10\/S-M8 Solid (Rojo)\"\n                      loading=\"lazy\"\n                      width=\"250\"\n                      height=\"250\"\n                    \/>\n                  <\/picture>\n                  \n                  <!--sello cyber-black-->\n                                                                                                                                                                                                                                                     <!--sello cyber-black-->\n                  \n\n                  \n                  <!--sello Oto\u00f1o\n                                                                                                                                                                                                                                                     sello Oto\u00f1o-->\n                  \n                  <!--sello Invierno-->\n                                                                                                                                                                                                                                                     <!--sello Invierno-->\n                  \n                                  <\/a>\n                            \n              \n                \n                          <\/div>\n\n      <div class=\"product-description\">\n        \n                      <h2 class=\"h3 product-title\"><a href=\"https:\/\/ubikemotos.cl\/productos\/5046-8331-vicera-alpinestars-s-m10-s-m8-solid-rojo#\/20-color-rojo\/158-talla-talla_unica\" content=\"https:\/\/ubikemotos.cl\/productos\/5046-8331-vicera-alpinestars-s-m10-s-m8-solid-rojo#\/20-color-rojo\/158-talla-talla_unica\">Vicera Alpinestars S-M10\/S-M8 Solid (Rojo)<\/a><\/h2>\n                  \n\n        \n                       \n                 <!---- <div class=\"brand-img\">\n                  <a href=\"https:\/\/ubikemotos.cl\/marcas\/alpinestars\">\n                    <img \n                      src=\"\/img\/m\/6-small_default.jpg\" \n                      alt=\"Alpinestars\" \n                      title=\"Alpinestars\" \n                      loading=\"lazy\"\n                      class=\"img img-thumbnail manufacturer-logo\"\n                    >\n                  <\/a>                \n                <\/div>-->  \n                <!--<a href=\"https:\/\/ubikemotos.cl\/marcas\/alpinestars\"><span style=\"font-weight:600\">Marca:<\/span> Alpinestars<\/a>-->\n                                \n              \n\n        \n                      <div class=\"product-price-and-shipping\">\n              \n              \n\n              <span class=\"price\" aria-label=\"Precio\">\n                                                  $79.900\n                              <\/span>\n\n              \n\n                            \n            <\/div>\n            \n                  \n\n        \n              \n        \n      <\/div>\n\n      <div class=\"vermasproductos\">\n        <a title=\"See more about Vicera Alpinestars S-M10\/S-M8 Solid (Rojo)\" href=\"https:\/\/ubikemotos.cl\/productos\/5046-8331-vicera-alpinestars-s-m10-s-m8-solid-rojo#\/20-color-rojo\/158-talla-talla_unica\" class=\"boton-agregar btn btn-primary add-to-cart\">Ver m\u00e1s\n                         <\/a>\n      <\/div>\n\n      \n    <ul class=\"product-flags js-product-flags\">\n                    <li class=\"product-flag out_of_stock\"><\/li>\n            <\/ul>\n\n    <\/div>\n  <\/article>\n<\/div>\n\n            \t\n\n<script>\nfunction clickDataLayer(product_name, product_id, product_price, product_brand, product_category, product_combination, position, link) {\n  dataLayer.push({ ecommerce: null });  \/\/ Clear the previous ecommerce object.\n\n  dataLayer.push({\n    'event': 'productClick',\n    'ecommerce': {\n      'click': {\n        'actionField': {'list': 'Search Results'},      \/\/ Optional list property.\n        'products': [{\n          'name': product_name,                      \/\/ Name or ID is required.\n          'id': product_id,\n          'price': product_price,\n          'brand': product_brand,\n          'category': product_category,\n          'variant': product_combination,\n          'position': position\n         }]\n       }\n     },\n     'eventCallback': function() {\n       \/\/document.location = 'link';\n       \/\/console.log(dataLayer);\n      }\n  });\n}\n<\/script>\n\n<!--<div class=\"js-product product col-xs-6 col-xl-3\">-->\n<div class=\"product_show_grid \njs-product product \ncol-xs-6 col-sm-6 col-lg-4 col-xl-4 test\"\n>\n  \n  <article class=\"product-miniature js-product-miniature\" data-id-product=\"5047\" data-id-product-attribute=\"8330\">\n    <div class=\"thumbnail-container\">\n              <div class=\"thumbnail-top\">\n                \n                                <a href=\"https:\/\/ubikemotos.cl\/productos\/5047-8330-vicera-alpinestars-s-m10-s-m8-solid-naranjo#\/75-color-naranjo\/158-talla-talla_unica\" class=\"thumbnail product-thumbnail single-image\">\n                  <picture class=\"image-first\">\n                    <img\n                      src=\"https:\/\/ubikemotos.cl\/15097-home_default\/vicera-alpinestars-s-m10-s-m8-solid-naranjo.jpg\"\n                      alt=\"Vicera Alpinestars S-M10\/S-M8 Solid (Naranjo)\"\n                      loading=\"lazy\"\n                      width=\"250\"\n                      height=\"250\"\n                    \/>\n                  <\/picture>\n                  \n                  <!--sello cyber-black-->\n                                                                                                                                                                                                                                                     <!--sello cyber-black-->\n                  \n\n                  \n                  <!--sello Oto\u00f1o\n                                                                                                                                                                                                                                                     sello Oto\u00f1o-->\n                  \n                  <!--sello Invierno-->\n                                                                                                                                                                                                                                                     <!--sello Invierno-->\n                  \n                                  <\/a>\n                            \n              \n                \n                          <\/div>\n\n      <div class=\"product-description\">\n        \n                      <h2 class=\"h3 product-title\"><a href=\"https:\/\/ubikemotos.cl\/productos\/5047-8330-vicera-alpinestars-s-m10-s-m8-solid-naranjo#\/75-color-naranjo\/158-talla-talla_unica\" content=\"https:\/\/ubikemotos.cl\/productos\/5047-8330-vicera-alpinestars-s-m10-s-m8-solid-naranjo#\/75-color-naranjo\/158-talla-talla_unica\">Vicera Alpinestars S-M10\/S-M8 Solid (Naranjo)<\/a><\/h2>\n                  \n\n        \n                       \n                 <!---- <div class=\"brand-img\">\n                  <a href=\"https:\/\/ubikemotos.cl\/marcas\/alpinestars\">\n                    <img \n                      src=\"\/img\/m\/6-small_default.jpg\" \n                      alt=\"Alpinestars\" \n                      title=\"Alpinestars\" \n                      loading=\"lazy\"\n                      class=\"img img-thumbnail manufacturer-logo\"\n                    >\n                  <\/a>                \n                <\/div>-->  \n                <!--<a href=\"https:\/\/ubikemotos.cl\/marcas\/alpinestars\"><span style=\"font-weight:600\">Marca:<\/span> Alpinestars<\/a>-->\n                                \n              \n\n        \n                      <div class=\"product-price-and-shipping\">\n              \n              \n\n              <span class=\"price\" aria-label=\"Precio\">\n                                                  $79.900\n                              <\/span>\n\n              \n\n                            \n            <\/div>\n            \n                  \n\n        \n              \n        \n      <\/div>\n\n      <div class=\"vermasproductos\">\n        <a title=\"See more about Vicera Alpinestars S-M10\/S-M8 Solid (Naranjo)\" href=\"https:\/\/ubikemotos.cl\/productos\/5047-8330-vicera-alpinestars-s-m10-s-m8-solid-naranjo#\/75-color-naranjo\/158-talla-talla_unica\" class=\"boton-agregar btn btn-primary add-to-cart\">Ver m\u00e1s\n                         <\/a>\n      <\/div>\n\n      \n    <ul class=\"product-flags js-product-flags\">\n            <\/ul>\n\n    <\/div>\n  <\/article>\n<\/div>\n\n            \t\n\n<script>\nfunction clickDataLayer(product_name, product_id, product_price, product_brand, product_category, product_combination, position, link) {\n  dataLayer.push({ ecommerce: null });  \/\/ Clear the previous ecommerce object.\n\n  dataLayer.push({\n    'event': 'productClick',\n    'ecommerce': {\n      'click': {\n        'actionField': {'list': 'Search Results'},      \/\/ Optional list property.\n        'products': [{\n          'name': product_name,                      \/\/ Name or ID is required.\n          'id': product_id,\n          'price': product_price,\n          'brand': product_brand,\n          'category': product_category,\n          'variant': product_combination,\n          'position': position\n         }]\n       }\n     },\n     'eventCallback': function() {\n       \/\/document.location = 'link';\n       \/\/console.log(dataLayer);\n      }\n  });\n}\n<\/script>\n\n<!--<div class=\"js-product product col-xs-6 col-xl-3\">-->\n<div class=\"product_show_grid \njs-product product \ncol-xs-6 col-sm-6 col-lg-4 col-xl-4 test\"\n>\n  \n  <article class=\"product-miniature js-product-miniature\" data-id-product=\"5048\" data-id-product-attribute=\"8329\">\n    <div class=\"thumbnail-container\">\n              <div class=\"thumbnail-top\">\n                \n                                <a href=\"https:\/\/ubikemotos.cl\/productos\/5048-8329-vicera-alpinestars-s-m8-deus-ex-machina#\/13-color-negro_blanco_rojo\/158-talla-talla_unica\" class=\"thumbnail product-thumbnail single-image\">\n                  <picture class=\"image-first\">\n                    <img\n                      src=\"https:\/\/ubikemotos.cl\/15096-home_default\/vicera-alpinestars-s-m8-deus-ex-machina.jpg\"\n                      alt=\"Vicera Alpinestars S-M8 Deus Ex Machina\"\n                      loading=\"lazy\"\n                      width=\"250\"\n                      height=\"250\"\n                    \/>\n                  <\/picture>\n                  \n                  <!--sello cyber-black-->\n                                                                                                                                                                                                                                                     <!--sello cyber-black-->\n                  \n\n                  \n                  <!--sello Oto\u00f1o\n                                                                                                                                                                                                                                                     sello Oto\u00f1o-->\n                  \n                  <!--sello Invierno-->\n                                                                                                                                                                                                                                                     <!--sello Invierno-->\n                  \n                                  <\/a>\n                            \n              \n                \n                          <\/div>\n\n      <div class=\"product-description\">\n        \n                      <h2 class=\"h3 product-title\"><a href=\"https:\/\/ubikemotos.cl\/productos\/5048-8329-vicera-alpinestars-s-m8-deus-ex-machina#\/13-color-negro_blanco_rojo\/158-talla-talla_unica\" content=\"https:\/\/ubikemotos.cl\/productos\/5048-8329-vicera-alpinestars-s-m8-deus-ex-machina#\/13-color-negro_blanco_rojo\/158-talla-talla_unica\">Vicera Alpinestars S-M8 Deus Ex Machina<\/a><\/h2>\n                  \n\n        \n                       \n                 <!---- <div class=\"brand-img\">\n                  <a href=\"https:\/\/ubikemotos.cl\/marcas\/alpinestars\">\n                    <img \n                      src=\"\/img\/m\/6-small_default.jpg\" \n                      alt=\"Alpinestars\" \n                      title=\"Alpinestars\" \n                      loading=\"lazy\"\n                      class=\"img img-thumbnail manufacturer-logo\"\n                    >\n                  <\/a>                \n                <\/div>-->  \n                <!--<a href=\"https:\/\/ubikemotos.cl\/marcas\/alpinestars\"><span style=\"font-weight:600\">Marca:<\/span> Alpinestars<\/a>-->\n                                \n              \n\n        \n                      <div class=\"product-price-and-shipping\">\n              \n              \n\n              <span class=\"price\" aria-label=\"Precio\">\n                                                  $79.900\n                              <\/span>\n\n              \n\n                            \n            <\/div>\n            \n                  \n\n        \n              \n        \n      <\/div>\n\n      <div class=\"vermasproductos\">\n        <a title=\"See more about Vicera Alpinestars S-M8 Deus Ex Machina\" href=\"https:\/\/ubikemotos.cl\/productos\/5048-8329-vicera-alpinestars-s-m8-deus-ex-machina#\/13-color-negro_blanco_rojo\/158-talla-talla_unica\" class=\"boton-agregar btn btn-primary add-to-cart\">Ver m\u00e1s\n                         <\/a>\n      <\/div>\n\n      \n    <ul class=\"product-flags js-product-flags\">\n            <\/ul>\n\n    <\/div>\n  <\/article>\n<\/div>\n\n    <\/div>\n <div style=\"visibility: hidden\"><span><\/span><\/div>\n  \n    <div style=\"visibility: hidden\"><span><\/span><\/div>\n    <nav class=\"pagination\">\n  <div class=\"col-md-4\">\n    \n      Mostrando 1-24 de 33 art\u00edculo(s)\n    \n  <\/div>\n\n  <div class=\"col-md-6 offset-md-2 pr-0\">\n    \n             <ul class=\"page-list clearfix text-sm-center\">\n          \n\n            <li  class=\"current\" >\n                              <a\n                  rel=\"nofollow\"\n                  href=\"https:\/\/ubikemotos.cl\/39-accesorios-piloto-offroad\"\n                  class=\"disabled js-search-link\"\n                >\n                                      1\n                                  <\/a>\n                          <\/li>\n          \n\n            <li >\n                              <a\n                  rel=\"nofollow\"\n                  href=\"https:\/\/ubikemotos.cl\/39-accesorios-piloto-offroad?page=2\"\n                  class=\"js-search-link\"\n                >\n                                      2\n                                  <\/a>\n                          <\/li>\n          \n\n            <li >\n                              <a\n                  rel=\"next\"\n                  href=\"https:\/\/ubikemotos.cl\/39-accesorios-piloto-offroad?page=2\"\n                  class=\"next js-search-link\"\n                >\n                                      Siguiente<i class=\"material-icons\">&#xE315;<\/i>\n                                  <\/a>\n                          <\/li>\n                  <\/ul>\n          \n  <\/div>\n\n<\/nav>\n  \n\n  <div class=\"hidden-md-up text-xs-right up\">\n    <a href=\"#header\" class=\"btn btn-secondary\">\n      Volver arriba\n      <i class=\"material-icons\">&#xE316;<\/i>\n    <\/a>\n  <\/div>\n<\/div>\n","rendered_products_bottom":"<div id=\"js-product-list-bottom\"><\/div>\n","result":{},"label":"Categor\u00eda: Accesorios","products":[{"add_to_cart_url":"https:\/\/ubikemotos.cl\/carrito?add=1&id_product=7562&id_product_attribute=15883","url":"https:\/\/ubikemotos.cl\/equipamiento\/7562-15883-balaclava-ixon-airblock-hood#\/3-color-negro\/1509-talla-lg_xl","canonical_url":"https:\/\/ubikemotos.cl\/equipamiento\/7562-balaclava-ixon-airblock-hood","labels":{"tax_short":"(impuestos excl.)","tax_long":"Impuestos excluidos"},"main_variants":[{"id_product_attribute":15884,"texture":"","id_product":7562,"name":"Negro","id_attribute":3,"add_to_cart_url":"https:\/\/ubikemotos.cl\/carrito?add=1&id_product=7562&id_product_attribute=15884","url":"https:\/\/ubikemotos.cl\/equipamiento\/7562-15884-balaclava-ixon-airblock-hood#\/3-color-negro\/1510-talla-sm_md","type":"color","html_color_code":"#000000"}],"id_product":7562,"price":"$49.000","unit_price":"$0","reference":"4001010041001","active":1,"description_short":"<p>Airblock hoodie<br \/>Conquista el fr&iacute;o con el pasamonta&ntilde;as<br \/>IXON Airblock Hood 2 No dejes que las duras condiciones clim&aacute;ticas comprometan tu comodidad<br \/>o rendimiento. El pasamonta&ntilde;as IXON Airblock Hood 2 es la soluci&oacute;n definitiva para los ciclistas y<br \/>entusiastas de las actividades al aire libre que buscan una protecci&oacute;n superior contra los<br \/>elementos. Este pasamonta&ntilde;as sint&eacute;tico est&aacute; dise&ntilde;ado con tecnolog&iacute;a de vanguardia para<br \/>garantizar una calidez &oacute;ptima, transpirabilidad y un ajuste seguro y c&oacute;modo.<\/p>","link_rewrite":"balaclava-ixon-airblock-hood","name":"Balaclava Ixon Airblock Hood","manufacturer_name":"Ixon","category_name":"Equipamiento","link":"https:\/\/ubikemotos.cl\/equipamiento\/7562-balaclava-ixon-airblock-hood","rate":0,"tax_name":"","cover":{"cover":1,"id_image":29521,"legend":"Balaclava Ixon Airblock Hood","position":1,"bySize":{"small_default":{"url":"https:\/\/ubikemotos.cl\/29521-small_default\/balaclava-ixon-airblock-hood.jpg","width":98,"height":98,"sources":{"jpg":"https:\/\/ubikemotos.cl\/29521-small_default\/balaclava-ixon-airblock-hood.jpg"}},"cart_default":{"url":"https:\/\/ubikemotos.cl\/29521-cart_default\/balaclava-ixon-airblock-hood.jpg","width":125,"height":125,"sources":{"jpg":"https:\/\/ubikemotos.cl\/29521-cart_default\/balaclava-ixon-airblock-hood.jpg"}},"home_default":{"url":"https:\/\/ubikemotos.cl\/29521-home_default\/balaclava-ixon-airblock-hood.jpg","width":250,"height":250,"sources":{"jpg":"https:\/\/ubikemotos.cl\/29521-home_default\/balaclava-ixon-airblock-hood.jpg"}},"medium_default":{"url":"https:\/\/ubikemotos.cl\/29521-medium_default\/balaclava-ixon-airblock-hood.jpg","width":452,"height":452,"sources":{"jpg":"https:\/\/ubikemotos.cl\/29521-medium_default\/balaclava-ixon-airblock-hood.jpg"}},"large_default":{"url":"https:\/\/ubikemotos.cl\/29521-large_default\/balaclava-ixon-airblock-hood.jpg","width":800,"height":800,"sources":{"jpg":"https:\/\/ubikemotos.cl\/29521-large_default\/balaclava-ixon-airblock-hood.jpg"}}},"small":{"url":"https:\/\/ubikemotos.cl\/29521-small_default\/balaclava-ixon-airblock-hood.jpg","width":98,"height":98,"sources":{"jpg":"https:\/\/ubikemotos.cl\/29521-small_default\/balaclava-ixon-airblock-hood.jpg"}},"medium":{"url":"https:\/\/ubikemotos.cl\/29521-home_default\/balaclava-ixon-airblock-hood.jpg","width":250,"height":250,"sources":{"jpg":"https:\/\/ubikemotos.cl\/29521-home_default\/balaclava-ixon-airblock-hood.jpg"}},"large":{"url":"https:\/\/ubikemotos.cl\/29521-large_default\/balaclava-ixon-airblock-hood.jpg","width":800,"height":800,"sources":{"jpg":"https:\/\/ubikemotos.cl\/29521-large_default\/balaclava-ixon-airblock-hood.jpg"}},"associatedVariants":[15883]},"has_discount":false,"discount_type":null,"discount_percentage":null,"discount_percentage_absolute":null,"discount_amount":null,"price_amount":49000,"regular_price_amount":49000,"regular_price":"$49.000","discount_to_display":null},{"add_to_cart_url":"https:\/\/ubikemotos.cl\/carrito?add=1&id_product=7563&id_product_attribute=15885","url":"https:\/\/ubikemotos.cl\/equipamiento\/7563-15885-balaclava-ixon-thermal-hood-2#\/3-color-negro\/1509-talla-lg_xl","canonical_url":"https:\/\/ubikemotos.cl\/equipamiento\/7563-balaclava-ixon-thermal-hood-2","labels":{"tax_short":"(impuestos excl.)","tax_long":"Impuestos excluidos"},"main_variants":[{"id_product_attribute":15886,"texture":"","id_product":7563,"name":"Negro","id_attribute":3,"add_to_cart_url":"https:\/\/ubikemotos.cl\/carrito?add=1&id_product=7563&id_product_attribute=15886","url":"https:\/\/ubikemotos.cl\/equipamiento\/7563-15886-balaclava-ixon-thermal-hood-2#\/3-color-negro\/1510-talla-sm_md","type":"color","html_color_code":"#000000"}],"id_product":7563,"price":"$42.000","unit_price":"$0","reference":"4001010051001","active":1,"description_short":"<p>Thermal hoodie<br \/>Conquista el fr&iacute;o con el pasamonta&ntilde;as<br \/>IXON Thermal Hood 2 No dejes que las temperaturas g&eacute;lidas te impidan tu pr&oacute;xima aventura. El<br \/>pasamonta&ntilde;as IXON Thermal Hood 2 es la soluci&oacute;n definitiva para mantenerse abrigado y protegido<br \/>incluso en las condiciones m&aacute;s duras. Este pasamonta&ntilde;as sint&eacute;tico est&aacute; dise&ntilde;ado con tecnolog&iacute;a de<br \/>vanguardia para proporcionar una comodidad y un rendimiento incomparables, lo que lo convierte en la<br \/>elecci&oacute;n perfecta para motociclistas, esquiadores, snowboarders y cualquier persona que desaf&iacute;a los<br \/>elementos.<br \/>El pasamonta&ntilde;as IXON Thermal Hood 2 va m&aacute;s all&aacute; de la protecci&oacute;n b&aacute;sica. Su dise&ntilde;o innovador ofrece<br \/>un ajuste anat&oacute;mico ce&ntilde;ido que se adapta a la cabeza y el cuello, sellando eficazmente el viento, el aire<br \/>fr&iacute;o y la humedad. Di adi&oacute;s a las capas voluminosas y hola a la calidez aerodin&aacute;mica que no interferir&aacute;<br \/>con tu casco o equipo.<\/p>","link_rewrite":"balaclava-ixon-thermal-hood-2","name":"Balaclava Ixon Thermal Hood 2","manufacturer_name":"Ixon","category_name":"Equipamiento","link":"https:\/\/ubikemotos.cl\/equipamiento\/7563-balaclava-ixon-thermal-hood-2","rate":0,"tax_name":"","cover":{"cover":1,"id_image":29523,"legend":"Balaclava Ixon Thermal Hood 2","position":1,"bySize":{"small_default":{"url":"https:\/\/ubikemotos.cl\/29523-small_default\/balaclava-ixon-thermal-hood-2.jpg","width":98,"height":98,"sources":{"jpg":"https:\/\/ubikemotos.cl\/29523-small_default\/balaclava-ixon-thermal-hood-2.jpg"}},"cart_default":{"url":"https:\/\/ubikemotos.cl\/29523-cart_default\/balaclava-ixon-thermal-hood-2.jpg","width":125,"height":125,"sources":{"jpg":"https:\/\/ubikemotos.cl\/29523-cart_default\/balaclava-ixon-thermal-hood-2.jpg"}},"home_default":{"url":"https:\/\/ubikemotos.cl\/29523-home_default\/balaclava-ixon-thermal-hood-2.jpg","width":250,"height":250,"sources":{"jpg":"https:\/\/ubikemotos.cl\/29523-home_default\/balaclava-ixon-thermal-hood-2.jpg"}},"medium_default":{"url":"https:\/\/ubikemotos.cl\/29523-medium_default\/balaclava-ixon-thermal-hood-2.jpg","width":452,"height":452,"sources":{"jpg":"https:\/\/ubikemotos.cl\/29523-medium_default\/balaclava-ixon-thermal-hood-2.jpg"}},"large_default":{"url":"https:\/\/ubikemotos.cl\/29523-large_default\/balaclava-ixon-thermal-hood-2.jpg","width":800,"height":800,"sources":{"jpg":"https:\/\/ubikemotos.cl\/29523-large_default\/balaclava-ixon-thermal-hood-2.jpg"}}},"small":{"url":"https:\/\/ubikemotos.cl\/29523-small_default\/balaclava-ixon-thermal-hood-2.jpg","width":98,"height":98,"sources":{"jpg":"https:\/\/ubikemotos.cl\/29523-small_default\/balaclava-ixon-thermal-hood-2.jpg"}},"medium":{"url":"https:\/\/ubikemotos.cl\/29523-home_default\/balaclava-ixon-thermal-hood-2.jpg","width":250,"height":250,"sources":{"jpg":"https:\/\/ubikemotos.cl\/29523-home_default\/balaclava-ixon-thermal-hood-2.jpg"}},"large":{"url":"https:\/\/ubikemotos.cl\/29523-large_default\/balaclava-ixon-thermal-hood-2.jpg","width":800,"height":800,"sources":{"jpg":"https:\/\/ubikemotos.cl\/29523-large_default\/balaclava-ixon-thermal-hood-2.jpg"}},"associatedVariants":[15885]},"has_discount":false,"discount_type":null,"discount_percentage":null,"discount_percentage_absolute":null,"discount_amount":null,"price_amount":42000,"regular_price_amount":42000,"regular_price":"$42.000","discount_to_display":null},{"add_to_cart_url":"https:\/\/ubikemotos.cl\/carrito?add=1&id_product=7181&id_product_attribute=14261","url":"https:\/\/ubikemotos.cl\/equipamiento\/7181-14261-calceta-sidi-mud-trail#\/61-color-negro_verde\/1082-talla-37_42","canonical_url":"https:\/\/ubikemotos.cl\/equipamiento\/7181-calceta-sidi-mud-trail","labels":{"tax_short":"(impuestos excl.)","tax_long":"Impuestos excluidos"},"main_variants":[{"id_product_attribute":14262,"texture":"\/img\/co\/61.jpg","id_product":7181,"name":"Negro, Verde","id_attribute":61,"add_to_cart_url":"https:\/\/ubikemotos.cl\/carrito?add=1&id_product=7181&id_product_attribute=14262","url":"https:\/\/ubikemotos.cl\/equipamiento\/7181-14262-calceta-sidi-mud-trail#\/61-color-negro_verde\/1083-talla-43_47","type":"color","html_color_code":""}],"id_product":7181,"price":"$75.000","unit_price":"$0","reference":"8017732599360","active":1,"description_short":"Calcet\u00edn fabricado en polipropileno, hilado de alta tecnolog\u00eda.","link_rewrite":"calceta-sidi-mud-trail","name":"Calceta Sidi Mud Trail","manufacturer_name":"Sidi","category_name":"Equipamiento","link":"https:\/\/ubikemotos.cl\/equipamiento\/7181-calceta-sidi-mud-trail","rate":0,"tax_name":"","cover":{"cover":1,"id_image":23997,"legend":"Calceta Sidi Mud Trail","position":1,"bySize":{"small_default":{"url":"https:\/\/ubikemotos.cl\/23997-small_default\/calceta-sidi-mud-trail.jpg","width":98,"height":98,"sources":{"jpg":"https:\/\/ubikemotos.cl\/23997-small_default\/calceta-sidi-mud-trail.jpg"}},"cart_default":{"url":"https:\/\/ubikemotos.cl\/23997-cart_default\/calceta-sidi-mud-trail.jpg","width":125,"height":125,"sources":{"jpg":"https:\/\/ubikemotos.cl\/23997-cart_default\/calceta-sidi-mud-trail.jpg"}},"home_default":{"url":"https:\/\/ubikemotos.cl\/23997-home_default\/calceta-sidi-mud-trail.jpg","width":250,"height":250,"sources":{"jpg":"https:\/\/ubikemotos.cl\/23997-home_default\/calceta-sidi-mud-trail.jpg"}},"medium_default":{"url":"https:\/\/ubikemotos.cl\/23997-medium_default\/calceta-sidi-mud-trail.jpg","width":452,"height":452,"sources":{"jpg":"https:\/\/ubikemotos.cl\/23997-medium_default\/calceta-sidi-mud-trail.jpg"}},"large_default":{"url":"https:\/\/ubikemotos.cl\/23997-large_default\/calceta-sidi-mud-trail.jpg","width":800,"height":800,"sources":{"jpg":"https:\/\/ubikemotos.cl\/23997-large_default\/calceta-sidi-mud-trail.jpg"}}},"small":{"url":"https:\/\/ubikemotos.cl\/23997-small_default\/calceta-sidi-mud-trail.jpg","width":98,"height":98,"sources":{"jpg":"https:\/\/ubikemotos.cl\/23997-small_default\/calceta-sidi-mud-trail.jpg"}},"medium":{"url":"https:\/\/ubikemotos.cl\/23997-home_default\/calceta-sidi-mud-trail.jpg","width":250,"height":250,"sources":{"jpg":"https:\/\/ubikemotos.cl\/23997-home_default\/calceta-sidi-mud-trail.jpg"}},"large":{"url":"https:\/\/ubikemotos.cl\/23997-large_default\/calceta-sidi-mud-trail.jpg","width":800,"height":800,"sources":{"jpg":"https:\/\/ubikemotos.cl\/23997-large_default\/calceta-sidi-mud-trail.jpg"}},"associatedVariants":[14261]},"has_discount":false,"discount_type":null,"discount_percentage":null,"discount_percentage_absolute":null,"discount_amount":null,"price_amount":75000,"regular_price_amount":75000,"regular_price":"$75.000","discount_to_display":null},{"add_to_cart_url":"https:\/\/ubikemotos.cl\/carrito?add=1&id_product=7182&id_product_attribute=14267","url":"https:\/\/ubikemotos.cl\/equipamiento\/7182-14267-calceta-sidi-off-sprint#\/38-color-amarillo_negro\/1082-talla-37_42","canonical_url":"https:\/\/ubikemotos.cl\/equipamiento\/7182-calceta-sidi-off-sprint","labels":{"tax_short":"(impuestos excl.)","tax_long":"Impuestos excluidos"},"main_variants":[{"id_product_attribute":14268,"texture":"\/img\/co\/38.jpg","id_product":7182,"name":"Amarillo, Negro","id_attribute":38,"add_to_cart_url":"https:\/\/ubikemotos.cl\/carrito?add=1&id_product=7182&id_product_attribute=14268","url":"https:\/\/ubikemotos.cl\/equipamiento\/7182-14268-calceta-sidi-off-sprint#\/38-color-amarillo_negro\/1083-talla-43_47","type":"color","html_color_code":""},{"id_product_attribute":14265,"texture":"\/img\/co\/21.jpg","id_product":7182,"name":"Negro, Blanco","id_attribute":21,"add_to_cart_url":"https:\/\/ubikemotos.cl\/carrito?add=1&id_product=7182&id_product_attribute=14265","url":"https:\/\/ubikemotos.cl\/equipamiento\/7182-14265-calceta-sidi-off-sprint#\/21-color-negro_blanco\/1082-talla-37_42","type":"color","html_color_code":""}],"id_product":7182,"price":"$19.900","unit_price":"$0","reference":"8017732599223","active":1,"description_short":"Elige los calcetines Sidi Off Sprint para tus aventuras de motocross y enduro y descubre un nuevo nivel de comodidad y rendimiento.","link_rewrite":"calceta-sidi-off-sprint","name":"Calceta Sidi Off Sprint","manufacturer_name":"Sidi","category_name":"Equipamiento","link":"https:\/\/ubikemotos.cl\/equipamiento\/7182-calceta-sidi-off-sprint","rate":0,"tax_name":"","cover":{"cover":1,"id_image":23999,"legend":"Calceta Sidi Off Sprint","position":1,"bySize":{"small_default":{"url":"https:\/\/ubikemotos.cl\/23999-small_default\/calceta-sidi-off-sprint.jpg","width":98,"height":98,"sources":{"jpg":"https:\/\/ubikemotos.cl\/23999-small_default\/calceta-sidi-off-sprint.jpg"}},"cart_default":{"url":"https:\/\/ubikemotos.cl\/23999-cart_default\/calceta-sidi-off-sprint.jpg","width":125,"height":125,"sources":{"jpg":"https:\/\/ubikemotos.cl\/23999-cart_default\/calceta-sidi-off-sprint.jpg"}},"home_default":{"url":"https:\/\/ubikemotos.cl\/23999-home_default\/calceta-sidi-off-sprint.jpg","width":250,"height":250,"sources":{"jpg":"https:\/\/ubikemotos.cl\/23999-home_default\/calceta-sidi-off-sprint.jpg"}},"medium_default":{"url":"https:\/\/ubikemotos.cl\/23999-medium_default\/calceta-sidi-off-sprint.jpg","width":452,"height":452,"sources":{"jpg":"https:\/\/ubikemotos.cl\/23999-medium_default\/calceta-sidi-off-sprint.jpg"}},"large_default":{"url":"https:\/\/ubikemotos.cl\/23999-large_default\/calceta-sidi-off-sprint.jpg","width":800,"height":800,"sources":{"jpg":"https:\/\/ubikemotos.cl\/23999-large_default\/calceta-sidi-off-sprint.jpg"}}},"small":{"url":"https:\/\/ubikemotos.cl\/23999-small_default\/calceta-sidi-off-sprint.jpg","width":98,"height":98,"sources":{"jpg":"https:\/\/ubikemotos.cl\/23999-small_default\/calceta-sidi-off-sprint.jpg"}},"medium":{"url":"https:\/\/ubikemotos.cl\/23999-home_default\/calceta-sidi-off-sprint.jpg","width":250,"height":250,"sources":{"jpg":"https:\/\/ubikemotos.cl\/23999-home_default\/calceta-sidi-off-sprint.jpg"}},"large":{"url":"https:\/\/ubikemotos.cl\/23999-large_default\/calceta-sidi-off-sprint.jpg","width":800,"height":800,"sources":{"jpg":"https:\/\/ubikemotos.cl\/23999-large_default\/calceta-sidi-off-sprint.jpg"}},"associatedVariants":[14263]},"has_discount":false,"discount_type":null,"discount_percentage":null,"discount_percentage_absolute":null,"discount_amount":null,"price_amount":19900,"regular_price_amount":19900,"regular_price":"$19.900","discount_to_display":null},{"add_to_cart_url":"https:\/\/ubikemotos.cl\/carrito?add=1&id_product=7183&id_product_attribute=14271","url":"https:\/\/ubikemotos.cl\/equipamiento\/7183-14271-calceta-sidi-woops#\/54-color-negro_rojo\/1082-talla-37_42","canonical_url":"https:\/\/ubikemotos.cl\/equipamiento\/7183-calceta-sidi-woops","labels":{"tax_short":"(impuestos excl.)","tax_long":"Impuestos excluidos"},"main_variants":[{"id_product_attribute":14269,"texture":"\/img\/co\/61.jpg","id_product":7183,"name":"Negro, Verde","id_attribute":61,"add_to_cart_url":"https:\/\/ubikemotos.cl\/carrito?add=1&id_product=7183&id_product_attribute=14269","url":"https:\/\/ubikemotos.cl\/equipamiento\/7183-14269-calceta-sidi-woops#\/61-color-negro_verde\/1082-talla-37_42","type":"color","html_color_code":""},{"id_product_attribute":14272,"texture":"\/img\/co\/54.jpg","id_product":7183,"name":"Negro, Rojo","id_attribute":54,"add_to_cart_url":"https:\/\/ubikemotos.cl\/carrito?add=1&id_product=7183&id_product_attribute=14272","url":"https:\/\/ubikemotos.cl\/equipamiento\/7183-14272-calceta-sidi-woops#\/54-color-negro_rojo\/1083-talla-43_47","type":"color","html_color_code":""}],"id_product":7183,"price":"$19.900","unit_price":"$0","reference":"8017732599445","active":1,"description_short":"Elige los calcetines Sidi Woops para tus aventuras de motocross y enduro y descubre un nuevo nivel de comodidad y rendimiento. No dudes en contactar con el equipo de Crosshop para obtener m\u00e1s informaci\u00f3n o ayuda para elegir el producto que mejor se adapte a tus necesidades","link_rewrite":"calceta-sidi-woops","name":"Calceta Sidi Woops","manufacturer_name":"Sidi","category_name":"Equipamiento","link":"https:\/\/ubikemotos.cl\/equipamiento\/7183-calceta-sidi-woops","rate":0,"tax_name":"","cover":{"cover":1,"id_image":24013,"legend":"Calceta Sidi Woops","position":1,"bySize":{"small_default":{"url":"https:\/\/ubikemotos.cl\/24013-small_default\/calceta-sidi-woops.jpg","width":98,"height":98,"sources":{"jpg":"https:\/\/ubikemotos.cl\/24013-small_default\/calceta-sidi-woops.jpg"}},"cart_default":{"url":"https:\/\/ubikemotos.cl\/24013-cart_default\/calceta-sidi-woops.jpg","width":125,"height":125,"sources":{"jpg":"https:\/\/ubikemotos.cl\/24013-cart_default\/calceta-sidi-woops.jpg"}},"home_default":{"url":"https:\/\/ubikemotos.cl\/24013-home_default\/calceta-sidi-woops.jpg","width":250,"height":250,"sources":{"jpg":"https:\/\/ubikemotos.cl\/24013-home_default\/calceta-sidi-woops.jpg"}},"medium_default":{"url":"https:\/\/ubikemotos.cl\/24013-medium_default\/calceta-sidi-woops.jpg","width":452,"height":452,"sources":{"jpg":"https:\/\/ubikemotos.cl\/24013-medium_default\/calceta-sidi-woops.jpg"}},"large_default":{"url":"https:\/\/ubikemotos.cl\/24013-large_default\/calceta-sidi-woops.jpg","width":800,"height":800,"sources":{"jpg":"https:\/\/ubikemotos.cl\/24013-large_default\/calceta-sidi-woops.jpg"}}},"small":{"url":"https:\/\/ubikemotos.cl\/24013-small_default\/calceta-sidi-woops.jpg","width":98,"height":98,"sources":{"jpg":"https:\/\/ubikemotos.cl\/24013-small_default\/calceta-sidi-woops.jpg"}},"medium":{"url":"https:\/\/ubikemotos.cl\/24013-home_default\/calceta-sidi-woops.jpg","width":250,"height":250,"sources":{"jpg":"https:\/\/ubikemotos.cl\/24013-home_default\/calceta-sidi-woops.jpg"}},"large":{"url":"https:\/\/ubikemotos.cl\/24013-large_default\/calceta-sidi-woops.jpg","width":800,"height":800,"sources":{"jpg":"https:\/\/ubikemotos.cl\/24013-large_default\/calceta-sidi-woops.jpg"}},"associatedVariants":[14269]},"has_discount":false,"discount_type":null,"discount_percentage":null,"discount_percentage_absolute":null,"discount_amount":null,"price_amount":19900,"regular_price_amount":19900,"regular_price":"$19.900","discount_to_display":null},{"add_to_cart_url":"https:\/\/ubikemotos.cl\/carrito?add=1&id_product=1766&id_product_attribute=11246","url":"https:\/\/ubikemotos.cl\/productos\/1766-11246-mica-antiparra-4-pines#\/17-color-gris\/158-talla-talla_unica","canonical_url":"https:\/\/ubikemotos.cl\/productos\/1766-mica-antiparra-4-pines","labels":{"tax_short":"(impuestos excl.)","tax_long":"Impuestos excluidos"},"main_variants":[{"id_product_attribute":11247,"texture":"","id_product":1766,"name":"Transparente","id_attribute":411,"add_to_cart_url":"https:\/\/ubikemotos.cl\/carrito?add=1&id_product=1766&id_product_attribute=11247","url":"https:\/\/ubikemotos.cl\/productos\/1766-11247-mica-antiparra-4-pines#\/158-talla-talla_unica\/411-color-transparente","type":"color","html_color_code":"#ffffff"},{"id_product_attribute":11246,"texture":"","id_product":1766,"name":"Gris","id_attribute":17,"add_to_cart_url":"https:\/\/ubikemotos.cl\/carrito?add=1&id_product=1766&id_product_attribute=11246","url":"https:\/\/ubikemotos.cl\/productos\/1766-11246-mica-antiparra-4-pines#\/17-color-gris\/158-talla-talla_unica","type":"color","html_color_code":"#808080"}],"id_product":1766,"price":"$84.900","unit_price":"$0","reference":"55-055X","active":1,"description_short":"<p>Lente de policarbonato resistente a la rotura, adem\u00e1s cumple con los est\u00e1ndares de certificaci\u00f3n CE.<\/p>","link_rewrite":"mica-antiparra-4-pines","name":"Mica Antiparra 4 Pines","manufacturer_name":"Alpinestars","category_name":"Productos","link":"https:\/\/ubikemotos.cl\/productos\/1766-mica-antiparra-4-pines","rate":0,"tax_name":"","cover":{"cover":1,"id_image":18742,"legend":"Mica Antiparra 4 Pines","position":1,"bySize":{"small_default":{"url":"https:\/\/ubikemotos.cl\/18742-small_default\/mica-antiparra-4-pines.jpg","width":98,"height":98,"sources":{"jpg":"https:\/\/ubikemotos.cl\/18742-small_default\/mica-antiparra-4-pines.jpg"}},"cart_default":{"url":"https:\/\/ubikemotos.cl\/18742-cart_default\/mica-antiparra-4-pines.jpg","width":125,"height":125,"sources":{"jpg":"https:\/\/ubikemotos.cl\/18742-cart_default\/mica-antiparra-4-pines.jpg"}},"home_default":{"url":"https:\/\/ubikemotos.cl\/18742-home_default\/mica-antiparra-4-pines.jpg","width":250,"height":250,"sources":{"jpg":"https:\/\/ubikemotos.cl\/18742-home_default\/mica-antiparra-4-pines.jpg"}},"medium_default":{"url":"https:\/\/ubikemotos.cl\/18742-medium_default\/mica-antiparra-4-pines.jpg","width":452,"height":452,"sources":{"jpg":"https:\/\/ubikemotos.cl\/18742-medium_default\/mica-antiparra-4-pines.jpg"}},"large_default":{"url":"https:\/\/ubikemotos.cl\/18742-large_default\/mica-antiparra-4-pines.jpg","width":800,"height":800,"sources":{"jpg":"https:\/\/ubikemotos.cl\/18742-large_default\/mica-antiparra-4-pines.jpg"}}},"small":{"url":"https:\/\/ubikemotos.cl\/18742-small_default\/mica-antiparra-4-pines.jpg","width":98,"height":98,"sources":{"jpg":"https:\/\/ubikemotos.cl\/18742-small_default\/mica-antiparra-4-pines.jpg"}},"medium":{"url":"https:\/\/ubikemotos.cl\/18742-home_default\/mica-antiparra-4-pines.jpg","width":250,"height":250,"sources":{"jpg":"https:\/\/ubikemotos.cl\/18742-home_default\/mica-antiparra-4-pines.jpg"}},"large":{"url":"https:\/\/ubikemotos.cl\/18742-large_default\/mica-antiparra-4-pines.jpg","width":800,"height":800,"sources":{"jpg":"https:\/\/ubikemotos.cl\/18742-large_default\/mica-antiparra-4-pines.jpg"}},"associatedVariants":[11246]},"has_discount":false,"discount_type":null,"discount_percentage":null,"discount_percentage_absolute":null,"discount_amount":null,"price_amount":84900,"regular_price_amount":84900,"regular_price":"$84.900","discount_to_display":null},{"add_to_cart_url":"https:\/\/ubikemotos.cl\/carrito?add=1&id_product=1772&id_product_attribute=11244","url":"https:\/\/ubikemotos.cl\/productos\/1772-11244-mica-antiparra-8-pines-nino#\/17-color-gris\/158-talla-talla_unica","canonical_url":"https:\/\/ubikemotos.cl\/productos\/1772-mica-antiparra-8-pines-nino","labels":{"tax_short":"(impuestos excl.)","tax_long":"Impuestos excluidos"},"main_variants":[{"id_product_attribute":11245,"texture":"","id_product":1772,"name":"Transparente","id_attribute":411,"add_to_cart_url":"https:\/\/ubikemotos.cl\/carrito?add=1&id_product=1772&id_product_attribute=11245","url":"https:\/\/ubikemotos.cl\/productos\/1772-11245-mica-antiparra-8-pines-nino#\/158-talla-talla_unica\/411-color-transparente","type":"color","html_color_code":"#ffffff"},{"id_product_attribute":11244,"texture":"","id_product":1772,"name":"Gris","id_attribute":17,"add_to_cart_url":"https:\/\/ubikemotos.cl\/carrito?add=1&id_product=1772&id_product_attribute=11244","url":"https:\/\/ubikemotos.cl\/productos\/1772-11244-mica-antiparra-8-pines-nino#\/17-color-gris\/158-talla-talla_unica","type":"color","html_color_code":"#808080"}],"id_product":1772,"price":"$4.500","unit_price":"$0","reference":"55-0564","active":1,"description_short":"<p>Lente de policarbonato resistente a la rotura, adem\u00e1s cumple con los est\u00e1ndares de certificaci\u00f3n CE.<\/p>","link_rewrite":"mica-antiparra-8-pines-nino","name":"Mica Antiparra 8 Pines (Ni\u00f1o)","manufacturer_name":"MSR","category_name":"Productos","link":"https:\/\/ubikemotos.cl\/productos\/1772-mica-antiparra-8-pines-nino","rate":0,"tax_name":"","cover":{"cover":1,"id_image":18740,"legend":"Mica Antiparra 8 Pines (Ni\u00f1o)","position":1,"bySize":{"small_default":{"url":"https:\/\/ubikemotos.cl\/18740-small_default\/mica-antiparra-8-pines-nino.jpg","width":98,"height":98,"sources":{"jpg":"https:\/\/ubikemotos.cl\/18740-small_default\/mica-antiparra-8-pines-nino.jpg"}},"cart_default":{"url":"https:\/\/ubikemotos.cl\/18740-cart_default\/mica-antiparra-8-pines-nino.jpg","width":125,"height":125,"sources":{"jpg":"https:\/\/ubikemotos.cl\/18740-cart_default\/mica-antiparra-8-pines-nino.jpg"}},"home_default":{"url":"https:\/\/ubikemotos.cl\/18740-home_default\/mica-antiparra-8-pines-nino.jpg","width":250,"height":250,"sources":{"jpg":"https:\/\/ubikemotos.cl\/18740-home_default\/mica-antiparra-8-pines-nino.jpg"}},"medium_default":{"url":"https:\/\/ubikemotos.cl\/18740-medium_default\/mica-antiparra-8-pines-nino.jpg","width":452,"height":452,"sources":{"jpg":"https:\/\/ubikemotos.cl\/18740-medium_default\/mica-antiparra-8-pines-nino.jpg"}},"large_default":{"url":"https:\/\/ubikemotos.cl\/18740-large_default\/mica-antiparra-8-pines-nino.jpg","width":800,"height":800,"sources":{"jpg":"https:\/\/ubikemotos.cl\/18740-large_default\/mica-antiparra-8-pines-nino.jpg"}}},"small":{"url":"https:\/\/ubikemotos.cl\/18740-small_default\/mica-antiparra-8-pines-nino.jpg","width":98,"height":98,"sources":{"jpg":"https:\/\/ubikemotos.cl\/18740-small_default\/mica-antiparra-8-pines-nino.jpg"}},"medium":{"url":"https:\/\/ubikemotos.cl\/18740-home_default\/mica-antiparra-8-pines-nino.jpg","width":250,"height":250,"sources":{"jpg":"https:\/\/ubikemotos.cl\/18740-home_default\/mica-antiparra-8-pines-nino.jpg"}},"large":{"url":"https:\/\/ubikemotos.cl\/18740-large_default\/mica-antiparra-8-pines-nino.jpg","width":800,"height":800,"sources":{"jpg":"https:\/\/ubikemotos.cl\/18740-large_default\/mica-antiparra-8-pines-nino.jpg"}},"associatedVariants":[11244]},"has_discount":false,"discount_type":null,"discount_percentage":null,"discount_percentage_absolute":null,"discount_amount":null,"price_amount":4500,"regular_price_amount":4500,"regular_price":"$4.500","discount_to_display":null},{"add_to_cart_url":"https:\/\/ubikemotos.cl\/carrito?add=1&id_product=1773&id_product_attribute=11242","url":"https:\/\/ubikemotos.cl\/productos\/1773-11242-mica-antiparra-answer-apex#\/17-color-gris\/158-talla-talla_unica","canonical_url":"https:\/\/ubikemotos.cl\/productos\/1773-mica-antiparra-answer-apex","labels":{"tax_short":"(impuestos excl.)","tax_long":"Impuestos excluidos"},"main_variants":[{"id_product_attribute":11243,"texture":"","id_product":1773,"name":"Transparente","id_attribute":411,"add_to_cart_url":"https:\/\/ubikemotos.cl\/carrito?add=1&id_product=1773&id_product_attribute=11243","url":"https:\/\/ubikemotos.cl\/productos\/1773-11243-mica-antiparra-answer-apex#\/158-talla-talla_unica\/411-color-transparente","type":"color","html_color_code":"#ffffff"},{"id_product_attribute":11242,"texture":"","id_product":1773,"name":"Gris","id_attribute":17,"add_to_cart_url":"https:\/\/ubikemotos.cl\/carrito?add=1&id_product=1773&id_product_attribute=11242","url":"https:\/\/ubikemotos.cl\/productos\/1773-11242-mica-antiparra-answer-apex#\/17-color-gris\/158-talla-talla_unica","type":"color","html_color_code":"#808080"}],"id_product":1773,"price":"$6.900","unit_price":"$0","reference":"55-0561","active":1,"description_short":"<p>1 mm de espesor claro, lente anti niebla con pins para colocar en las antiparras.<br \/><br \/>Anti rasgu\u00f1os y tratamiento anti UV.<\/p>","link_rewrite":"mica-antiparra-answer-apex","name":"Mica Antiparra Answer Apex","manufacturer_name":"Answer Syncron","category_name":"Productos","link":"https:\/\/ubikemotos.cl\/productos\/1773-mica-antiparra-answer-apex","rate":0,"tax_name":"","cover":{"cover":1,"id_image":18738,"legend":"Mica Antiparra Answer Apex","position":1,"bySize":{"small_default":{"url":"https:\/\/ubikemotos.cl\/18738-small_default\/mica-antiparra-answer-apex.jpg","width":98,"height":98,"sources":{"jpg":"https:\/\/ubikemotos.cl\/18738-small_default\/mica-antiparra-answer-apex.jpg"}},"cart_default":{"url":"https:\/\/ubikemotos.cl\/18738-cart_default\/mica-antiparra-answer-apex.jpg","width":125,"height":125,"sources":{"jpg":"https:\/\/ubikemotos.cl\/18738-cart_default\/mica-antiparra-answer-apex.jpg"}},"home_default":{"url":"https:\/\/ubikemotos.cl\/18738-home_default\/mica-antiparra-answer-apex.jpg","width":250,"height":250,"sources":{"jpg":"https:\/\/ubikemotos.cl\/18738-home_default\/mica-antiparra-answer-apex.jpg"}},"medium_default":{"url":"https:\/\/ubikemotos.cl\/18738-medium_default\/mica-antiparra-answer-apex.jpg","width":452,"height":452,"sources":{"jpg":"https:\/\/ubikemotos.cl\/18738-medium_default\/mica-antiparra-answer-apex.jpg"}},"large_default":{"url":"https:\/\/ubikemotos.cl\/18738-large_default\/mica-antiparra-answer-apex.jpg","width":800,"height":800,"sources":{"jpg":"https:\/\/ubikemotos.cl\/18738-large_default\/mica-antiparra-answer-apex.jpg"}}},"small":{"url":"https:\/\/ubikemotos.cl\/18738-small_default\/mica-antiparra-answer-apex.jpg","width":98,"height":98,"sources":{"jpg":"https:\/\/ubikemotos.cl\/18738-small_default\/mica-antiparra-answer-apex.jpg"}},"medium":{"url":"https:\/\/ubikemotos.cl\/18738-home_default\/mica-antiparra-answer-apex.jpg","width":250,"height":250,"sources":{"jpg":"https:\/\/ubikemotos.cl\/18738-home_default\/mica-antiparra-answer-apex.jpg"}},"large":{"url":"https:\/\/ubikemotos.cl\/18738-large_default\/mica-antiparra-answer-apex.jpg","width":800,"height":800,"sources":{"jpg":"https:\/\/ubikemotos.cl\/18738-large_default\/mica-antiparra-answer-apex.jpg"}},"associatedVariants":[11242]},"has_discount":false,"discount_type":null,"discount_percentage":null,"discount_percentage_absolute":null,"discount_amount":null,"price_amount":6900,"regular_price_amount":6900,"regular_price":"$6.900","discount_to_display":null},{"add_to_cart_url":"https:\/\/ubikemotos.cl\/carrito?add=1&id_product=1775&id_product_attribute=11241","url":"https:\/\/ubikemotos.cl\/productos\/1775-11241-mica-antiparra-progrip-3111-nino#\/158-talla-talla_unica\/411-color-transparente","canonical_url":"https:\/\/ubikemotos.cl\/productos\/1775-mica-antiparra-progrip-3111-nino","labels":{"tax_short":"(impuestos excl.)","tax_long":"Impuestos excluidos"},"main_variants":[{"id_product_attribute":11241,"texture":"","id_product":1775,"name":"Transparente","id_attribute":411,"add_to_cart_url":"https:\/\/ubikemotos.cl\/carrito?add=1&id_product=1775&id_product_attribute=11241","url":"https:\/\/ubikemotos.cl\/productos\/1775-11241-mica-antiparra-progrip-3111-nino#\/158-talla-talla_unica\/411-color-transparente","type":"color","html_color_code":"#ffffff"}],"id_product":1775,"price":"$10.900","unit_price":"$0","reference":"3111CLEAR","active":1,"description_short":"<p>1 mm de espesor claro, lente anti niebla con pins para colocar en las antiparras.<br \/><br \/>Anti rasgu\u00f1os y tratamiento anti UV.<\/p>","link_rewrite":"mica-antiparra-progrip-3111-nino","name":"Mica Antiparra Progrip 3111 (Ni\u00f1o)","manufacturer_name":"Progrip","category_name":"Productos","link":"https:\/\/ubikemotos.cl\/productos\/1775-mica-antiparra-progrip-3111-nino","rate":0,"tax_name":"","cover":{"cover":1,"id_image":18737,"legend":"Mica Antiparra Progrip 3111 (Ni\u00f1o)","position":1,"bySize":{"small_default":{"url":"https:\/\/ubikemotos.cl\/18737-small_default\/mica-antiparra-progrip-3111-nino.jpg","width":98,"height":98,"sources":{"jpg":"https:\/\/ubikemotos.cl\/18737-small_default\/mica-antiparra-progrip-3111-nino.jpg"}},"cart_default":{"url":"https:\/\/ubikemotos.cl\/18737-cart_default\/mica-antiparra-progrip-3111-nino.jpg","width":125,"height":125,"sources":{"jpg":"https:\/\/ubikemotos.cl\/18737-cart_default\/mica-antiparra-progrip-3111-nino.jpg"}},"home_default":{"url":"https:\/\/ubikemotos.cl\/18737-home_default\/mica-antiparra-progrip-3111-nino.jpg","width":250,"height":250,"sources":{"jpg":"https:\/\/ubikemotos.cl\/18737-home_default\/mica-antiparra-progrip-3111-nino.jpg"}},"medium_default":{"url":"https:\/\/ubikemotos.cl\/18737-medium_default\/mica-antiparra-progrip-3111-nino.jpg","width":452,"height":452,"sources":{"jpg":"https:\/\/ubikemotos.cl\/18737-medium_default\/mica-antiparra-progrip-3111-nino.jpg"}},"large_default":{"url":"https:\/\/ubikemotos.cl\/18737-large_default\/mica-antiparra-progrip-3111-nino.jpg","width":800,"height":800,"sources":{"jpg":"https:\/\/ubikemotos.cl\/18737-large_default\/mica-antiparra-progrip-3111-nino.jpg"}}},"small":{"url":"https:\/\/ubikemotos.cl\/18737-small_default\/mica-antiparra-progrip-3111-nino.jpg","width":98,"height":98,"sources":{"jpg":"https:\/\/ubikemotos.cl\/18737-small_default\/mica-antiparra-progrip-3111-nino.jpg"}},"medium":{"url":"https:\/\/ubikemotos.cl\/18737-home_default\/mica-antiparra-progrip-3111-nino.jpg","width":250,"height":250,"sources":{"jpg":"https:\/\/ubikemotos.cl\/18737-home_default\/mica-antiparra-progrip-3111-nino.jpg"}},"large":{"url":"https:\/\/ubikemotos.cl\/18737-large_default\/mica-antiparra-progrip-3111-nino.jpg","width":800,"height":800,"sources":{"jpg":"https:\/\/ubikemotos.cl\/18737-large_default\/mica-antiparra-progrip-3111-nino.jpg"}},"associatedVariants":[11241]},"has_discount":false,"discount_type":null,"discount_percentage":null,"discount_percentage_absolute":null,"discount_amount":null,"price_amount":10900,"regular_price_amount":10900,"regular_price":"$10.900","discount_to_display":null},{"add_to_cart_url":"https:\/\/ubikemotos.cl\/carrito?add=1&id_product=1776&id_product_attribute=11240","url":"https:\/\/ubikemotos.cl\/productos\/1776-11240-mica-antiparra-progrip-3121-nino#\/17-color-gris\/158-talla-talla_unica","canonical_url":"https:\/\/ubikemotos.cl\/productos\/1776-mica-antiparra-progrip-3121-nino","labels":{"tax_short":"(impuestos excl.)","tax_long":"Impuestos excluidos"},"main_variants":[{"id_product_attribute":11240,"texture":"","id_product":1776,"name":"Gris","id_attribute":17,"add_to_cart_url":"https:\/\/ubikemotos.cl\/carrito?add=1&id_product=1776&id_product_attribute=11240","url":"https:\/\/ubikemotos.cl\/productos\/1776-11240-mica-antiparra-progrip-3121-nino#\/17-color-gris\/158-talla-talla_unica","type":"color","html_color_code":"#808080"}],"id_product":1776,"price":"$10.900","unit_price":"$0","reference":"3121SMOKE","active":1,"description_short":"<p>1 mm de espesor claro, doble lente anti niebla con pins para colocar en las antiparras.<br \/><br \/>Anti rasgu\u00f1os y tratamiento anti UV.<\/p>","link_rewrite":"mica-antiparra-progrip-3121-nino","name":"Mica Antiparra Progrip 3121 (Ni\u00f1o)","manufacturer_name":"Progrip","category_name":"Productos","link":"https:\/\/ubikemotos.cl\/productos\/1776-mica-antiparra-progrip-3121-nino","rate":0,"tax_name":"","cover":{"cover":1,"id_image":18736,"legend":"Mica Antiparra Progrip 3121 (Ni\u00f1o)","position":1,"bySize":{"small_default":{"url":"https:\/\/ubikemotos.cl\/18736-small_default\/mica-antiparra-progrip-3121-nino.jpg","width":98,"height":98,"sources":{"jpg":"https:\/\/ubikemotos.cl\/18736-small_default\/mica-antiparra-progrip-3121-nino.jpg"}},"cart_default":{"url":"https:\/\/ubikemotos.cl\/18736-cart_default\/mica-antiparra-progrip-3121-nino.jpg","width":125,"height":125,"sources":{"jpg":"https:\/\/ubikemotos.cl\/18736-cart_default\/mica-antiparra-progrip-3121-nino.jpg"}},"home_default":{"url":"https:\/\/ubikemotos.cl\/18736-home_default\/mica-antiparra-progrip-3121-nino.jpg","width":250,"height":250,"sources":{"jpg":"https:\/\/ubikemotos.cl\/18736-home_default\/mica-antiparra-progrip-3121-nino.jpg"}},"medium_default":{"url":"https:\/\/ubikemotos.cl\/18736-medium_default\/mica-antiparra-progrip-3121-nino.jpg","width":452,"height":452,"sources":{"jpg":"https:\/\/ubikemotos.cl\/18736-medium_default\/mica-antiparra-progrip-3121-nino.jpg"}},"large_default":{"url":"https:\/\/ubikemotos.cl\/18736-large_default\/mica-antiparra-progrip-3121-nino.jpg","width":800,"height":800,"sources":{"jpg":"https:\/\/ubikemotos.cl\/18736-large_default\/mica-antiparra-progrip-3121-nino.jpg"}}},"small":{"url":"https:\/\/ubikemotos.cl\/18736-small_default\/mica-antiparra-progrip-3121-nino.jpg","width":98,"height":98,"sources":{"jpg":"https:\/\/ubikemotos.cl\/18736-small_default\/mica-antiparra-progrip-3121-nino.jpg"}},"medium":{"url":"https:\/\/ubikemotos.cl\/18736-home_default\/mica-antiparra-progrip-3121-nino.jpg","width":250,"height":250,"sources":{"jpg":"https:\/\/ubikemotos.cl\/18736-home_default\/mica-antiparra-progrip-3121-nino.jpg"}},"large":{"url":"https:\/\/ubikemotos.cl\/18736-large_default\/mica-antiparra-progrip-3121-nino.jpg","width":800,"height":800,"sources":{"jpg":"https:\/\/ubikemotos.cl\/18736-large_default\/mica-antiparra-progrip-3121-nino.jpg"}},"associatedVariants":[11240]},"has_discount":false,"discount_type":null,"discount_percentage":null,"discount_percentage_absolute":null,"discount_amount":null,"price_amount":10900,"regular_price_amount":10900,"regular_price":"$10.900","discount_to_display":null},{"add_to_cart_url":null,"url":"https:\/\/ubikemotos.cl\/productos\/2030-11137-mica-antiparra-100#\/9-color-azul\/158-talla-talla_unica","canonical_url":"https:\/\/ubikemotos.cl\/productos\/2030-mica-antiparra-100","labels":{"tax_short":"(impuestos excl.)","tax_long":"Impuestos excluidos"},"main_variants":[{"id_product_attribute":11137,"texture":"","id_product":2030,"name":"Azul","id_attribute":9,"add_to_cart_url":"https:\/\/ubikemotos.cl\/carrito?add=1&id_product=2030&id_product_attribute=11137","url":"https:\/\/ubikemotos.cl\/productos\/2030-11137-mica-antiparra-100#\/9-color-azul\/158-talla-talla_unica","type":"color","html_color_code":"#0000ff"}],"id_product":2030,"price":"$16.900","unit_price":"$0","reference":"51002-002-02","active":1,"description_short":"","link_rewrite":"mica-antiparra-100","name":"Mica Antiparra 100%","manufacturer_name":null,"category_name":"Productos","link":"https:\/\/ubikemotos.cl\/productos\/2030-mica-antiparra-100","rate":0,"tax_name":"","cover":{"cover":1,"id_image":18558,"legend":"Mica Antiparra 100%","position":1,"bySize":{"small_default":{"url":"https:\/\/ubikemotos.cl\/18558-small_default\/mica-antiparra-100.jpg","width":98,"height":98,"sources":{"jpg":"https:\/\/ubikemotos.cl\/18558-small_default\/mica-antiparra-100.jpg"}},"cart_default":{"url":"https:\/\/ubikemotos.cl\/18558-cart_default\/mica-antiparra-100.jpg","width":125,"height":125,"sources":{"jpg":"https:\/\/ubikemotos.cl\/18558-cart_default\/mica-antiparra-100.jpg"}},"home_default":{"url":"https:\/\/ubikemotos.cl\/18558-home_default\/mica-antiparra-100.jpg","width":250,"height":250,"sources":{"jpg":"https:\/\/ubikemotos.cl\/18558-home_default\/mica-antiparra-100.jpg"}},"medium_default":{"url":"https:\/\/ubikemotos.cl\/18558-medium_default\/mica-antiparra-100.jpg","width":452,"height":452,"sources":{"jpg":"https:\/\/ubikemotos.cl\/18558-medium_default\/mica-antiparra-100.jpg"}},"large_default":{"url":"https:\/\/ubikemotos.cl\/18558-large_default\/mica-antiparra-100.jpg","width":800,"height":800,"sources":{"jpg":"https:\/\/ubikemotos.cl\/18558-large_default\/mica-antiparra-100.jpg"}}},"small":{"url":"https:\/\/ubikemotos.cl\/18558-small_default\/mica-antiparra-100.jpg","width":98,"height":98,"sources":{"jpg":"https:\/\/ubikemotos.cl\/18558-small_default\/mica-antiparra-100.jpg"}},"medium":{"url":"https:\/\/ubikemotos.cl\/18558-home_default\/mica-antiparra-100.jpg","width":250,"height":250,"sources":{"jpg":"https:\/\/ubikemotos.cl\/18558-home_default\/mica-antiparra-100.jpg"}},"large":{"url":"https:\/\/ubikemotos.cl\/18558-large_default\/mica-antiparra-100.jpg","width":800,"height":800,"sources":{"jpg":"https:\/\/ubikemotos.cl\/18558-large_default\/mica-antiparra-100.jpg"}},"associatedVariants":[11137]},"has_discount":false,"discount_type":null,"discount_percentage":null,"discount_percentage_absolute":null,"discount_amount":null,"price_amount":16900,"regular_price_amount":16900,"regular_price":"$16.900","discount_to_display":null},{"add_to_cart_url":null,"url":"https:\/\/ubikemotos.cl\/productos\/2031-11136-mica-antiparra-100#\/158-talla-talla_unica\/411-color-transparente","canonical_url":"https:\/\/ubikemotos.cl\/productos\/2031-mica-antiparra-100","labels":{"tax_short":"(impuestos excl.)","tax_long":"Impuestos excluidos"},"main_variants":[{"id_product_attribute":11136,"texture":"","id_product":2031,"name":"Transparente","id_attribute":411,"add_to_cart_url":"https:\/\/ubikemotos.cl\/carrito?add=1&id_product=2031&id_product_attribute=11136","url":"https:\/\/ubikemotos.cl\/productos\/2031-11136-mica-antiparra-100#\/158-talla-talla_unica\/411-color-transparente","type":"color","html_color_code":"#ffffff"}],"id_product":2031,"price":"$10.900","unit_price":"$0","reference":"51001-010-02","active":1,"description_short":"","link_rewrite":"mica-antiparra-100","name":"Mica Antiparra 100%","manufacturer_name":null,"category_name":"Productos","link":"https:\/\/ubikemotos.cl\/productos\/2031-mica-antiparra-100","rate":0,"tax_name":"","cover":{"cover":1,"id_image":18557,"legend":"Mica Antiparra 100%","position":1,"bySize":{"small_default":{"url":"https:\/\/ubikemotos.cl\/18557-small_default\/mica-antiparra-100.jpg","width":98,"height":98,"sources":{"jpg":"https:\/\/ubikemotos.cl\/18557-small_default\/mica-antiparra-100.jpg"}},"cart_default":{"url":"https:\/\/ubikemotos.cl\/18557-cart_default\/mica-antiparra-100.jpg","width":125,"height":125,"sources":{"jpg":"https:\/\/ubikemotos.cl\/18557-cart_default\/mica-antiparra-100.jpg"}},"home_default":{"url":"https:\/\/ubikemotos.cl\/18557-home_default\/mica-antiparra-100.jpg","width":250,"height":250,"sources":{"jpg":"https:\/\/ubikemotos.cl\/18557-home_default\/mica-antiparra-100.jpg"}},"medium_default":{"url":"https:\/\/ubikemotos.cl\/18557-medium_default\/mica-antiparra-100.jpg","width":452,"height":452,"sources":{"jpg":"https:\/\/ubikemotos.cl\/18557-medium_default\/mica-antiparra-100.jpg"}},"large_default":{"url":"https:\/\/ubikemotos.cl\/18557-large_default\/mica-antiparra-100.jpg","width":800,"height":800,"sources":{"jpg":"https:\/\/ubikemotos.cl\/18557-large_default\/mica-antiparra-100.jpg"}}},"small":{"url":"https:\/\/ubikemotos.cl\/18557-small_default\/mica-antiparra-100.jpg","width":98,"height":98,"sources":{"jpg":"https:\/\/ubikemotos.cl\/18557-small_default\/mica-antiparra-100.jpg"}},"medium":{"url":"https:\/\/ubikemotos.cl\/18557-home_default\/mica-antiparra-100.jpg","width":250,"height":250,"sources":{"jpg":"https:\/\/ubikemotos.cl\/18557-home_default\/mica-antiparra-100.jpg"}},"large":{"url":"https:\/\/ubikemotos.cl\/18557-large_default\/mica-antiparra-100.jpg","width":800,"height":800,"sources":{"jpg":"https:\/\/ubikemotos.cl\/18557-large_default\/mica-antiparra-100.jpg"}},"associatedVariants":[11136]},"has_discount":false,"discount_type":null,"discount_percentage":null,"discount_percentage_absolute":null,"discount_amount":null,"price_amount":10900,"regular_price_amount":10900,"regular_price":"$10.900","discount_to_display":null},{"add_to_cart_url":null,"url":"https:\/\/ubikemotos.cl\/productos\/2032-11135-mica-antiparra-100#\/20-color-rojo\/158-talla-talla_unica","canonical_url":"https:\/\/ubikemotos.cl\/productos\/2032-mica-antiparra-100","labels":{"tax_short":"(impuestos excl.)","tax_long":"Impuestos excluidos"},"main_variants":[{"id_product_attribute":11135,"texture":"","id_product":2032,"name":"Rojo","id_attribute":20,"add_to_cart_url":"https:\/\/ubikemotos.cl\/carrito?add=1&id_product=2032&id_product_attribute=11135","url":"https:\/\/ubikemotos.cl\/productos\/2032-11135-mica-antiparra-100#\/20-color-rojo\/158-talla-talla_unica","type":"color","html_color_code":"#FF0000"}],"id_product":2032,"price":"$16.900","unit_price":"$0","reference":"51002-003-02","active":1,"description_short":"","link_rewrite":"mica-antiparra-100","name":"Mica Antiparra 100%","manufacturer_name":null,"category_name":"Productos","link":"https:\/\/ubikemotos.cl\/productos\/2032-mica-antiparra-100","rate":0,"tax_name":"","cover":{"cover":1,"id_image":18556,"legend":"Mica Antiparra 100%","position":1,"bySize":{"small_default":{"url":"https:\/\/ubikemotos.cl\/18556-small_default\/mica-antiparra-100.jpg","width":98,"height":98,"sources":{"jpg":"https:\/\/ubikemotos.cl\/18556-small_default\/mica-antiparra-100.jpg"}},"cart_default":{"url":"https:\/\/ubikemotos.cl\/18556-cart_default\/mica-antiparra-100.jpg","width":125,"height":125,"sources":{"jpg":"https:\/\/ubikemotos.cl\/18556-cart_default\/mica-antiparra-100.jpg"}},"home_default":{"url":"https:\/\/ubikemotos.cl\/18556-home_default\/mica-antiparra-100.jpg","width":250,"height":250,"sources":{"jpg":"https:\/\/ubikemotos.cl\/18556-home_default\/mica-antiparra-100.jpg"}},"medium_default":{"url":"https:\/\/ubikemotos.cl\/18556-medium_default\/mica-antiparra-100.jpg","width":452,"height":452,"sources":{"jpg":"https:\/\/ubikemotos.cl\/18556-medium_default\/mica-antiparra-100.jpg"}},"large_default":{"url":"https:\/\/ubikemotos.cl\/18556-large_default\/mica-antiparra-100.jpg","width":800,"height":800,"sources":{"jpg":"https:\/\/ubikemotos.cl\/18556-large_default\/mica-antiparra-100.jpg"}}},"small":{"url":"https:\/\/ubikemotos.cl\/18556-small_default\/mica-antiparra-100.jpg","width":98,"height":98,"sources":{"jpg":"https:\/\/ubikemotos.cl\/18556-small_default\/mica-antiparra-100.jpg"}},"medium":{"url":"https:\/\/ubikemotos.cl\/18556-home_default\/mica-antiparra-100.jpg","width":250,"height":250,"sources":{"jpg":"https:\/\/ubikemotos.cl\/18556-home_default\/mica-antiparra-100.jpg"}},"large":{"url":"https:\/\/ubikemotos.cl\/18556-large_default\/mica-antiparra-100.jpg","width":800,"height":800,"sources":{"jpg":"https:\/\/ubikemotos.cl\/18556-large_default\/mica-antiparra-100.jpg"}},"associatedVariants":[11135]},"has_discount":false,"discount_type":null,"discount_percentage":null,"discount_percentage_absolute":null,"discount_amount":null,"price_amount":16900,"regular_price_amount":16900,"regular_price":"$16.900","discount_to_display":null},{"add_to_cart_url":null,"url":"https:\/\/ubikemotos.cl\/productos\/2033-11134-mica-antiparra-100#\/158-talla-talla_unica\/538-color-dorado","canonical_url":"https:\/\/ubikemotos.cl\/productos\/2033-mica-antiparra-100","labels":{"tax_short":"(impuestos excl.)","tax_long":"Impuestos excluidos"},"main_variants":[{"id_product_attribute":11134,"texture":"","id_product":2033,"name":"Dorado","id_attribute":538,"add_to_cart_url":"https:\/\/ubikemotos.cl\/carrito?add=1&id_product=2033&id_product_attribute=11134","url":"https:\/\/ubikemotos.cl\/productos\/2033-11134-mica-antiparra-100#\/158-talla-talla_unica\/538-color-dorado","type":"color","html_color_code":"#FFD700"}],"id_product":2033,"price":"$16.900","unit_price":"$0","reference":"51002-009-02","active":1,"description_short":"","link_rewrite":"mica-antiparra-100","name":"Mica Antiparra 100%","manufacturer_name":null,"category_name":"Productos","link":"https:\/\/ubikemotos.cl\/productos\/2033-mica-antiparra-100","rate":0,"tax_name":"","cover":{"cover":1,"id_image":18555,"legend":"Mica Antiparra 100%","position":1,"bySize":{"small_default":{"url":"https:\/\/ubikemotos.cl\/18555-small_default\/mica-antiparra-100.jpg","width":98,"height":98,"sources":{"jpg":"https:\/\/ubikemotos.cl\/18555-small_default\/mica-antiparra-100.jpg"}},"cart_default":{"url":"https:\/\/ubikemotos.cl\/18555-cart_default\/mica-antiparra-100.jpg","width":125,"height":125,"sources":{"jpg":"https:\/\/ubikemotos.cl\/18555-cart_default\/mica-antiparra-100.jpg"}},"home_default":{"url":"https:\/\/ubikemotos.cl\/18555-home_default\/mica-antiparra-100.jpg","width":250,"height":250,"sources":{"jpg":"https:\/\/ubikemotos.cl\/18555-home_default\/mica-antiparra-100.jpg"}},"medium_default":{"url":"https:\/\/ubikemotos.cl\/18555-medium_default\/mica-antiparra-100.jpg","width":452,"height":452,"sources":{"jpg":"https:\/\/ubikemotos.cl\/18555-medium_default\/mica-antiparra-100.jpg"}},"large_default":{"url":"https:\/\/ubikemotos.cl\/18555-large_default\/mica-antiparra-100.jpg","width":800,"height":800,"sources":{"jpg":"https:\/\/ubikemotos.cl\/18555-large_default\/mica-antiparra-100.jpg"}}},"small":{"url":"https:\/\/ubikemotos.cl\/18555-small_default\/mica-antiparra-100.jpg","width":98,"height":98,"sources":{"jpg":"https:\/\/ubikemotos.cl\/18555-small_default\/mica-antiparra-100.jpg"}},"medium":{"url":"https:\/\/ubikemotos.cl\/18555-home_default\/mica-antiparra-100.jpg","width":250,"height":250,"sources":{"jpg":"https:\/\/ubikemotos.cl\/18555-home_default\/mica-antiparra-100.jpg"}},"large":{"url":"https:\/\/ubikemotos.cl\/18555-large_default\/mica-antiparra-100.jpg","width":800,"height":800,"sources":{"jpg":"https:\/\/ubikemotos.cl\/18555-large_default\/mica-antiparra-100.jpg"}},"associatedVariants":[11134]},"has_discount":false,"discount_type":null,"discount_percentage":null,"discount_percentage_absolute":null,"discount_amount":null,"price_amount":16900,"regular_price_amount":16900,"regular_price":"$16.900","discount_to_display":null},{"add_to_cart_url":"https:\/\/ubikemotos.cl\/carrito?add=1&id_product=3378&id_product_attribute=9660","url":"https:\/\/ubikemotos.cl\/productos\/3378-9660-cinturon-alpinestars-ageless-web#\/158-talla-talla_unica\/473-color-negro_verde_militar","canonical_url":"https:\/\/ubikemotos.cl\/productos\/3378-cinturon-alpinestars-ageless-web","labels":{"tax_short":"(impuestos excl.)","tax_long":"Impuestos excluidos"},"main_variants":[{"id_product_attribute":9659,"texture":"","id_product":3378,"name":"Negro","id_attribute":3,"add_to_cart_url":"https:\/\/ubikemotos.cl\/carrito?add=1&id_product=3378&id_product_attribute=9659","url":"https:\/\/ubikemotos.cl\/productos\/3378-9659-cinturon-alpinestars-ageless-web#\/3-color-negro\/158-talla-talla_unica","type":"color","html_color_code":"#000000"},{"id_product_attribute":9660,"texture":"\/img\/co\/473.jpg","id_product":3378,"name":"Negro, Verde Militar","id_attribute":473,"add_to_cart_url":"https:\/\/ubikemotos.cl\/carrito?add=1&id_product=3378&id_product_attribute=9660","url":"https:\/\/ubikemotos.cl\/productos\/3378-9660-cinturon-alpinestars-ageless-web#\/158-talla-talla_unica\/473-color-negro_verde_militar","type":"color","html_color_code":""},{"id_product_attribute":9658,"texture":"\/img\/co\/58.jpg","id_product":3378,"name":"Negro, Gris","id_attribute":58,"add_to_cart_url":"https:\/\/ubikemotos.cl\/carrito?add=1&id_product=3378&id_product_attribute=9658","url":"https:\/\/ubikemotos.cl\/productos\/3378-9658-cinturon-alpinestars-ageless-web#\/58-color-negro_gris\/158-talla-talla_unica","type":"color","html_color_code":""}],"id_product":3378,"price":"$17.900","unit_price":"$0","reference":"1019-93300","active":1,"description_short":"","link_rewrite":"cinturon-alpinestars-ageless-web","name":"Cinturon Alpinestars Ageless Web","manufacturer_name":"Alpinestars","category_name":"Productos","link":"https:\/\/ubikemotos.cl\/productos\/3378-cinturon-alpinestars-ageless-web","rate":0,"tax_name":"","cover":{"cover":1,"id_image":16884,"legend":"Cinturon Alpinestars Ageless Web","position":1,"bySize":{"small_default":{"url":"https:\/\/ubikemotos.cl\/16884-small_default\/cinturon-alpinestars-ageless-web.jpg","width":98,"height":98,"sources":{"jpg":"https:\/\/ubikemotos.cl\/16884-small_default\/cinturon-alpinestars-ageless-web.jpg"}},"cart_default":{"url":"https:\/\/ubikemotos.cl\/16884-cart_default\/cinturon-alpinestars-ageless-web.jpg","width":125,"height":125,"sources":{"jpg":"https:\/\/ubikemotos.cl\/16884-cart_default\/cinturon-alpinestars-ageless-web.jpg"}},"home_default":{"url":"https:\/\/ubikemotos.cl\/16884-home_default\/cinturon-alpinestars-ageless-web.jpg","width":250,"height":250,"sources":{"jpg":"https:\/\/ubikemotos.cl\/16884-home_default\/cinturon-alpinestars-ageless-web.jpg"}},"medium_default":{"url":"https:\/\/ubikemotos.cl\/16884-medium_default\/cinturon-alpinestars-ageless-web.jpg","width":452,"height":452,"sources":{"jpg":"https:\/\/ubikemotos.cl\/16884-medium_default\/cinturon-alpinestars-ageless-web.jpg"}},"large_default":{"url":"https:\/\/ubikemotos.cl\/16884-large_default\/cinturon-alpinestars-ageless-web.jpg","width":800,"height":800,"sources":{"jpg":"https:\/\/ubikemotos.cl\/16884-large_default\/cinturon-alpinestars-ageless-web.jpg"}}},"small":{"url":"https:\/\/ubikemotos.cl\/16884-small_default\/cinturon-alpinestars-ageless-web.jpg","width":98,"height":98,"sources":{"jpg":"https:\/\/ubikemotos.cl\/16884-small_default\/cinturon-alpinestars-ageless-web.jpg"}},"medium":{"url":"https:\/\/ubikemotos.cl\/16884-home_default\/cinturon-alpinestars-ageless-web.jpg","width":250,"height":250,"sources":{"jpg":"https:\/\/ubikemotos.cl\/16884-home_default\/cinturon-alpinestars-ageless-web.jpg"}},"large":{"url":"https:\/\/ubikemotos.cl\/16884-large_default\/cinturon-alpinestars-ageless-web.jpg","width":800,"height":800,"sources":{"jpg":"https:\/\/ubikemotos.cl\/16884-large_default\/cinturon-alpinestars-ageless-web.jpg"}},"associatedVariants":[9658]},"has_discount":false,"discount_type":null,"discount_percentage":null,"discount_percentage_absolute":null,"discount_amount":null,"price_amount":17900,"regular_price_amount":17900,"regular_price":"$17.900","discount_to_display":null},{"add_to_cart_url":"https:\/\/ubikemotos.cl\/carrito?add=1&id_product=4558&id_product_attribute=8674","url":"https:\/\/ubikemotos.cl\/productos\/4558-8674-mica-antiparra-progrip-azul#\/9-color-azul\/158-talla-talla_unica","canonical_url":"https:\/\/ubikemotos.cl\/productos\/4558-mica-antiparra-progrip-azul","labels":{"tax_short":"(impuestos excl.)","tax_long":"Impuestos excluidos"},"main_variants":[{"id_product_attribute":8674,"texture":"","id_product":4558,"name":"Azul","id_attribute":9,"add_to_cart_url":"https:\/\/ubikemotos.cl\/carrito?add=1&id_product=4558&id_product_attribute=8674","url":"https:\/\/ubikemotos.cl\/productos\/4558-8674-mica-antiparra-progrip-azul#\/9-color-azul\/158-talla-talla_unica","type":"color","html_color_code":"#0000ff"}],"id_product":4558,"price":"$26.900","unit_price":"$0","reference":"17-0912","active":1,"description_short":"<p>Dale vida a tus antiparras Progrip con un nuevo lente. Protecci\u00f3n contra los rayos UV, anti-rayones y anti-vaho.<\/p> <p>Compatible con los siguientes modelos de antiparras: 3200, 3201, 3204, 3303 y 3450.<\/p>","link_rewrite":"mica-antiparra-progrip-azul","name":"Mica Antiparra Progrip (Azul)","manufacturer_name":"Progrip","category_name":"Productos","link":"https:\/\/ubikemotos.cl\/productos\/4558-mica-antiparra-progrip-azul","rate":0,"tax_name":"","cover":{"cover":1,"id_image":15425,"legend":"Mica Antiparra Progrip (Azul)","position":1,"bySize":{"small_default":{"url":"https:\/\/ubikemotos.cl\/15425-small_default\/mica-antiparra-progrip-azul.jpg","width":98,"height":98,"sources":{"jpg":"https:\/\/ubikemotos.cl\/15425-small_default\/mica-antiparra-progrip-azul.jpg"}},"cart_default":{"url":"https:\/\/ubikemotos.cl\/15425-cart_default\/mica-antiparra-progrip-azul.jpg","width":125,"height":125,"sources":{"jpg":"https:\/\/ubikemotos.cl\/15425-cart_default\/mica-antiparra-progrip-azul.jpg"}},"home_default":{"url":"https:\/\/ubikemotos.cl\/15425-home_default\/mica-antiparra-progrip-azul.jpg","width":250,"height":250,"sources":{"jpg":"https:\/\/ubikemotos.cl\/15425-home_default\/mica-antiparra-progrip-azul.jpg"}},"medium_default":{"url":"https:\/\/ubikemotos.cl\/15425-medium_default\/mica-antiparra-progrip-azul.jpg","width":452,"height":452,"sources":{"jpg":"https:\/\/ubikemotos.cl\/15425-medium_default\/mica-antiparra-progrip-azul.jpg"}},"large_default":{"url":"https:\/\/ubikemotos.cl\/15425-large_default\/mica-antiparra-progrip-azul.jpg","width":800,"height":800,"sources":{"jpg":"https:\/\/ubikemotos.cl\/15425-large_default\/mica-antiparra-progrip-azul.jpg"}}},"small":{"url":"https:\/\/ubikemotos.cl\/15425-small_default\/mica-antiparra-progrip-azul.jpg","width":98,"height":98,"sources":{"jpg":"https:\/\/ubikemotos.cl\/15425-small_default\/mica-antiparra-progrip-azul.jpg"}},"medium":{"url":"https:\/\/ubikemotos.cl\/15425-home_default\/mica-antiparra-progrip-azul.jpg","width":250,"height":250,"sources":{"jpg":"https:\/\/ubikemotos.cl\/15425-home_default\/mica-antiparra-progrip-azul.jpg"}},"large":{"url":"https:\/\/ubikemotos.cl\/15425-large_default\/mica-antiparra-progrip-azul.jpg","width":800,"height":800,"sources":{"jpg":"https:\/\/ubikemotos.cl\/15425-large_default\/mica-antiparra-progrip-azul.jpg"}},"associatedVariants":[8674]},"has_discount":false,"discount_type":null,"discount_percentage":null,"discount_percentage_absolute":null,"discount_amount":null,"price_amount":26900,"regular_price_amount":26900,"regular_price":"$26.900","discount_to_display":null},{"add_to_cart_url":"https:\/\/ubikemotos.cl\/carrito?add=1&id_product=4559&id_product_attribute=8673","url":"https:\/\/ubikemotos.cl\/productos\/4559-8673-mica-antiparra-progrip-amarillo#\/74-color-amarillo\/158-talla-talla_unica","canonical_url":"https:\/\/ubikemotos.cl\/productos\/4559-mica-antiparra-progrip-amarillo","labels":{"tax_short":"(impuestos excl.)","tax_long":"Impuestos excluidos"},"main_variants":[{"id_product_attribute":8673,"texture":"","id_product":4559,"name":"Amarillo","id_attribute":74,"add_to_cart_url":"https:\/\/ubikemotos.cl\/carrito?add=1&id_product=4559&id_product_attribute=8673","url":"https:\/\/ubikemotos.cl\/productos\/4559-8673-mica-antiparra-progrip-amarillo#\/74-color-amarillo\/158-talla-talla_unica","type":"color","html_color_code":"#FFFF00"}],"id_product":4559,"price":"$26.900","unit_price":"$0","reference":"17-0987","active":1,"description_short":"<p>Dale vida a tus antiparras Progrip con un nuevo lente. Protecci\u00f3n contra los rayos UV, anti-rayones y anti-vaho.<\/p> <p>Compatible con los siguientes modelos de antiparras: 3200, 3201, 3204, 3303 y 3450.<\/p>","link_rewrite":"mica-antiparra-progrip-amarillo","name":"Mica Antiparra Progrip (Amarillo)","manufacturer_name":"Progrip","category_name":"Productos","link":"https:\/\/ubikemotos.cl\/productos\/4559-mica-antiparra-progrip-amarillo","rate":0,"tax_name":"","cover":{"cover":1,"id_image":15424,"legend":"Mica Antiparra Progrip (Amarillo)","position":1,"bySize":{"small_default":{"url":"https:\/\/ubikemotos.cl\/15424-small_default\/mica-antiparra-progrip-amarillo.jpg","width":98,"height":98,"sources":{"jpg":"https:\/\/ubikemotos.cl\/15424-small_default\/mica-antiparra-progrip-amarillo.jpg"}},"cart_default":{"url":"https:\/\/ubikemotos.cl\/15424-cart_default\/mica-antiparra-progrip-amarillo.jpg","width":125,"height":125,"sources":{"jpg":"https:\/\/ubikemotos.cl\/15424-cart_default\/mica-antiparra-progrip-amarillo.jpg"}},"home_default":{"url":"https:\/\/ubikemotos.cl\/15424-home_default\/mica-antiparra-progrip-amarillo.jpg","width":250,"height":250,"sources":{"jpg":"https:\/\/ubikemotos.cl\/15424-home_default\/mica-antiparra-progrip-amarillo.jpg"}},"medium_default":{"url":"https:\/\/ubikemotos.cl\/15424-medium_default\/mica-antiparra-progrip-amarillo.jpg","width":452,"height":452,"sources":{"jpg":"https:\/\/ubikemotos.cl\/15424-medium_default\/mica-antiparra-progrip-amarillo.jpg"}},"large_default":{"url":"https:\/\/ubikemotos.cl\/15424-large_default\/mica-antiparra-progrip-amarillo.jpg","width":800,"height":800,"sources":{"jpg":"https:\/\/ubikemotos.cl\/15424-large_default\/mica-antiparra-progrip-amarillo.jpg"}}},"small":{"url":"https:\/\/ubikemotos.cl\/15424-small_default\/mica-antiparra-progrip-amarillo.jpg","width":98,"height":98,"sources":{"jpg":"https:\/\/ubikemotos.cl\/15424-small_default\/mica-antiparra-progrip-amarillo.jpg"}},"medium":{"url":"https:\/\/ubikemotos.cl\/15424-home_default\/mica-antiparra-progrip-amarillo.jpg","width":250,"height":250,"sources":{"jpg":"https:\/\/ubikemotos.cl\/15424-home_default\/mica-antiparra-progrip-amarillo.jpg"}},"large":{"url":"https:\/\/ubikemotos.cl\/15424-large_default\/mica-antiparra-progrip-amarillo.jpg","width":800,"height":800,"sources":{"jpg":"https:\/\/ubikemotos.cl\/15424-large_default\/mica-antiparra-progrip-amarillo.jpg"}},"associatedVariants":[8673]},"has_discount":false,"discount_type":null,"discount_percentage":null,"discount_percentage_absolute":null,"discount_amount":null,"price_amount":26900,"regular_price_amount":26900,"regular_price":"$26.900","discount_to_display":null},{"add_to_cart_url":"https:\/\/ubikemotos.cl\/carrito?add=1&id_product=4560&id_product_attribute=8672","url":"https:\/\/ubikemotos.cl\/productos\/4560-8672-mica-antiparra-progrip-rojo#\/20-color-rojo\/158-talla-talla_unica","canonical_url":"https:\/\/ubikemotos.cl\/productos\/4560-mica-antiparra-progrip-rojo","labels":{"tax_short":"(impuestos excl.)","tax_long":"Impuestos excluidos"},"main_variants":[{"id_product_attribute":8672,"texture":"","id_product":4560,"name":"Rojo","id_attribute":20,"add_to_cart_url":"https:\/\/ubikemotos.cl\/carrito?add=1&id_product=4560&id_product_attribute=8672","url":"https:\/\/ubikemotos.cl\/productos\/4560-8672-mica-antiparra-progrip-rojo#\/20-color-rojo\/158-talla-talla_unica","type":"color","html_color_code":"#FF0000"}],"id_product":4560,"price":"$26.900","unit_price":"$0","reference":"17-1012","active":1,"description_short":"<p>Dale vida a tus antiparras Progrip con un nuevo lente. Protecci\u00f3n contra los rayos UV, anti-rayones y anti-vaho.<\/p> <p>Compatible con los siguientes modelos de antiparras: 3200, 3201, 3204, 3303 y 3450.<\/p>","link_rewrite":"mica-antiparra-progrip-rojo","name":"Mica Antiparra Progrip (Rojo)","manufacturer_name":"Progrip","category_name":"Productos","link":"https:\/\/ubikemotos.cl\/productos\/4560-mica-antiparra-progrip-rojo","rate":0,"tax_name":"","cover":{"cover":1,"id_image":15423,"legend":"Mica Antiparra Progrip (Rojo)","position":1,"bySize":{"small_default":{"url":"https:\/\/ubikemotos.cl\/15423-small_default\/mica-antiparra-progrip-rojo.jpg","width":98,"height":98,"sources":{"jpg":"https:\/\/ubikemotos.cl\/15423-small_default\/mica-antiparra-progrip-rojo.jpg"}},"cart_default":{"url":"https:\/\/ubikemotos.cl\/15423-cart_default\/mica-antiparra-progrip-rojo.jpg","width":125,"height":125,"sources":{"jpg":"https:\/\/ubikemotos.cl\/15423-cart_default\/mica-antiparra-progrip-rojo.jpg"}},"home_default":{"url":"https:\/\/ubikemotos.cl\/15423-home_default\/mica-antiparra-progrip-rojo.jpg","width":250,"height":250,"sources":{"jpg":"https:\/\/ubikemotos.cl\/15423-home_default\/mica-antiparra-progrip-rojo.jpg"}},"medium_default":{"url":"https:\/\/ubikemotos.cl\/15423-medium_default\/mica-antiparra-progrip-rojo.jpg","width":452,"height":452,"sources":{"jpg":"https:\/\/ubikemotos.cl\/15423-medium_default\/mica-antiparra-progrip-rojo.jpg"}},"large_default":{"url":"https:\/\/ubikemotos.cl\/15423-large_default\/mica-antiparra-progrip-rojo.jpg","width":800,"height":800,"sources":{"jpg":"https:\/\/ubikemotos.cl\/15423-large_default\/mica-antiparra-progrip-rojo.jpg"}}},"small":{"url":"https:\/\/ubikemotos.cl\/15423-small_default\/mica-antiparra-progrip-rojo.jpg","width":98,"height":98,"sources":{"jpg":"https:\/\/ubikemotos.cl\/15423-small_default\/mica-antiparra-progrip-rojo.jpg"}},"medium":{"url":"https:\/\/ubikemotos.cl\/15423-home_default\/mica-antiparra-progrip-rojo.jpg","width":250,"height":250,"sources":{"jpg":"https:\/\/ubikemotos.cl\/15423-home_default\/mica-antiparra-progrip-rojo.jpg"}},"large":{"url":"https:\/\/ubikemotos.cl\/15423-large_default\/mica-antiparra-progrip-rojo.jpg","width":800,"height":800,"sources":{"jpg":"https:\/\/ubikemotos.cl\/15423-large_default\/mica-antiparra-progrip-rojo.jpg"}},"associatedVariants":[8672]},"has_discount":false,"discount_type":null,"discount_percentage":null,"discount_percentage_absolute":null,"discount_amount":null,"price_amount":26900,"regular_price_amount":26900,"regular_price":"$26.900","discount_to_display":null},{"add_to_cart_url":"https:\/\/ubikemotos.cl\/carrito?add=1&id_product=4561&id_product_attribute=8671","url":"https:\/\/ubikemotos.cl\/productos\/4561-8671-mica-antiparra-progrip-naranjo#\/75-color-naranjo\/158-talla-talla_unica","canonical_url":"https:\/\/ubikemotos.cl\/productos\/4561-mica-antiparra-progrip-naranjo","labels":{"tax_short":"(impuestos excl.)","tax_long":"Impuestos excluidos"},"main_variants":[{"id_product_attribute":8671,"texture":"","id_product":4561,"name":"Naranjo","id_attribute":75,"add_to_cart_url":"https:\/\/ubikemotos.cl\/carrito?add=1&id_product=4561&id_product_attribute=8671","url":"https:\/\/ubikemotos.cl\/productos\/4561-8671-mica-antiparra-progrip-naranjo#\/75-color-naranjo\/158-talla-talla_unica","type":"color","html_color_code":"#FFA500"}],"id_product":4561,"price":"$26.900","unit_price":"$0","reference":"17-1013","active":1,"description_short":"<p>Dale vida a tus antiparras Progrip con un nuevo lente. Protecci\u00f3n contra los rayos UV, anti-rayones y anti-vaho.<\/p> <p>Compatible con los siguientes modelos de antiparras: 3200, 3201, 3204, 3303 y 3450.<\/p>","link_rewrite":"mica-antiparra-progrip-naranjo","name":"Mica Antiparra Progrip (Naranjo)","manufacturer_name":"Progrip","category_name":"Productos","link":"https:\/\/ubikemotos.cl\/productos\/4561-mica-antiparra-progrip-naranjo","rate":0,"tax_name":"","cover":{"cover":1,"id_image":15422,"legend":"Mica Antiparra Progrip (Naranjo)","position":1,"bySize":{"small_default":{"url":"https:\/\/ubikemotos.cl\/15422-small_default\/mica-antiparra-progrip-naranjo.jpg","width":98,"height":98,"sources":{"jpg":"https:\/\/ubikemotos.cl\/15422-small_default\/mica-antiparra-progrip-naranjo.jpg"}},"cart_default":{"url":"https:\/\/ubikemotos.cl\/15422-cart_default\/mica-antiparra-progrip-naranjo.jpg","width":125,"height":125,"sources":{"jpg":"https:\/\/ubikemotos.cl\/15422-cart_default\/mica-antiparra-progrip-naranjo.jpg"}},"home_default":{"url":"https:\/\/ubikemotos.cl\/15422-home_default\/mica-antiparra-progrip-naranjo.jpg","width":250,"height":250,"sources":{"jpg":"https:\/\/ubikemotos.cl\/15422-home_default\/mica-antiparra-progrip-naranjo.jpg"}},"medium_default":{"url":"https:\/\/ubikemotos.cl\/15422-medium_default\/mica-antiparra-progrip-naranjo.jpg","width":452,"height":452,"sources":{"jpg":"https:\/\/ubikemotos.cl\/15422-medium_default\/mica-antiparra-progrip-naranjo.jpg"}},"large_default":{"url":"https:\/\/ubikemotos.cl\/15422-large_default\/mica-antiparra-progrip-naranjo.jpg","width":800,"height":800,"sources":{"jpg":"https:\/\/ubikemotos.cl\/15422-large_default\/mica-antiparra-progrip-naranjo.jpg"}}},"small":{"url":"https:\/\/ubikemotos.cl\/15422-small_default\/mica-antiparra-progrip-naranjo.jpg","width":98,"height":98,"sources":{"jpg":"https:\/\/ubikemotos.cl\/15422-small_default\/mica-antiparra-progrip-naranjo.jpg"}},"medium":{"url":"https:\/\/ubikemotos.cl\/15422-home_default\/mica-antiparra-progrip-naranjo.jpg","width":250,"height":250,"sources":{"jpg":"https:\/\/ubikemotos.cl\/15422-home_default\/mica-antiparra-progrip-naranjo.jpg"}},"large":{"url":"https:\/\/ubikemotos.cl\/15422-large_default\/mica-antiparra-progrip-naranjo.jpg","width":800,"height":800,"sources":{"jpg":"https:\/\/ubikemotos.cl\/15422-large_default\/mica-antiparra-progrip-naranjo.jpg"}},"associatedVariants":[8671]},"has_discount":false,"discount_type":null,"discount_percentage":null,"discount_percentage_absolute":null,"discount_amount":null,"price_amount":26900,"regular_price_amount":26900,"regular_price":"$26.900","discount_to_display":null},{"add_to_cart_url":"https:\/\/ubikemotos.cl\/carrito?add=1&id_product=4562&id_product_attribute=8670","url":"https:\/\/ubikemotos.cl\/productos\/4562-8670-mica-antiparra-progrip-plata#\/17-color-gris\/158-talla-talla_unica","canonical_url":"https:\/\/ubikemotos.cl\/productos\/4562-mica-antiparra-progrip-plata","labels":{"tax_short":"(impuestos excl.)","tax_long":"Impuestos excluidos"},"main_variants":[{"id_product_attribute":8670,"texture":"","id_product":4562,"name":"Gris","id_attribute":17,"add_to_cart_url":"https:\/\/ubikemotos.cl\/carrito?add=1&id_product=4562&id_product_attribute=8670","url":"https:\/\/ubikemotos.cl\/productos\/4562-8670-mica-antiparra-progrip-plata#\/17-color-gris\/158-talla-talla_unica","type":"color","html_color_code":"#808080"}],"id_product":4562,"price":"$26.900","unit_price":"$0","reference":"17-1014","active":1,"description_short":"<p>Dale vida a tus antiparras Progrip con un nuevo lente. Protecci\u00f3n contra los rayos UV, anti-rayones y anti-vaho.<\/p> <p>Compatible con los siguientes modelos de antiparras: 3200, 3201, 3204, 3303 y 3450.<\/p>","link_rewrite":"mica-antiparra-progrip-plata","name":"Mica Antiparra Progrip (Plata)","manufacturer_name":"Progrip","category_name":"Productos","link":"https:\/\/ubikemotos.cl\/productos\/4562-mica-antiparra-progrip-plata","rate":0,"tax_name":"","cover":{"cover":1,"id_image":15421,"legend":"Mica Antiparra Progrip (Plata)","position":1,"bySize":{"small_default":{"url":"https:\/\/ubikemotos.cl\/15421-small_default\/mica-antiparra-progrip-plata.jpg","width":98,"height":98,"sources":{"jpg":"https:\/\/ubikemotos.cl\/15421-small_default\/mica-antiparra-progrip-plata.jpg"}},"cart_default":{"url":"https:\/\/ubikemotos.cl\/15421-cart_default\/mica-antiparra-progrip-plata.jpg","width":125,"height":125,"sources":{"jpg":"https:\/\/ubikemotos.cl\/15421-cart_default\/mica-antiparra-progrip-plata.jpg"}},"home_default":{"url":"https:\/\/ubikemotos.cl\/15421-home_default\/mica-antiparra-progrip-plata.jpg","width":250,"height":250,"sources":{"jpg":"https:\/\/ubikemotos.cl\/15421-home_default\/mica-antiparra-progrip-plata.jpg"}},"medium_default":{"url":"https:\/\/ubikemotos.cl\/15421-medium_default\/mica-antiparra-progrip-plata.jpg","width":452,"height":452,"sources":{"jpg":"https:\/\/ubikemotos.cl\/15421-medium_default\/mica-antiparra-progrip-plata.jpg"}},"large_default":{"url":"https:\/\/ubikemotos.cl\/15421-large_default\/mica-antiparra-progrip-plata.jpg","width":800,"height":800,"sources":{"jpg":"https:\/\/ubikemotos.cl\/15421-large_default\/mica-antiparra-progrip-plata.jpg"}}},"small":{"url":"https:\/\/ubikemotos.cl\/15421-small_default\/mica-antiparra-progrip-plata.jpg","width":98,"height":98,"sources":{"jpg":"https:\/\/ubikemotos.cl\/15421-small_default\/mica-antiparra-progrip-plata.jpg"}},"medium":{"url":"https:\/\/ubikemotos.cl\/15421-home_default\/mica-antiparra-progrip-plata.jpg","width":250,"height":250,"sources":{"jpg":"https:\/\/ubikemotos.cl\/15421-home_default\/mica-antiparra-progrip-plata.jpg"}},"large":{"url":"https:\/\/ubikemotos.cl\/15421-large_default\/mica-antiparra-progrip-plata.jpg","width":800,"height":800,"sources":{"jpg":"https:\/\/ubikemotos.cl\/15421-large_default\/mica-antiparra-progrip-plata.jpg"}},"associatedVariants":[8670]},"has_discount":false,"discount_type":null,"discount_percentage":null,"discount_percentage_absolute":null,"discount_amount":null,"price_amount":26900,"regular_price_amount":26900,"regular_price":"$26.900","discount_to_display":null},{"add_to_cart_url":null,"url":"https:\/\/ubikemotos.cl\/productos\/4563-8669-mica-antiparra-progrip-transparente#\/158-talla-talla_unica\/411-color-transparente","canonical_url":"https:\/\/ubikemotos.cl\/productos\/4563-mica-antiparra-progrip-transparente","labels":{"tax_short":"(impuestos excl.)","tax_long":"Impuestos excluidos"},"main_variants":[{"id_product_attribute":8669,"texture":"","id_product":4563,"name":"Transparente","id_attribute":411,"add_to_cart_url":"https:\/\/ubikemotos.cl\/carrito?add=1&id_product=4563&id_product_attribute=8669","url":"https:\/\/ubikemotos.cl\/productos\/4563-8669-mica-antiparra-progrip-transparente#\/158-talla-talla_unica\/411-color-transparente","type":"color","html_color_code":"#ffffff"}],"id_product":4563,"price":"$17.900","unit_price":"$0","reference":"17-8090","active":1,"description_short":"<p>Dale vida a tus antiparras Progrip con un nuevo lente. Protecci\u00f3n contra los rayos UV, anti-rayones y anti-vaho.<\/p> <p>Compatible con los siguientes modelos de antiparras: 3200, 3201, 3204, 3303 y 3450.<\/p>","link_rewrite":"mica-antiparra-progrip-transparente","name":"Mica Antiparra Progrip (Transparente)","manufacturer_name":"Progrip","category_name":"Productos","link":"https:\/\/ubikemotos.cl\/productos\/4563-mica-antiparra-progrip-transparente","rate":0,"tax_name":"","cover":{"cover":1,"id_image":15420,"legend":"Mica Antiparra Progrip (Transparente)","position":1,"bySize":{"small_default":{"url":"https:\/\/ubikemotos.cl\/15420-small_default\/mica-antiparra-progrip-transparente.jpg","width":98,"height":98,"sources":{"jpg":"https:\/\/ubikemotos.cl\/15420-small_default\/mica-antiparra-progrip-transparente.jpg"}},"cart_default":{"url":"https:\/\/ubikemotos.cl\/15420-cart_default\/mica-antiparra-progrip-transparente.jpg","width":125,"height":125,"sources":{"jpg":"https:\/\/ubikemotos.cl\/15420-cart_default\/mica-antiparra-progrip-transparente.jpg"}},"home_default":{"url":"https:\/\/ubikemotos.cl\/15420-home_default\/mica-antiparra-progrip-transparente.jpg","width":250,"height":250,"sources":{"jpg":"https:\/\/ubikemotos.cl\/15420-home_default\/mica-antiparra-progrip-transparente.jpg"}},"medium_default":{"url":"https:\/\/ubikemotos.cl\/15420-medium_default\/mica-antiparra-progrip-transparente.jpg","width":452,"height":452,"sources":{"jpg":"https:\/\/ubikemotos.cl\/15420-medium_default\/mica-antiparra-progrip-transparente.jpg"}},"large_default":{"url":"https:\/\/ubikemotos.cl\/15420-large_default\/mica-antiparra-progrip-transparente.jpg","width":800,"height":800,"sources":{"jpg":"https:\/\/ubikemotos.cl\/15420-large_default\/mica-antiparra-progrip-transparente.jpg"}}},"small":{"url":"https:\/\/ubikemotos.cl\/15420-small_default\/mica-antiparra-progrip-transparente.jpg","width":98,"height":98,"sources":{"jpg":"https:\/\/ubikemotos.cl\/15420-small_default\/mica-antiparra-progrip-transparente.jpg"}},"medium":{"url":"https:\/\/ubikemotos.cl\/15420-home_default\/mica-antiparra-progrip-transparente.jpg","width":250,"height":250,"sources":{"jpg":"https:\/\/ubikemotos.cl\/15420-home_default\/mica-antiparra-progrip-transparente.jpg"}},"large":{"url":"https:\/\/ubikemotos.cl\/15420-large_default\/mica-antiparra-progrip-transparente.jpg","width":800,"height":800,"sources":{"jpg":"https:\/\/ubikemotos.cl\/15420-large_default\/mica-antiparra-progrip-transparente.jpg"}},"associatedVariants":[8669]},"has_discount":false,"discount_type":null,"discount_percentage":null,"discount_percentage_absolute":null,"discount_amount":null,"price_amount":17900,"regular_price_amount":17900,"regular_price":"$17.900","discount_to_display":null},{"add_to_cart_url":null,"url":"https:\/\/ubikemotos.cl\/productos\/5046-8331-vicera-alpinestars-s-m10-s-m8-solid-rojo#\/20-color-rojo\/158-talla-talla_unica","canonical_url":"https:\/\/ubikemotos.cl\/productos\/5046-vicera-alpinestars-s-m10-s-m8-solid-rojo","labels":{"tax_short":"(impuestos excl.)","tax_long":"Impuestos excluidos"},"main_variants":[{"id_product_attribute":8331,"texture":"","id_product":5046,"name":"Rojo","id_attribute":20,"add_to_cart_url":"https:\/\/ubikemotos.cl\/carrito?add=1&id_product=5046&id_product_attribute=8331","url":"https:\/\/ubikemotos.cl\/productos\/5046-8331-vicera-alpinestars-s-m10-s-m8-solid-rojo#\/20-color-rojo\/158-talla-talla_unica","type":"color","html_color_code":"#FF0000"}],"id_product":5046,"price":"$79.900","unit_price":"$0","reference":"8981219-3000","active":1,"description_short":"<p>Vicera Alpinestars S-M10\/S-M8 Solid (Rojo)<\/p>","link_rewrite":"vicera-alpinestars-s-m10-s-m8-solid-rojo","name":"Vicera Alpinestars S-M10\/S-M8 Solid (Rojo)","manufacturer_name":"Alpinestars","category_name":"Productos","link":"https:\/\/ubikemotos.cl\/productos\/5046-vicera-alpinestars-s-m10-s-m8-solid-rojo","rate":0,"tax_name":"","cover":{"cover":1,"id_image":15098,"legend":"Vicera Alpinestars S-M10\/S-M8 Solid (Rojo)","position":1,"bySize":{"small_default":{"url":"https:\/\/ubikemotos.cl\/15098-small_default\/vicera-alpinestars-s-m10-s-m8-solid-rojo.jpg","width":98,"height":98,"sources":{"jpg":"https:\/\/ubikemotos.cl\/15098-small_default\/vicera-alpinestars-s-m10-s-m8-solid-rojo.jpg"}},"cart_default":{"url":"https:\/\/ubikemotos.cl\/15098-cart_default\/vicera-alpinestars-s-m10-s-m8-solid-rojo.jpg","width":125,"height":125,"sources":{"jpg":"https:\/\/ubikemotos.cl\/15098-cart_default\/vicera-alpinestars-s-m10-s-m8-solid-rojo.jpg"}},"home_default":{"url":"https:\/\/ubikemotos.cl\/15098-home_default\/vicera-alpinestars-s-m10-s-m8-solid-rojo.jpg","width":250,"height":250,"sources":{"jpg":"https:\/\/ubikemotos.cl\/15098-home_default\/vicera-alpinestars-s-m10-s-m8-solid-rojo.jpg"}},"medium_default":{"url":"https:\/\/ubikemotos.cl\/15098-medium_default\/vicera-alpinestars-s-m10-s-m8-solid-rojo.jpg","width":452,"height":452,"sources":{"jpg":"https:\/\/ubikemotos.cl\/15098-medium_default\/vicera-alpinestars-s-m10-s-m8-solid-rojo.jpg"}},"large_default":{"url":"https:\/\/ubikemotos.cl\/15098-large_default\/vicera-alpinestars-s-m10-s-m8-solid-rojo.jpg","width":800,"height":800,"sources":{"jpg":"https:\/\/ubikemotos.cl\/15098-large_default\/vicera-alpinestars-s-m10-s-m8-solid-rojo.jpg"}}},"small":{"url":"https:\/\/ubikemotos.cl\/15098-small_default\/vicera-alpinestars-s-m10-s-m8-solid-rojo.jpg","width":98,"height":98,"sources":{"jpg":"https:\/\/ubikemotos.cl\/15098-small_default\/vicera-alpinestars-s-m10-s-m8-solid-rojo.jpg"}},"medium":{"url":"https:\/\/ubikemotos.cl\/15098-home_default\/vicera-alpinestars-s-m10-s-m8-solid-rojo.jpg","width":250,"height":250,"sources":{"jpg":"https:\/\/ubikemotos.cl\/15098-home_default\/vicera-alpinestars-s-m10-s-m8-solid-rojo.jpg"}},"large":{"url":"https:\/\/ubikemotos.cl\/15098-large_default\/vicera-alpinestars-s-m10-s-m8-solid-rojo.jpg","width":800,"height":800,"sources":{"jpg":"https:\/\/ubikemotos.cl\/15098-large_default\/vicera-alpinestars-s-m10-s-m8-solid-rojo.jpg"}},"associatedVariants":[8331]},"has_discount":false,"discount_type":null,"discount_percentage":null,"discount_percentage_absolute":null,"discount_amount":null,"price_amount":79900,"regular_price_amount":79900,"regular_price":"$79.900","discount_to_display":null},{"add_to_cart_url":"https:\/\/ubikemotos.cl\/carrito?add=1&id_product=5047&id_product_attribute=8330","url":"https:\/\/ubikemotos.cl\/productos\/5047-8330-vicera-alpinestars-s-m10-s-m8-solid-naranjo#\/75-color-naranjo\/158-talla-talla_unica","canonical_url":"https:\/\/ubikemotos.cl\/productos\/5047-vicera-alpinestars-s-m10-s-m8-solid-naranjo","labels":{"tax_short":"(impuestos excl.)","tax_long":"Impuestos excluidos"},"main_variants":[{"id_product_attribute":8330,"texture":"","id_product":5047,"name":"Naranjo","id_attribute":75,"add_to_cart_url":"https:\/\/ubikemotos.cl\/carrito?add=1&id_product=5047&id_product_attribute=8330","url":"https:\/\/ubikemotos.cl\/productos\/5047-8330-vicera-alpinestars-s-m10-s-m8-solid-naranjo#\/75-color-naranjo\/158-talla-talla_unica","type":"color","html_color_code":"#FFA500"}],"id_product":5047,"price":"$79.900","unit_price":"$0","reference":"8981219-4000","active":1,"description_short":"<p>Vicera Alpinestars S-M10\/S-M8 Solid (Naranjo)<\/p>","link_rewrite":"vicera-alpinestars-s-m10-s-m8-solid-naranjo","name":"Vicera Alpinestars S-M10\/S-M8 Solid (Naranjo)","manufacturer_name":"Alpinestars","category_name":"Productos","link":"https:\/\/ubikemotos.cl\/productos\/5047-vicera-alpinestars-s-m10-s-m8-solid-naranjo","rate":0,"tax_name":"","cover":{"cover":1,"id_image":15097,"legend":"Vicera Alpinestars S-M10\/S-M8 Solid (Naranjo)","position":1,"bySize":{"small_default":{"url":"https:\/\/ubikemotos.cl\/15097-small_default\/vicera-alpinestars-s-m10-s-m8-solid-naranjo.jpg","width":98,"height":98,"sources":{"jpg":"https:\/\/ubikemotos.cl\/15097-small_default\/vicera-alpinestars-s-m10-s-m8-solid-naranjo.jpg"}},"cart_default":{"url":"https:\/\/ubikemotos.cl\/15097-cart_default\/vicera-alpinestars-s-m10-s-m8-solid-naranjo.jpg","width":125,"height":125,"sources":{"jpg":"https:\/\/ubikemotos.cl\/15097-cart_default\/vicera-alpinestars-s-m10-s-m8-solid-naranjo.jpg"}},"home_default":{"url":"https:\/\/ubikemotos.cl\/15097-home_default\/vicera-alpinestars-s-m10-s-m8-solid-naranjo.jpg","width":250,"height":250,"sources":{"jpg":"https:\/\/ubikemotos.cl\/15097-home_default\/vicera-alpinestars-s-m10-s-m8-solid-naranjo.jpg"}},"medium_default":{"url":"https:\/\/ubikemotos.cl\/15097-medium_default\/vicera-alpinestars-s-m10-s-m8-solid-naranjo.jpg","width":452,"height":452,"sources":{"jpg":"https:\/\/ubikemotos.cl\/15097-medium_default\/vicera-alpinestars-s-m10-s-m8-solid-naranjo.jpg"}},"large_default":{"url":"https:\/\/ubikemotos.cl\/15097-large_default\/vicera-alpinestars-s-m10-s-m8-solid-naranjo.jpg","width":800,"height":800,"sources":{"jpg":"https:\/\/ubikemotos.cl\/15097-large_default\/vicera-alpinestars-s-m10-s-m8-solid-naranjo.jpg"}}},"small":{"url":"https:\/\/ubikemotos.cl\/15097-small_default\/vicera-alpinestars-s-m10-s-m8-solid-naranjo.jpg","width":98,"height":98,"sources":{"jpg":"https:\/\/ubikemotos.cl\/15097-small_default\/vicera-alpinestars-s-m10-s-m8-solid-naranjo.jpg"}},"medium":{"url":"https:\/\/ubikemotos.cl\/15097-home_default\/vicera-alpinestars-s-m10-s-m8-solid-naranjo.jpg","width":250,"height":250,"sources":{"jpg":"https:\/\/ubikemotos.cl\/15097-home_default\/vicera-alpinestars-s-m10-s-m8-solid-naranjo.jpg"}},"large":{"url":"https:\/\/ubikemotos.cl\/15097-large_default\/vicera-alpinestars-s-m10-s-m8-solid-naranjo.jpg","width":800,"height":800,"sources":{"jpg":"https:\/\/ubikemotos.cl\/15097-large_default\/vicera-alpinestars-s-m10-s-m8-solid-naranjo.jpg"}},"associatedVariants":[8330]},"has_discount":false,"discount_type":null,"discount_percentage":null,"discount_percentage_absolute":null,"discount_amount":null,"price_amount":79900,"regular_price_amount":79900,"regular_price":"$79.900","discount_to_display":null},{"add_to_cart_url":"https:\/\/ubikemotos.cl\/carrito?add=1&id_product=5048&id_product_attribute=8329","url":"https:\/\/ubikemotos.cl\/productos\/5048-8329-vicera-alpinestars-s-m8-deus-ex-machina#\/13-color-negro_blanco_rojo\/158-talla-talla_unica","canonical_url":"https:\/\/ubikemotos.cl\/productos\/5048-vicera-alpinestars-s-m8-deus-ex-machina","labels":{"tax_short":"(impuestos excl.)","tax_long":"Impuestos excluidos"},"main_variants":[{"id_product_attribute":8329,"texture":"\/img\/co\/13.jpg","id_product":5048,"name":"Negro, Blanco, Rojo","id_attribute":13,"add_to_cart_url":"https:\/\/ubikemotos.cl\/carrito?add=1&id_product=5048&id_product_attribute=8329","url":"https:\/\/ubikemotos.cl\/productos\/5048-8329-vicera-alpinestars-s-m8-deus-ex-machina#\/13-color-negro_blanco_rojo\/158-talla-talla_unica","type":"color","html_color_code":""}],"id_product":5048,"price":"$79.900","unit_price":"$0","reference":"8982020-2180","active":1,"description_short":"<p>Vicera Alpinestars S-M8 Deus Ex Machina<\/p>","link_rewrite":"vicera-alpinestars-s-m8-deus-ex-machina","name":"Vicera Alpinestars S-M8 Deus Ex Machina","manufacturer_name":"Alpinestars","category_name":"Productos","link":"https:\/\/ubikemotos.cl\/productos\/5048-vicera-alpinestars-s-m8-deus-ex-machina","rate":0,"tax_name":"","cover":{"cover":1,"id_image":15096,"legend":"Vicera Alpinestars S-M8 Deus Ex Machina","position":1,"bySize":{"small_default":{"url":"https:\/\/ubikemotos.cl\/15096-small_default\/vicera-alpinestars-s-m8-deus-ex-machina.jpg","width":98,"height":98,"sources":{"jpg":"https:\/\/ubikemotos.cl\/15096-small_default\/vicera-alpinestars-s-m8-deus-ex-machina.jpg"}},"cart_default":{"url":"https:\/\/ubikemotos.cl\/15096-cart_default\/vicera-alpinestars-s-m8-deus-ex-machina.jpg","width":125,"height":125,"sources":{"jpg":"https:\/\/ubikemotos.cl\/15096-cart_default\/vicera-alpinestars-s-m8-deus-ex-machina.jpg"}},"home_default":{"url":"https:\/\/ubikemotos.cl\/15096-home_default\/vicera-alpinestars-s-m8-deus-ex-machina.jpg","width":250,"height":250,"sources":{"jpg":"https:\/\/ubikemotos.cl\/15096-home_default\/vicera-alpinestars-s-m8-deus-ex-machina.jpg"}},"medium_default":{"url":"https:\/\/ubikemotos.cl\/15096-medium_default\/vicera-alpinestars-s-m8-deus-ex-machina.jpg","width":452,"height":452,"sources":{"jpg":"https:\/\/ubikemotos.cl\/15096-medium_default\/vicera-alpinestars-s-m8-deus-ex-machina.jpg"}},"large_default":{"url":"https:\/\/ubikemotos.cl\/15096-large_default\/vicera-alpinestars-s-m8-deus-ex-machina.jpg","width":800,"height":800,"sources":{"jpg":"https:\/\/ubikemotos.cl\/15096-large_default\/vicera-alpinestars-s-m8-deus-ex-machina.jpg"}}},"small":{"url":"https:\/\/ubikemotos.cl\/15096-small_default\/vicera-alpinestars-s-m8-deus-ex-machina.jpg","width":98,"height":98,"sources":{"jpg":"https:\/\/ubikemotos.cl\/15096-small_default\/vicera-alpinestars-s-m8-deus-ex-machina.jpg"}},"medium":{"url":"https:\/\/ubikemotos.cl\/15096-home_default\/vicera-alpinestars-s-m8-deus-ex-machina.jpg","width":250,"height":250,"sources":{"jpg":"https:\/\/ubikemotos.cl\/15096-home_default\/vicera-alpinestars-s-m8-deus-ex-machina.jpg"}},"large":{"url":"https:\/\/ubikemotos.cl\/15096-large_default\/vicera-alpinestars-s-m8-deus-ex-machina.jpg","width":800,"height":800,"sources":{"jpg":"https:\/\/ubikemotos.cl\/15096-large_default\/vicera-alpinestars-s-m8-deus-ex-machina.jpg"}},"associatedVariants":[8329]},"has_discount":false,"discount_type":null,"discount_percentage":null,"discount_percentage_absolute":null,"discount_amount":null,"price_amount":79900,"regular_price_amount":79900,"regular_price":"$79.900","discount_to_display":null}],"sort_orders":[{"entity":"product","field":"date_add","direction":"desc","label":"M\u00e1s nuevos","urlParameter":"product.date_add.desc","current":true,"url":"https:\/\/ubikemotos.cl\/39-accesorios-piloto-offroad?order=product.date_add.desc"},{"entity":"product","field":"random","direction":"desc","label":"Aleatorio","urlParameter":"product.random.desc","current":false,"url":"https:\/\/ubikemotos.cl\/39-accesorios-piloto-offroad?order=product.random.desc"},{"entity":"product","field":"position","direction":"asc","label":"Relevancia","urlParameter":"product.position.asc","current":false,"url":"https:\/\/ubikemotos.cl\/39-accesorios-piloto-offroad?order=product.position.asc"},{"entity":"product","field":"name","direction":"asc","label":"Nombre, A a Z","urlParameter":"product.name.asc","current":false,"url":"https:\/\/ubikemotos.cl\/39-accesorios-piloto-offroad?order=product.name.asc"},{"entity":"product","field":"name","direction":"desc","label":"Nombre, Z a A","urlParameter":"product.name.desc","current":false,"url":"https:\/\/ubikemotos.cl\/39-accesorios-piloto-offroad?order=product.name.desc"},{"entity":"product","field":"price","direction":"asc","label":"Menor Precio","urlParameter":"product.price.asc","current":false,"url":"https:\/\/ubikemotos.cl\/39-accesorios-piloto-offroad?order=product.price.asc"},{"entity":"product","field":"price","direction":"desc","label":"Mayor Precio","urlParameter":"product.price.desc","current":false,"url":"https:\/\/ubikemotos.cl\/39-accesorios-piloto-offroad?order=product.price.desc"},{"entity":"product","field":"quantity","direction":"desc","label":"Con disponibilidad","urlParameter":"product.quantity.desc","current":false,"url":"https:\/\/ubikemotos.cl\/39-accesorios-piloto-offroad?order=product.quantity.desc"},{"entity":"product","field":"sales","direction":"desc","label":"M\u00e1s vendidos","urlParameter":"product.sales.desc","current":false,"url":"https:\/\/ubikemotos.cl\/39-accesorios-piloto-offroad?order=product.sales.desc"},{"entity":"product","field":"sales","direction":"asc","label":"Lowest sales","urlParameter":"product.sales.asc","current":false,"url":"https:\/\/ubikemotos.cl\/39-accesorios-piloto-offroad?order=product.sales.asc"}],"sort_selected":"M\u00e1s nuevos","pagination":{"total_items":33,"items_shown_from":1,"items_shown_to":24,"current_page":1,"pages_count":2,"pages":{"1":{"type":"page","page":1,"clickable":false,"current":true,"url":"https:\/\/ubikemotos.cl\/39-accesorios-piloto-offroad"},"2":{"type":"page","page":2,"clickable":true,"current":false,"url":"https:\/\/ubikemotos.cl\/39-accesorios-piloto-offroad?page=2"},"3":{"type":"next","page":2,"clickable":true,"current":false,"url":"https:\/\/ubikemotos.cl\/39-accesorios-piloto-offroad?page=2"}},"should_be_displayed":true},"rendered_facets":"","rendered_active_filters":"","js_enabled":true,"current_url":"https:\/\/ubikemotos.cl\/39-accesorios-piloto-offroad","rendered_products_header":"<div id=\"js-product-list-header\">\n            <div class=\"block-category card card-block\">\n            <h1 class=\"h1\">Accesorios<\/h1>\n            <div class=\"block-category-inner\">\n                                            <\/div>\n        <\/div>\n    <\/div>\n","rendered_products_footer":"<div id=\"js-product-list-footer\">\n    <\/div>\n"}